{"id":2637,"date":"2023-02-10T13:06:22","date_gmt":"2023-02-10T18:06:22","guid":{"rendered":"https:\/\/impulsoverde.org\/news\/"},"modified":"2023-02-20T08:53:14","modified_gmt":"2023-02-20T13:53:14","slug":"news","status":"publish","type":"page","link":"https:\/\/impulsoverde.org\/en\/news\/","title":{"rendered":"News"},"content":{"rendered":"<div class=\"wpb-content-wrapper\"><p>[vc_row bg_type=&#8221;bg_color&#8221; bg_override=&#8221;ex-full&#8221; bg_color_value=&#8221;#056e04&#8243; el_class=&#8221;lien-piste&#8221;][vc_column]<style type=\"text\/css\" data-type=\"the7_shortcodes-inline-css\">.dt-breadcrumbs-id-6ca108f121cf2a3b184ecf737aea0f06 .breadcrumbs {\n  display: inline-block;\n  margin: 0;\n  padding: 2px 10px 2px 10px;\n  background: #056e04;\n  border: 0px solid ;\n  border-radius: 0px;\n}\n.dt-breadcrumbs-id-6ca108f121cf2a3b184ecf737aea0f06 .breadcrumbs * {\n  color: #ffffff;\n}\n<\/style><div class=\"dt-breadcrumbs-shortcode dt-breadcrumbs-id-6ca108f121cf2a3b184ecf737aea0f06 align-centre\"><div class=\"assistive-text\">You are here:<\/div><ol class=\"breadcrumbs text-small\" itemscope itemtype=\"https:\/\/schema.org\/BreadcrumbList\"><li itemprop=\"itemListElement\" itemscope itemtype=\"https:\/\/schema.org\/ListItem\"><a itemprop=\"item\" href=\"https:\/\/impulsoverde.org\/en\/\" title=\"Home\"><span itemprop=\"name\">Home<\/span><\/a><meta itemprop=\"position\" content=\"1\" \/><\/li><li class=\"current\" itemprop=\"itemListElement\" itemscope itemtype=\"https:\/\/schema.org\/ListItem\"><span itemprop=\"name\">Page<\/span><meta itemprop=\"position\" content=\"2\" \/><\/li><\/ol><\/div>[\/vc_column][\/vc_row][vc_row el_class=&#8221;top-omble&#8221;][vc_column][vc_single_image image=&#8221;1132&#8243; img_size=&#8221;large&#8221; alignment=&#8221;center&#8221; image_hovers=&#8221;false&#8221;][\/vc_column][\/vc_row][vc_row content_placement=&#8221;top&#8221; el_class=&#8221;noticia&#8221;][vc_column width=&#8221;2\/3&#8243;]<style type=\"text\/css\" data-type=\"the7_shortcodes-inline-css\">.blog-shortcode.blog-list-shortcode-id-d18811880ab5283ec5517f5f228cd2a6.side-overlap-layout-list .post-thumbnail-wrap {\n  width: 70%;\n}\n.blog-shortcode.blog-list-shortcode-id-d18811880ab5283ec5517f5f228cd2a6.side-overlap-layout-list .post-entry-content {\n  width: calc(100% - 70% + 100px);\n  margin-top: 50px;\n}\n.blog-shortcode.blog-list-shortcode-id-d18811880ab5283ec5517f5f228cd2a6.side-overlap-layout-list .no-img .post-entry-content {\n  width: 100%;\n  margin-top: 0;\n}\n.blog-shortcode.blog-list-shortcode-id-d18811880ab5283ec5517f5f228cd2a6.side-overlap-layout-list .project-odd .post-entry-content {\n  margin-left: -100px;\n}\n.rtl .blog-shortcode.blog-list-shortcode-id-d18811880ab5283ec5517f5f228cd2a6.side-overlap-layout-list .project-odd .post-entry-content {\n  margin-right: -100px;\n  margin-left: 0;\n}\n.blog-shortcode.blog-list-shortcode-id-d18811880ab5283ec5517f5f228cd2a6.side-overlap-layout-list .no-img.project-odd .post-entry-content {\n  margin-left: 0;\n}\n.rtl .blog-shortcode.blog-list-shortcode-id-d18811880ab5283ec5517f5f228cd2a6.side-overlap-layout-list .no-img.project-odd .post-entry-content {\n  margin-right: 0;\n  margin-left: 0;\n}\n.blog-shortcode.blog-list-shortcode-id-d18811880ab5283ec5517f5f228cd2a6.side-overlap-layout-list .project-even .post-entry-content {\n  margin-right: -100px;\n}\n.rtl .blog-shortcode.blog-list-shortcode-id-d18811880ab5283ec5517f5f228cd2a6.side-overlap-layout-list .project-even .post-entry-content {\n  margin-left: -100px;\n  margin-right: 0;\n}\n.blog-shortcode.blog-list-shortcode-id-d18811880ab5283ec5517f5f228cd2a6.side-overlap-layout-list .no-img.project-even .post-entry-content {\n  margin-right: 0;\n}\n.rtl .blog-shortcode.blog-list-shortcode-id-d18811880ab5283ec5517f5f228cd2a6.side-overlap-layout-list .no-img.project-even .post-entry-content {\n  margin-left: 0;\n  margin-right: 0;\n}\n@media screen and (max-width: 990px) {\n  #page .blog-shortcode.blog-list-shortcode-id-d18811880ab5283ec5517f5f228cd2a6.side-overlap-layout-list .project-odd .post-entry-content {\n    left: 0;\n  }\n  #page .blog-shortcode.blog-list-shortcode-id-d18811880ab5283ec5517f5f228cd2a6.side-overlap-layout-list .project-even .post-entry-content {\n    right: 0;\n  }\n}\n.blog-shortcode.blog-list-shortcode-id-d18811880ab5283ec5517f5f228cd2a6 .paginator {\n  margin-top: 30px;\n}\n.blog-shortcode.blog-list-shortcode-id-d18811880ab5283ec5517f5f228cd2a6 .filter {\n  margin-bottom: 30px;\n}\n.blog-shortcode.blog-list-shortcode-id-d18811880ab5283ec5517f5f228cd2a6 .filter a,\n.blog-shortcode.blog-list-shortcode-id-d18811880ab5283ec5517f5f228cd2a6 .filter a * {\n  color: #056e04;\n}\n.blog-shortcode.blog-list-shortcode-id-d18811880ab5283ec5517f5f228cd2a6 .paginator a,\n.blog-shortcode.blog-list-shortcode-id-d18811880ab5283ec5517f5f228cd2a6 .paginator a * {\n  color: #056e04;\n}\n.blog-shortcode.blog-list-shortcode-id-d18811880ab5283ec5517f5f228cd2a6 .paginator .button-load-more {\n  border-color: rgba(5,110,4,0.1);\n}\n.blog-shortcode.blog-list-shortcode-id-d18811880ab5283ec5517f5f228cd2a6 .paginator .button-load-more:hover {\n  border-color: rgba(5,110,4,0.21);\n}\n.blog-shortcode.blog-list-shortcode-id-d18811880ab5283ec5517f5f228cd2a6 .filter-bg-decoration .filter-categories a.act {\n  color: #fff;\n}\n.blog-shortcode.blog-list-shortcode-id-d18811880ab5283ec5517f5f228cd2a6:not(.mode-masonry) article {\n  margin-top: 50px;\n}\n.blog-shortcode.blog-list-shortcode-id-d18811880ab5283ec5517f5f228cd2a6:not(.mode-masonry) article:first-of-type,\n.blog-shortcode.blog-list-shortcode-id-d18811880ab5283ec5517f5f228cd2a6:not(.mode-masonry) article.visible.first:not(.product) {\n  margin-top: 0;\n}\n.blog-shortcode.blog-list-shortcode-id-d18811880ab5283ec5517f5f228cd2a6.dividers-on:not(.mode-masonry) article {\n  margin-top: 0;\n  padding-top: 50px;\n}\n.blog-shortcode.blog-list-shortcode-id-d18811880ab5283ec5517f5f228cd2a6.dividers-on:not(.mode-masonry) article:first-of-type,\n.blog-shortcode.blog-list-shortcode-id-d18811880ab5283ec5517f5f228cd2a6.dividers-on:not(.mode-masonry) article.visible.first:not(.product) {\n  margin-top: 0;\n  padding-top: 0;\n}\n.blog-shortcode.blog-list-shortcode-id-d18811880ab5283ec5517f5f228cd2a6 .post-thumbnail-wrap {\n  padding: 0px 0px 0px 0px;\n}\n.blog-shortcode.blog-list-shortcode-id-d18811880ab5283ec5517f5f228cd2a6.enable-bg-rollover .post-thumbnail-rollover:after {\n  background: -webkit-linear-gradient();\n  background: linear-gradient();\n}\n.blog-shortcode.blog-list-shortcode-id-d18811880ab5283ec5517f5f228cd2a6 .gallery-zoom-ico {\n  width: 64px;\n  height: 64px;\n  line-height: 64px;\n  border-radius: 100px;\n  margin: -32px 0 0 -32px;\n  border-width: 0px;\n  color: #ffffff;\n}\n.bottom-overlap-layout-list.blog-shortcode.blog-list-shortcode-id-d18811880ab5283ec5517f5f228cd2a6 .gallery-zoom-ico {\n  margin-top: -57px;\n}\n.gradient-overlay-layout-list.blog-shortcode.blog-list-shortcode-id-d18811880ab5283ec5517f5f228cd2a6 .gallery-zoom-ico,\n.content-rollover-layout-list.blog-shortcode.blog-list-shortcode-id-d18811880ab5283ec5517f5f228cd2a6 .gallery-zoom-ico {\n  margin: 0 0 10px;\n}\n.content-align-center.gradient-overlay-layout-list.blog-shortcode.blog-list-shortcode-id-d18811880ab5283ec5517f5f228cd2a6 .gallery-zoom-ico,\n.content-align-center.content-rollover-layout-list.blog-shortcode.blog-list-shortcode-id-d18811880ab5283ec5517f5f228cd2a6 .gallery-zoom-ico {\n  margin: 0 auto 10px;\n}\n.dt-icon-bg-on.blog-shortcode.blog-list-shortcode-id-d18811880ab5283ec5517f5f228cd2a6 .gallery-zoom-ico {\n  background: rgba(255,255,255,0.3);\n  box-shadow: none;\n}\n.blog-shortcode.blog-list-shortcode-id-d18811880ab5283ec5517f5f228cd2a6 .gallery-zoom-ico > span,\n.blog-shortcode.blog-list-shortcode-id-d18811880ab5283ec5517f5f228cd2a6 .gallery-zoom-ico:before {\n  font-size: 64px;\n  line-height: 64px;\n}\n.blog-shortcode.blog-list-shortcode-id-d18811880ab5283ec5517f5f228cd2a6 .gallery-zoom-ico > span,\n.blog-shortcode.blog-list-shortcode-id-d18811880ab5283ec5517f5f228cd2a6 .gallery-zoom-ico:before {\n  color: #ffffff;\n}\n.blog-shortcode.blog-list-shortcode-id-d18811880ab5283ec5517f5f228cd2a6 .fancy-date a {\n  background: #ffffff;\n  box-shadow: none;\n}\n.blog-shortcode.blog-list-shortcode-id-d18811880ab5283ec5517f5f228cd2a6 .fancy-date a * {\n  color: #056e04;\n}\n.blog-shortcode.blog-list-shortcode-id-d18811880ab5283ec5517f5f228cd2a6 .fancy-date a .entry-month:after,\n.blog-shortcode.blog-list-shortcode-id-d18811880ab5283ec5517f5f228cd2a6 .fancy-date a .entry-date:after {\n  background: #056e04;\n  box-shadow: none;\n}\n.blog-shortcode.blog-list-shortcode-id-d18811880ab5283ec5517f5f228cd2a6 .entry-title,\n.blog-shortcode.blog-list-shortcode-id-d18811880ab5283ec5517f5f228cd2a6.owl-carousel .entry-title {\n  margin-bottom: 12px;\n  font-size: 20px;\n  font-weight: bold;\n}\n.blog-shortcode.blog-list-shortcode-id-d18811880ab5283ec5517f5f228cd2a6 .entry-title a,\n.blog-shortcode.blog-list-shortcode-id-d18811880ab5283ec5517f5f228cd2a6.owl-carousel .entry-title a {\n  color: #056e04;\n}\n.blog-shortcode.blog-list-shortcode-id-d18811880ab5283ec5517f5f228cd2a6 .entry-meta {\n  margin-bottom: 15px;\n}\n.blog-shortcode.blog-list-shortcode-id-d18811880ab5283ec5517f5f228cd2a6 .entry-meta * {\n  font-size: 12px;\n}\n.blog-shortcode.blog-list-shortcode-id-d18811880ab5283ec5517f5f228cd2a6 .portfolio-categories {\n  margin-bottom: 15px;\n}\n.blog-shortcode.blog-list-shortcode-id-d18811880ab5283ec5517f5f228cd2a6 .entry-excerpt {\n  margin-bottom: 10px;\n  font-size: 15px;\n}\n.blog-shortcode.blog-list-shortcode-id-d18811880ab5283ec5517f5f228cd2a6 .entry-excerpt * {\n  color: #8c95a2;\n}\n.blog-shortcode.blog-list-shortcode-id-d18811880ab5283ec5517f5f228cd2a6:not(.centered-layout-list) .post-entry-content {\n  padding: 30px 30px 30px 30px;\n}\n.blog-shortcode.blog-list-shortcode-id-d18811880ab5283ec5517f5f228cd2a6:not(.centered-layout-list):not(.content-bg-on):not(.mode-list) .no-img .post-entry-content {\n  padding: 0;\n}\n.blog-shortcode.blog-list-shortcode-id-d18811880ab5283ec5517f5f228cd2a6.content-bg-on:not(.classic-layout-list):not(.centered-layout-list) .post-entry-content {\n  background: #ffffff;\n  box-shadow: none;\n}\n.blog-shortcode.blog-list-shortcode-id-d18811880ab5283ec5517f5f228cd2a6 .post-details.details-type-link,\n.blog-shortcode.blog-list-shortcode-id-d18811880ab5283ec5517f5f228cd2a6 .post-details.details-type-link * {\n  color: #056e04;\n}\n@media screen and (max-width: 990px) {\n  .blog-shortcode.blog-list-shortcode-id-d18811880ab5283ec5517f5f228cd2a6 article {\n    -ms-flex-flow: column nowrap;\n    flex-flow: column nowrap;\n    margin-top: 20px;\n  }\n  .blog-shortcode.blog-list-shortcode-id-d18811880ab5283ec5517f5f228cd2a6.dividers-on article {\n    border: none;\n  }\n  .blog-shortcode.blog-list-shortcode-id-d18811880ab5283ec5517f5f228cd2a6.content-bg-on.centered-layout-list article {\n    padding: 0;\n  }\n  .blog-shortcode.blog-list-shortcode-id-d18811880ab5283ec5517f5f228cd2a6.blog-shortcode.dividers-on article,\n  .blog-shortcode.blog-list-shortcode-id-d18811880ab5283ec5517f5f228cd2a6.dividers-on.classic-layout-list article {\n    margin-top: 20px;\n    padding: 0;\n  }\n  .blog-shortcode.blog-list-shortcode-id-d18811880ab5283ec5517f5f228cd2a6.blog-shortcode.dividers-on article:first-of-type,\n  .blog-shortcode.blog-list-shortcode-id-d18811880ab5283ec5517f5f228cd2a6.dividers-on.classic-layout-list article:first-of-type {\n    padding: 0;\n  }\n  #page .blog-shortcode.blog-list-shortcode-id-d18811880ab5283ec5517f5f228cd2a6 .post-thumbnail-wrap,\n  #page .blog-shortcode.blog-list-shortcode-id-d18811880ab5283ec5517f5f228cd2a6 .post-entry-content {\n    width: 100%;\n    margin: 0;\n    top: 0;\n  }\n  #page .blog-shortcode.blog-list-shortcode-id-d18811880ab5283ec5517f5f228cd2a6 .post-thumbnail-wrap {\n    padding: 0;\n  }\n  #page .blog-shortcode.blog-list-shortcode-id-d18811880ab5283ec5517f5f228cd2a6 .post-entry-content:after {\n    display: none;\n  }\n  #page .blog-shortcode.blog-list-shortcode-id-d18811880ab5283ec5517f5f228cd2a6 .project-even .post-thumbnail-wrap,\n  #page .blog-shortcode.blog-list-shortcode-id-d18811880ab5283ec5517f5f228cd2a6.centered-layout-list .post-thumbnail-wrap {\n    -ms-flex-order: 0;\n    order: 0;\n  }\n  #page .blog-shortcode.blog-list-shortcode-id-d18811880ab5283ec5517f5f228cd2a6.centered-layout-list .post-entry-title-content {\n    -ms-flex-order: 1;\n    order: 1;\n    width: 100%;\n    padding: 20px 20px 0;\n  }\n  #page .blog-shortcode.blog-list-shortcode-id-d18811880ab5283ec5517f5f228cd2a6.centered-layout-list .post-entry-content {\n    -ms-flex-order: 2;\n    order: 2;\n    padding-top: 0;\n  }\n  #page .blog-shortcode.blog-list-shortcode-id-d18811880ab5283ec5517f5f228cd2a6 .fancy-categories {\n    top: 10px;\n    left: 10px;\n    bottom: auto;\n    right: auto;\n  }\n  #page .blog-shortcode.blog-list-shortcode-id-d18811880ab5283ec5517f5f228cd2a6 .fancy-date a {\n    top: 10px;\n    right: 10px;\n    left: auto;\n    bottom: auto;\n  }\n  #page .blog-shortcode.blog-list-shortcode-id-d18811880ab5283ec5517f5f228cd2a6 .post-entry-content {\n    padding: 20px;\n  }\n  #page .blog-shortcode.blog-list-shortcode-id-d18811880ab5283ec5517f5f228cd2a6 .entry-title {\n    margin: 3px 0 5px;\n    font-size: 20px;\n    line-height: 26px;\n  }\n  #page .blog-shortcode.blog-list-shortcode-id-d18811880ab5283ec5517f5f228cd2a6 .entry-meta {\n    margin: 5px 0 5px;\n  }\n  #page .blog-shortcode.blog-list-shortcode-id-d18811880ab5283ec5517f5f228cd2a6 .entry-excerpt {\n    margin: 15px 0 0;\n  }\n  #page .blog-shortcode.blog-list-shortcode-id-d18811880ab5283ec5517f5f228cd2a6 .post-details {\n    margin: 5px 0 10px;\n  }\n  #page .blog-shortcode.blog-list-shortcode-id-d18811880ab5283ec5517f5f228cd2a6 .post-details.details-type-link {\n    margin-bottom: 2px;\n  }\n}\n<\/style><div class=\"articles-list blog-shortcode mode-list blog-list-shortcode-id-d18811880ab5283ec5517f5f228cd2a6 side-overlap-layout-list content-bg-on jquery-filter scale-img dt-icon-bg-off horizontal-fancy-style loading-effect-fade-in\" data-cur-page=\"1\" data-post-limit=\"6\" data-pagination-mode=\"load-more\" aria-live=\"assertive\"><div class=\"filter\"><div class=\"filter-categories\" data-default-order=\"desc\" data-default-orderby=\"date\"><a href=\"https:\/\/impulsoverde.org\/en\/news\/?orderby=date&#038;order=desc\" class=\"show-all act\" data-filter=\"*\" aria-label=\"Apply filter: View all\">View all<\/a><a href=\"https:\/\/impulsoverde.org\/en\/news\/?term=57&#038;orderby=date&#038;order=desc\" class=\"news\" data-filter=\".category-57\" aria-label=\"Apply filter: News\">News<\/a><a href=\"https:\/\/impulsoverde.org\/en\/news\/?term=58&#038;orderby=date&#038;order=desc\" class=\"news-en\" data-filter=\".category-58\" aria-label=\"Apply filter: News\">News<\/a><a href=\"https:\/\/impulsoverde.org\/en\/news\/?term=59&#038;orderby=date&#038;order=desc\" class=\"resources\" data-filter=\".category-59\" aria-label=\"Apply filter: Resources\">Resources<\/a><\/div><div class=\"filter-extras\"><div class=\"filter-by\"><a href=\"https:\/\/impulsoverde.org\/en\/news\/?orderby=date&#038;order=desc\" class=\"sort-by-date act\" data-by=\"date\"><svg version=\"1.1\" xmlns=\"http:\/\/www.w3.org\/2000\/svg\" xmlns:xlink=\"http:\/\/www.w3.org\/1999\/xlink\" x=\"0px\" y=\"0px\" viewBox=\"0 0 16 16\" style=\"enable-background:new 0 0 16 16;\" xml:space=\"preserve\"><path d=\"M11,6.5C11,6.2,11.2,6,11.5,6h1C12.8,6,13,6.2,13,6.5v1C13,7.8,12.8,8,12.5,8h-1C11.2,8,11,7.8,11,7.5V6.5z M8,6.5C8,6.2,8.2,6,8.5,6h1C9.8,6,10,6.2,10,6.5v1C10,7.8,9.8,8,9.5,8h-1C8.2,8,8,7.8,8,7.5V6.5z M3,9.5C3,9.2,3.2,9,3.5,9h1C4.8,9,5,9.2,5,9.5v1C5,10.8,4.8,11,4.5,11h-1C3.2,11,3,10.8,3,10.5V9.5z M6,9.5C6,9.2,6.2,9,6.5,9h1C7.8,9,8,9.2,8,9.5v1C8,10.8,7.8,11,7.5,11h-1C6.2,11,6,10.8,6,10.5V9.5z\"\/><path d=\"M3.5,0C3.8,0,4,0.2,4,0.5V1h8V0.5C12,0.2,12.2,0,12.5,0S13,0.2,13,0.5V1h1c1.1,0,2,0.9,2,2v11c0,1.1-0.9,2-2,2H2c-1.1,0-2-0.9-2-2V3c0-1.1,0.9-2,2-2h1V0.5C3,0.2,3.2,0,3.5,0z M1,4v10c0,0.6,0.4,1,1,1h12c0.6,0,1-0.4,1-1V4H1z\"\/><\/svg><span class=\"filter-popup\">Sort by date<\/span><\/a><span class=\"filter-switch\"><\/span><a href=\"https:\/\/impulsoverde.org\/en\/news\/?orderby=name&#038;order=desc\" class=\"sort-by-name\" data-by=\"name\"><svg version=\"1.1\" xmlns=\"http:\/\/www.w3.org\/2000\/svg\" xmlns:xlink=\"http:\/\/www.w3.org\/1999\/xlink\" x=\"0px\" y=\"0px\" viewBox=\"0 0 16 16\" style=\"enable-background:new 0 0 16 16;\" xml:space=\"preserve\"><path d=\"M2.2,13.1l0.9-2.8h3.5l0.9,2.8h1.3L5.5,3.8H4.3L1,13.1H2.2z M4.9,5.2l1.4,4.2H3.5L4.9,5.2C4.9,5.2,4.9,5.2,4.9,5.2z\"\/><g><path d=\"M10,12.4l2.8-3.6c0.3-0.3,0.5-0.6,0.8-1v0h-3.3V6.9h4.7l0,0.7l-2.7,3.6c-0.3,0.3-0.5,0.6-0.8,1v0H15v0.9h-5V12.4z\"\/><\/g><\/svg><span class=\"filter-popup\">Sort by name<\/span><\/a><\/div><div class=\"filter-sorting\"><a href=\"https:\/\/impulsoverde.org\/en\/news\/?orderby=date&#038;order=desc\" class=\"sort-by-desc act\" data-sort=\"desc\"><svg version=\"1.1\" xmlns=\"http:\/\/www.w3.org\/2000\/svg\" xmlns:xlink=\"http:\/\/www.w3.org\/1999\/xlink\" x=\"0px\" y=\"0px\"viewBox=\"0 0 16 16\" style=\"enable-background:new 0 0 16 16;\" xml:space=\"preserve\"><path d=\"M3.5,2.5C3.5,2.2,3.3,2,3,2S2.5,2.2,2.5,2.5v8.8l-1.1-1.1c-0.2-0.2-0.5-0.2-0.7,0s-0.2,0.5,0,0.7l0,0l2,2l0,0c0.2,0.2,0.5,0.2,0.7,0l2-2c0.2-0.2,0.2-0.5,0-0.7c-0.2-0.2-0.5-0.2-0.7,0l-1.1,1.1V2.5z M7,3.5C7,3.2,7.2,3,7.5,3h7C14.8,3,15,3.2,15,3.5S14.8,4,14.5,4h-7C7.2,4,7,3.8,7,3.5z M7.5,6C7.2,6,7,6.2,7,6.5S7.2,7,7.5,7h5C12.8,7,13,6.8,13,6.5S12.8,6,12.5,6H7.5z M7.5,9C7.2,9,7,9.2,7,9.5S7.2,10,7.5,10h3c0.3,0,0.5-0.2,0.5-0.5S10.8,9,10.5,9H7.5z M7.5,12C7.2,12,7,12.2,7,12.5S7.2,13,7.5,13h1C8.8,13,9,12.8,9,12.5S8.8,12,8.5,12H7.5z\"\/><\/svg><span class=\"filter-popup\">Descending<\/span><\/a><span class=\"filter-switch\"><\/span><a href=\"https:\/\/impulsoverde.org\/en\/news\/?orderby=date&#038;order=asc\" class=\"sort-by-asc\" data-sort=\"asc\"><svg version=\"1.1\" xmlns=\"http:\/\/www.w3.org\/2000\/svg\" xmlns:xlink=\"http:\/\/www.w3.org\/1999\/xlink\" x=\"0px\" y=\"0px\" viewBox=\"0 0 16 16\" style=\"enable-background:new 0 0 16 16;\" xml:space=\"preserve\"><path d=\"M3.5,12.5C3.5,12.8,3.3,13,3,13s-0.5-0.2-0.5-0.5V3.7L1.4,4.9C1.2,5,0.8,5,0.6,4.9s-0.2-0.5,0-0.7l2-2l0,0C2.8,2,3.2,2,3.4,2.1l2,2c0.2,0.2,0.2,0.5,0,0.7S4.8,5,4.6,4.9L3.5,3.7V12.5z M7,3.5C7,3.2,7.2,3,7.5,3h7C14.8,3,15,3.2,15,3.5S14.8,4,14.5,4h-7C7.2,4,7,3.8,7,3.5z M7.5,6C7.2,6,7,6.2,7,6.5S7.2,7,7.5,7h5C12.8,7,13,6.8,13,6.5S12.8,6,12.5,6H7.5z M7.5,9C7.2,9,7,9.2,7,9.5S7.2,10,7.5,10h3c0.3,0,0.5-0.2,0.5-0.5S10.8,9,10.5,9H7.5z M7.5,12C7.2,12,7,12.2,7,12.5S7.2,13,7.5,13h1C8.8,13,9,12.8,9,12.5S8.8,12,8.5,12H7.5z\"\/><\/svg><span class=\"filter-popup\">Ascending<\/span><\/a><\/div><\/div><\/div><article class=\"post project-odd visible post-6737 type-post status-publish format-standard has-post-thumbnail hentry category-news-en category-news category-58 category-57 description-off\" data-name=\"Plant nurseries of the Impulso Verde Network obtain ICA registration and mark a milestone for ecological restoration in Colombia\" data-date=\"2026-01-16T15:11:11-05:00\">\n\n<div class=\"post-thumbnail-wrap\">\n\t<div class=\"post-thumbnail\">\n\n\t\t\n\t\t\n\t\t<a href=\"https:\/\/impulsoverde.org\/en\/plant-nurseries-of-the-impulso-verde-network-obtain-ica-registration-and-mark-a-milestone-for-ecological-restoration-in-colombia\/\" class=\"post-thumbnail-rollover layzr-bg layzr-bg\" ><img fetchpriority=\"high\" decoding=\"async\" class=\"blog-thumb-lazy-load preload-me lazy-load aspect\" src=\"data:image\/svg+xml,%3Csvg%20xmlns%3D&#39;http%3A%2F%2Fwww.w3.org%2F2000%2Fsvg&#39;%20viewBox%3D&#39;0%200%20990%20660&#39;%2F%3E\" data-src=\"https:\/\/impulsoverde.org\/wp-content\/uploads\/2026\/01\/Formato-fotos-para-Boletines-16-990x660.png\" data-srcset=\"https:\/\/impulsoverde.org\/wp-content\/uploads\/2026\/01\/Formato-fotos-para-Boletines-16-990x660.png 990w, https:\/\/impulsoverde.org\/wp-content\/uploads\/2026\/01\/Formato-fotos-para-Boletines-16-1312x875.png 1312w\" loading=\"eager\" style=\"--ratio: 990 \/ 660\" sizes=\"(max-width: 990px) 100vw, 990px\" alt=\"\" title=\"Formato fotos para Boletines (16)\" width=\"990\" height=\"660\"  \/><span class=\"gallery-zoom-ico icomoon-the7-font-the7-plus-12\"><span><\/span><\/span><\/a>\n\t<\/div>\n<\/div>\n\n\n<div class=\"post-entry-content\">\n\n\t<h3 class=\"entry-title\">\n\t\t<a href=\"https:\/\/impulsoverde.org\/en\/plant-nurseries-of-the-impulso-verde-network-obtain-ica-registration-and-mark-a-milestone-for-ecological-restoration-in-colombia\/\" title=\"Plant nurseries of the Impulso Verde Network obtain ICA registration and mark a milestone for ecological restoration in Colombia\" rel=\"bookmark\">Plant nurseries of the Impulso Verde Network obtain ICA registration and mark a milestone for ecological restoration in Colombia<\/a>\n\t<\/h3>\n\n\t<div class=\"entry-meta\"><span class=\"category-link\"><a href=\"https:\/\/impulsoverde.org\/en\/category\/news-en\/\" >News<\/a>, <a href=\"https:\/\/impulsoverde.org\/en\/category\/news\/\" >News<\/a><\/span><\/div>\n\t<div class=\"entry-excerpt\"><p>[vc_row gap=&#8221;35&#8243; bg_type=&#8221;bg_color&#8221; bg_override=&#8221;ex-full&#8221; bg_color_value=&#8221;#056e04&#8243;][vc_column][vc_empty_space height=&#8221;15px&#8221;][\/vc_column][\/vc_row][vc_row el_class=&#8221;top-omble&#8221;][vc_column][vc_single_image image=&#8221;1132&#8243; img_size=&#8221;large&#8221; alignment=&#8221;center&#8221; image_hovers=&#8221;false&#8221;][\/vc_column][\/vc_row][vc_row gap=&#8221;3&#8243; css=&#8221;.vc_custom_1676489840177{margin-bottom: 30px !important;}&#8221;][vc_column][vc_column_text css=&#8221;&#8221;] Plant nurseries of the Impulso Verde Network obtain ICA registration and mark a milestone for ecological restoration in Colombia [\/vc_column_text][vc_empty_space height=&#8221;5px&#8221;][\/vc_column][\/vc_row][vc_row][vc_column][vc_row_inner][vc_column_inner][vc_empty_space height=&#8221;30px&#8221;][vc_single_image image=&#8221;6743&#8243; img_size=&#8221;800&#215;500&#8243; alignment=&#8221;center&#8221; css=&#8221;&#8221;][vc_column_text css=&#8221;&#8221;] \u00a9Photo 1:&hellip;<\/p>\n<\/div>\n\t\n<a href=\"https:\/\/impulsoverde.org\/en\/plant-nurseries-of-the-impulso-verde-network-obtain-ica-registration-and-mark-a-milestone-for-ecological-restoration-in-colombia\/\" class=\"post-details details-type-link\" aria-label=\"Read more about Plant nurseries of the Impulso Verde Network obtain ICA registration and mark a milestone for ecological restoration in Colombia\">More information<i class=\"dt-icon-the7-arrow-03\" aria-hidden=\"true\"><\/i><\/a>\n\n<\/div><\/article><article class=\"post project-even visible post-6669 type-post status-publish format-standard has-post-thumbnail hentry category-news-en category-news category-58 category-57 description-off\" data-name=\"BioExpo 2025 Came Alive with the Soundscapes: Music of the Plants Experience\" data-date=\"2025-12-12T14:27:56-05:00\">\n\n<div class=\"post-thumbnail-wrap\">\n\t<div class=\"post-thumbnail\">\n\n\t\t\n\t\t\n\t\t<a href=\"https:\/\/impulsoverde.org\/en\/bioexpo-2025-vibro-con-la-experiencia-paisajes-sonoros-la-musica-de-las-plantas__trashed\/\" class=\"post-thumbnail-rollover layzr-bg layzr-bg\" ><img decoding=\"async\" class=\"blog-thumb-lazy-load preload-me lazy-load aspect\" src=\"data:image\/svg+xml,%3Csvg%20xmlns%3D&#39;http%3A%2F%2Fwww.w3.org%2F2000%2Fsvg&#39;%20viewBox%3D&#39;0%200%20990%20660&#39;%2F%3E\" data-src=\"https:\/\/impulsoverde.org\/wp-content\/uploads\/2025\/12\/WhatsApp-Image-2025-12-06-at-6.31.40-AM-990x660.jpeg\" data-srcset=\"https:\/\/impulsoverde.org\/wp-content\/uploads\/2025\/12\/WhatsApp-Image-2025-12-06-at-6.31.40-AM-990x660.jpeg 990w, https:\/\/impulsoverde.org\/wp-content\/uploads\/2025\/12\/WhatsApp-Image-2025-12-06-at-6.31.40-AM-1280x853.jpeg 1280w\" loading=\"eager\" style=\"--ratio: 990 \/ 660\" sizes=\"(max-width: 990px) 100vw, 990px\" alt=\"\" title=\"WhatsApp Image 2025-12-06 at 6.31.40 AM\" width=\"990\" height=\"660\"  \/><span class=\"gallery-zoom-ico icomoon-the7-font-the7-plus-12\"><span><\/span><\/span><\/a>\n\t<\/div>\n<\/div>\n\n\n<div class=\"post-entry-content\">\n\n\t<h3 class=\"entry-title\">\n\t\t<a href=\"https:\/\/impulsoverde.org\/en\/bioexpo-2025-vibro-con-la-experiencia-paisajes-sonoros-la-musica-de-las-plantas__trashed\/\" title=\"BioExpo 2025 Came Alive with the Soundscapes: Music of the Plants Experience\" rel=\"bookmark\">BioExpo 2025 Came Alive with the Soundscapes: Music of the Plants Experience<\/a>\n\t<\/h3>\n\n\t<div class=\"entry-meta\"><span class=\"category-link\"><a href=\"https:\/\/impulsoverde.org\/en\/category\/news-en\/\" >News<\/a>, <a href=\"https:\/\/impulsoverde.org\/en\/category\/news\/\" >News<\/a><\/span><\/div>\n\t<div class=\"entry-excerpt\"><p>[vc_row gap=&#8221;35&#8243; bg_type=&#8221;bg_color&#8221; bg_override=&#8221;ex-full&#8221; bg_color_value=&#8221;#056e04&#8243;][vc_column][vc_empty_space height=&#8221;15px&#8221;][\/vc_column][\/vc_row][vc_row el_class=&#8221;top-omble&#8221;][vc_column][vc_single_image image=&#8221;1132&#8243; img_size=&#8221;large&#8221; alignment=&#8221;center&#8221; image_hovers=&#8221;false&#8221;][\/vc_column][\/vc_row][vc_row gap=&#8221;3&#8243; css=&#8221;.vc_custom_1676489840177{margin-bottom: 30px !important;}&#8221;][vc_column][vc_column_text css=&#8221;&#8221;] BioExpo 2025 Came Alive with the\u00a0Soundscapes: Music of the Plants Experience [\/vc_column_text][\/vc_column][\/vc_row][vc_row][vc_column][vc_row_inner][vc_column_inner][vc_empty_space height=&#8221;30px&#8221;][vc_single_image image=&#8221;6695&#8243; img_size=&#8221;800&#215;500&#8243; alignment=&#8221;center&#8221; css=&#8221;&#8221;][vc_column_text css=&#8221;&#8221;] \u00a9Soundscapes: Music of the Plants \u2013 Casona Museo Taminango, Impulso Verde&hellip;<\/p>\n<\/div>\n\t\n<a href=\"https:\/\/impulsoverde.org\/en\/bioexpo-2025-vibro-con-la-experiencia-paisajes-sonoros-la-musica-de-las-plantas__trashed\/\" class=\"post-details details-type-link\" aria-label=\"Read more about BioExpo 2025 Came Alive with the Soundscapes: Music of the Plants Experience\">More information<i class=\"dt-icon-the7-arrow-03\" aria-hidden=\"true\"><\/i><\/a>\n\n<\/div><\/article><article class=\"post project-odd visible post-6596 type-post status-publish format-standard has-post-thumbnail hentry category-news-en category-news category-58 category-57 description-off\" data-name=\"How Indigenous Communities in Nari\u00f1o Are Creating Sustainable Economic Alternatives?\" data-date=\"2025-12-02T15:23:15-05:00\">\n\n<div class=\"post-thumbnail-wrap\">\n\t<div class=\"post-thumbnail\">\n\n\t\t\n\t\t\n\t\t<a href=\"https:\/\/impulsoverde.org\/en\/top-como-las-comunidades-indigenas-de-narino-estan-creando-alternativas-economicas-sostenibles\/\" class=\"post-thumbnail-rollover layzr-bg layzr-bg\" ><img decoding=\"async\" class=\"blog-thumb-lazy-load preload-me lazy-load aspect\" src=\"data:image\/svg+xml,%3Csvg%20xmlns%3D&#39;http%3A%2F%2Fwww.w3.org%2F2000%2Fsvg&#39;%20viewBox%3D&#39;0%200%20990%20660&#39;%2F%3E\" data-src=\"https:\/\/impulsoverde.org\/wp-content\/uploads\/2025\/12\/Formato-fotos-para-Boletines-5-990x660.png\" data-srcset=\"https:\/\/impulsoverde.org\/wp-content\/uploads\/2025\/12\/Formato-fotos-para-Boletines-5-990x660.png 990w, https:\/\/impulsoverde.org\/wp-content\/uploads\/2025\/12\/Formato-fotos-para-Boletines-5-1683x1122.png 1683w\" loading=\"eager\" style=\"--ratio: 990 \/ 660\" sizes=\"(max-width: 990px) 100vw, 990px\" alt=\"\" title=\"Formato fotos para Boletines (5)\" width=\"990\" height=\"660\"  \/><span class=\"gallery-zoom-ico icomoon-the7-font-the7-plus-12\"><span><\/span><\/span><\/a>\n\t<\/div>\n<\/div>\n\n\n<div class=\"post-entry-content\">\n\n\t<h3 class=\"entry-title\">\n\t\t<a href=\"https:\/\/impulsoverde.org\/en\/top-como-las-comunidades-indigenas-de-narino-estan-creando-alternativas-economicas-sostenibles\/\" title=\"How Indigenous Communities in Nari\u00f1o Are Creating Sustainable Economic Alternatives?\" rel=\"bookmark\">How Indigenous Communities in Nari\u00f1o Are Creating Sustainable Economic Alternatives?<\/a>\n\t<\/h3>\n\n\t<div class=\"entry-meta\"><span class=\"category-link\"><a href=\"https:\/\/impulsoverde.org\/en\/category\/news-en\/\" >News<\/a>, <a href=\"https:\/\/impulsoverde.org\/en\/category\/news\/\" >News<\/a><\/span><\/div>\n\t<div class=\"entry-excerpt\"><p>[vc_row gap=&#8221;35&#8243; bg_type=&#8221;bg_color&#8221; bg_override=&#8221;ex-full&#8221; bg_color_value=&#8221;#056e04&#8243;][vc_column][vc_empty_space height=&#8221;15px&#8221;][\/vc_column][\/vc_row][vc_row el_class=&#8221;top-omble&#8221;][vc_column][vc_single_image image=&#8221;1132&#8243; img_size=&#8221;large&#8221; alignment=&#8221;center&#8221; image_hovers=&#8221;false&#8221;][\/vc_column][\/vc_row][vc_row gap=&#8221;3&#8243; css=&#8221;.vc_custom_1676489840177{margin-bottom: 30px !important;}&#8221;][vc_column][vc_column_text css=&#8221;&#8221;] How Indigenous Communities in Nari\u00f1o Are Creating Sustainable Economic Alternatives? \u00a0[\/vc_column_text][\/vc_column][\/vc_row][vc_row gap=&#8221;35&#8243; content_placement=&#8221;middle&#8221;][vc_column][vc_row_inner][vc_column_inner][vc_column_text css=&#8221;&#8221;]Southern Colombia is now home to community projects proving that sustainability and innovation can truly drive&hellip;<\/p>\n<\/div>\n\t\n<a href=\"https:\/\/impulsoverde.org\/en\/top-como-las-comunidades-indigenas-de-narino-estan-creando-alternativas-economicas-sostenibles\/\" class=\"post-details details-type-link\" aria-label=\"Read more about How Indigenous Communities in Nari\u00f1o Are Creating Sustainable Economic Alternatives?\">More information<i class=\"dt-icon-the7-arrow-03\" aria-hidden=\"true\"><\/i><\/a>\n\n<\/div><\/article><article class=\"post project-even visible post-6445 type-post status-publish format-standard has-post-thumbnail hentry category-news-en category-news category-58 category-57 description-off\" data-name=\"Community forest restoration to conserve the Golden Mountain Eagle in the Farallones de Cali\" data-date=\"2025-11-07T10:07:26-05:00\">\n\n<div class=\"post-thumbnail-wrap\">\n\t<div class=\"post-thumbnail\">\n\n\t\t\n\t\t\n\t\t<a href=\"https:\/\/impulsoverde.org\/en\/community-forest-restoration-to-conserve-the-golden-mountain-eagle-in-the-farallones-de-cali\/\" class=\"post-thumbnail-rollover layzr-bg layzr-bg\" ><img decoding=\"async\" class=\"blog-thumb-lazy-load preload-me lazy-load aspect\" src=\"data:image\/svg+xml,%3Csvg%20xmlns%3D&#39;http%3A%2F%2Fwww.w3.org%2F2000%2Fsvg&#39;%20viewBox%3D&#39;0%200%20990%20660&#39;%2F%3E\" data-src=\"https:\/\/impulsoverde.org\/wp-content\/uploads\/2025\/11\/Diseno-sin-titulo-14-990x660.png\" data-srcset=\"https:\/\/impulsoverde.org\/wp-content\/uploads\/2025\/11\/Diseno-sin-titulo-14-990x660.png 990w, https:\/\/impulsoverde.org\/wp-content\/uploads\/2025\/11\/Diseno-sin-titulo-14-1683x1122.png 1683w\" loading=\"eager\" style=\"--ratio: 990 \/ 660\" sizes=\"(max-width: 990px) 100vw, 990px\" alt=\"\" title=\"Dise\u00f1o sin t\u00edtulo (14)\" width=\"990\" height=\"660\"  \/><span class=\"gallery-zoom-ico icomoon-the7-font-the7-plus-12\"><span><\/span><\/span><\/a>\n\t<\/div>\n<\/div>\n\n\n<div class=\"post-entry-content\">\n\n\t<h3 class=\"entry-title\">\n\t\t<a href=\"https:\/\/impulsoverde.org\/en\/community-forest-restoration-to-conserve-the-golden-mountain-eagle-in-the-farallones-de-cali\/\" title=\"Community forest restoration to conserve the Golden Mountain Eagle in the Farallones de Cali\" rel=\"bookmark\">Community forest restoration to conserve the Golden Mountain Eagle in the Farallones de Cali<\/a>\n\t<\/h3>\n\n\t<div class=\"entry-meta\"><span class=\"category-link\"><a href=\"https:\/\/impulsoverde.org\/en\/category\/news-en\/\" >News<\/a>, <a href=\"https:\/\/impulsoverde.org\/en\/category\/news\/\" >News<\/a><\/span><\/div>\n\t<div class=\"entry-excerpt\"><p>[vc_row gap=&#8221;35&#8243; bg_type=&#8221;bg_color&#8221; bg_override=&#8221;ex-full&#8221; bg_color_value=&#8221;#056e04&#8243;][vc_column][vc_empty_space height=&#8221;15px&#8221;][\/vc_column][\/vc_row][vc_row el_class=&#8221;top-omble&#8221;][vc_column][vc_single_image image=&#8221;1132&#8243; img_size=&#8221;large&#8221; alignment=&#8221;center&#8221; image_hovers=&#8221;false&#8221;][\/vc_column][\/vc_row][vc_row gap=&#8221;3&#8243; css=&#8221;.vc_custom_1676489840177{margin-bottom: 30px !important;}&#8221;][vc_column][vc_column_text css=&#8221;&#8221;] Community forest restoration to conserve the Golden Mountain Eagle in the Farallones de Cali\u00a0 \u00a0[\/vc_column_text][\/vc_column][\/vc_row][vc_row gap=&#8221;35&#8243; content_placement=&#8221;middle&#8221;][vc_column][vc_empty_space height=&#8221;5px&#8221;][vc_single_image image=&#8221;6402&#8243; img_size=&#8221;800&#215;500&#8243; alignment=&#8221;center&#8221; css=&#8221;&#8221;][vc_column_text css=&#8221;&#8221;] \u00a9Sighting of juvenile Spizaetus isidori in&hellip;<\/p>\n<\/div>\n\t\n<a href=\"https:\/\/impulsoverde.org\/en\/community-forest-restoration-to-conserve-the-golden-mountain-eagle-in-the-farallones-de-cali\/\" class=\"post-details details-type-link\" aria-label=\"Read more about Community forest restoration to conserve the Golden Mountain Eagle in the Farallones de Cali\">More information<i class=\"dt-icon-the7-arrow-03\" aria-hidden=\"true\"><\/i><\/a>\n\n<\/div><\/article><article class=\"post project-odd visible post-5734 type-post status-publish format-standard has-post-thumbnail hentry category-news-en category-news category-58 category-57 description-off\" data-name=\"In the Farallones de Cali, the mountain eagle inspires community restoration\" data-date=\"2025-06-16T15:11:56-05:00\">\n\n<div class=\"post-thumbnail-wrap\">\n\t<div class=\"post-thumbnail\">\n\n\t\t\n\t\t\n\t\t<a href=\"https:\/\/impulsoverde.org\/en\/in-the-farallones-de-cali-the-mountain-eagle-inspires-community-restoration\/\" class=\"post-thumbnail-rollover layzr-bg layzr-bg\" ><img decoding=\"async\" class=\"blog-thumb-lazy-load preload-me lazy-load aspect\" src=\"data:image\/svg+xml,%3Csvg%20xmlns%3D&#39;http%3A%2F%2Fwww.w3.org%2F2000%2Fsvg&#39;%20viewBox%3D&#39;0%200%20750%20500&#39;%2F%3E\" data-src=\"https:\/\/impulsoverde.org\/wp-content\/uploads\/2025\/06\/11-750x500.png\" data-srcset=\"https:\/\/impulsoverde.org\/wp-content\/uploads\/2025\/06\/11-750x500.png 750w, https:\/\/impulsoverde.org\/wp-content\/uploads\/2025\/06\/11-749x499.png 749w\" loading=\"eager\" style=\"--ratio: 750 \/ 500\" sizes=\"(max-width: 750px) 100vw, 750px\" alt=\"\" title=\"1(1)\" width=\"750\" height=\"500\"  \/><span class=\"gallery-zoom-ico icomoon-the7-font-the7-plus-12\"><span><\/span><\/span><\/a>\n\t<\/div>\n<\/div>\n\n\n<div class=\"post-entry-content\">\n\n\t<h3 class=\"entry-title\">\n\t\t<a href=\"https:\/\/impulsoverde.org\/en\/in-the-farallones-de-cali-the-mountain-eagle-inspires-community-restoration\/\" title=\"In the Farallones de Cali, the mountain eagle inspires community restoration\" rel=\"bookmark\">In the Farallones de Cali, the mountain eagle inspires community restoration<\/a>\n\t<\/h3>\n\n\t<div class=\"entry-meta\"><span class=\"category-link\"><a href=\"https:\/\/impulsoverde.org\/en\/category\/news-en\/\" >News<\/a>, <a href=\"https:\/\/impulsoverde.org\/en\/category\/news\/\" >News<\/a><\/span><\/div>\n\t<div class=\"entry-excerpt\"><p>[vc_row gap=&#8221;35&#8243; bg_type=&#8221;bg_color&#8221; bg_override=&#8221;ex-full&#8221; bg_color_value=&#8221;#056e04&#8243;][vc_column][vc_empty_space height=&#8221;15px&#8221;][\/vc_column][\/vc_row][vc_row el_class=&#8221;top-omble&#8221;][vc_column][vc_single_image image=&#8221;1132&#8243; img_size=&#8221;600&#215;600&#8243; alignment=&#8221;center&#8221; css=&#8221;&#8221; image_hovers=&#8221;false&#8221;][\/vc_column][\/vc_row][vc_row gap=&#8221;3&#8243; css=&#8221;.vc_custom_1676489840177{margin-bottom: 30px !important;}&#8221;][vc_column][vc_column_text css=&#8221;&#8221;] In the Farallones de Cali, the mountain eagle inspires community restoration [\/vc_column_text][\/vc_column][\/vc_row][vc_row gap=&#8221;35&#8243; content_placement=&#8221;middle&#8221;][vc_column][vc_empty_space height=&#8221;5px&#8221;][vc_single_image image=&#8221;5690&#8243; img_size=&#8221;800&#215;500&#8243; alignment=&#8221;center&#8221; css=&#8221;&#8221;][vc_column_text css=&#8221;&#8221;] Photo: Luis Felipe Quintero [\/vc_column_text][vc_empty_space height=&#8221;35px&#8221;][vc_column_text css=&#8221;&#8221;]Santiago de&hellip;<\/p>\n<\/div>\n\t\n<a href=\"https:\/\/impulsoverde.org\/en\/in-the-farallones-de-cali-the-mountain-eagle-inspires-community-restoration\/\" class=\"post-details details-type-link\" aria-label=\"Read more about In the Farallones de Cali, the mountain eagle inspires community restoration\">More information<i class=\"dt-icon-the7-arrow-03\" aria-hidden=\"true\"><\/i><\/a>\n\n<\/div><\/article><article class=\"post project-even visible post-5705 type-post status-publish format-standard has-post-thumbnail hentry category-news-en category-news category-58 category-57 description-off\" data-name=\"Indigenous Women Transform Cereals into Economic Autonomy and Hope\" data-date=\"2025-06-11T16:10:53-05:00\">\n\n<div class=\"post-thumbnail-wrap\">\n\t<div class=\"post-thumbnail\">\n\n\t\t\n\t\t\n\t\t<a href=\"https:\/\/impulsoverde.org\/en\/indigenous-women-transform-cereals-into-economic-autonomy-and-hope\/\" class=\"post-thumbnail-rollover layzr-bg layzr-bg\" ><img decoding=\"async\" class=\"blog-thumb-lazy-load preload-me lazy-load aspect\" src=\"data:image\/svg+xml,%3Csvg%20xmlns%3D&#39;http%3A%2F%2Fwww.w3.org%2F2000%2Fsvg&#39;%20viewBox%3D&#39;0%200%20750%20500&#39;%2F%3E\" data-src=\"https:\/\/impulsoverde.org\/wp-content\/uploads\/2025\/06\/1-750x500.png\" data-srcset=\"https:\/\/impulsoverde.org\/wp-content\/uploads\/2025\/06\/1-750x500.png 750w, https:\/\/impulsoverde.org\/wp-content\/uploads\/2025\/06\/1-749x499.png 749w\" loading=\"eager\" style=\"--ratio: 750 \/ 500\" sizes=\"(max-width: 750px) 100vw, 750px\" alt=\"\" title=\"1\" width=\"750\" height=\"500\"  \/><span class=\"gallery-zoom-ico icomoon-the7-font-the7-plus-12\"><span><\/span><\/span><\/a>\n\t<\/div>\n<\/div>\n\n\n<div class=\"post-entry-content\">\n\n\t<h3 class=\"entry-title\">\n\t\t<a href=\"https:\/\/impulsoverde.org\/en\/indigenous-women-transform-cereals-into-economic-autonomy-and-hope\/\" title=\"Indigenous Women Transform Cereals into Economic Autonomy and Hope\" rel=\"bookmark\">Indigenous Women Transform Cereals into Economic Autonomy and Hope<\/a>\n\t<\/h3>\n\n\t<div class=\"entry-meta\"><span class=\"category-link\"><a href=\"https:\/\/impulsoverde.org\/en\/category\/news-en\/\" >News<\/a>, <a href=\"https:\/\/impulsoverde.org\/en\/category\/news\/\" >News<\/a><\/span><\/div>\n\t<div class=\"entry-excerpt\"><p>[vc_row gap=&#8221;35&#8243; bg_type=&#8221;bg_color&#8221; bg_override=&#8221;ex-full&#8221; bg_color_value=&#8221;#056e04&#8243;][vc_column][vc_empty_space height=&#8221;15px&#8221;][\/vc_column][\/vc_row][vc_row el_class=&#8221;top-omble&#8221;][vc_column][vc_single_image image=&#8221;1132&#8243; img_size=&#8221;large&#8221; alignment=&#8221;center&#8221; image_hovers=&#8221;false&#8221;][\/vc_column][\/vc_row][vc_row gap=&#8221;3&#8243; css=&#8221;.vc_custom_1676489840177{margin-bottom: 30px !important;}&#8221;][vc_column][vc_column_text css=&#8221;&#8221;] Indigenous Women Transform Cereals into Economic Autonomy and Hope [\/vc_column_text][\/vc_column][\/vc_row][vc_row gap=&#8221;35&#8243; content_placement=&#8221;middle&#8221;][vc_column][vc_empty_space height=&#8221;5px&#8221;][vc_single_image image=&#8221;5715&#8243; img_size=&#8221;800&#215;500&#8243; alignment=&#8221;center&#8221; css=&#8221;&#8221;][vc_empty_space height=&#8221;30px&#8221;][vc_row_inner][vc_column_inner][vc_column_text css=&#8221;&#8221;]Nari\u00f1o, June 5, 2025\u00a0 From the Fundaci\u00f3n Impulso Verde, in alliance&hellip;<\/p>\n<\/div>\n\t\n<a href=\"https:\/\/impulsoverde.org\/en\/indigenous-women-transform-cereals-into-economic-autonomy-and-hope\/\" class=\"post-details details-type-link\" aria-label=\"Read more about Indigenous Women Transform Cereals into Economic Autonomy and Hope\">More information<i class=\"dt-icon-the7-arrow-03\" aria-hidden=\"true\"><\/i><\/a>\n\n<\/div><\/article><article class=\"post project-odd hidden post-5642 type-post status-publish format-standard has-post-thumbnail hentry category-news-en category-news category-58 category-57 description-off\" data-name=\"From the Andes to Africa: cross-pollination between Impulso Verde and dozens of international organizations for sustainable beekeeping\" data-date=\"2025-06-03T14:49:11-05:00\">\n\n<div class=\"post-thumbnail-wrap\">\n\t<div class=\"post-thumbnail\">\n\n\t\t\n\t\t\n\t\t<a href=\"https:\/\/impulsoverde.org\/en\/from-the-andes-to-africa-cross-pollination-between-impulso-verde-and-dozens-of-international-organizations-for-sustainable-beekeeping\/\" class=\"post-thumbnail-rollover layzr-bg layzr-bg\" ><img decoding=\"async\" class=\"blog-thumb-lazy-load preload-me lazy-load aspect\" src=\"data:image\/svg+xml,%3Csvg%20xmlns%3D&#39;http%3A%2F%2Fwww.w3.org%2F2000%2Fsvg&#39;%20viewBox%3D&#39;0%200%20750%20500&#39;%2F%3E\" data-src=\"https:\/\/impulsoverde.org\/wp-content\/uploads\/2025\/06\/Diseno-sin-titulo-8-750x500.png\" data-srcset=\"https:\/\/impulsoverde.org\/wp-content\/uploads\/2025\/06\/Diseno-sin-titulo-8-750x500.png 750w, https:\/\/impulsoverde.org\/wp-content\/uploads\/2025\/06\/Diseno-sin-titulo-8-749x499.png 749w\" loading=\"eager\" style=\"--ratio: 750 \/ 500\" sizes=\"(max-width: 750px) 100vw, 750px\" alt=\"\" title=\"Dise\u00f1o sin t\u00edtulo (8)\" width=\"750\" height=\"500\"  \/><span class=\"gallery-zoom-ico icomoon-the7-font-the7-plus-12\"><span><\/span><\/span><\/a>\n\t<\/div>\n<\/div>\n\n\n<div class=\"post-entry-content\">\n\n\t<h3 class=\"entry-title\">\n\t\t<a href=\"https:\/\/impulsoverde.org\/en\/from-the-andes-to-africa-cross-pollination-between-impulso-verde-and-dozens-of-international-organizations-for-sustainable-beekeeping\/\" title=\"From the Andes to Africa: cross-pollination between Impulso Verde and dozens of international organizations for sustainable beekeeping\" rel=\"bookmark\">From the Andes to Africa: cross-pollination between Impulso Verde and dozens of international organizations for sustainable beekeeping<\/a>\n\t<\/h3>\n\n\t<div class=\"entry-meta\"><span class=\"category-link\"><a href=\"https:\/\/impulsoverde.org\/en\/category\/news-en\/\" >News<\/a>, <a href=\"https:\/\/impulsoverde.org\/en\/category\/news\/\" >News<\/a><\/span><\/div>\n\t<div class=\"entry-excerpt\"><p>[vc_row gap=&#8221;35&#8243; bg_type=&#8221;bg_color&#8221; bg_override=&#8221;ex-full&#8221; bg_color_value=&#8221;#056e04&#8243;][vc_column][vc_empty_space height=&#8221;15px&#8221;][\/vc_column][\/vc_row][vc_row el_class=&#8221;top-omble&#8221;][vc_column][vc_single_image image=&#8221;1132&#8243; img_size=&#8221;600&#215;600&#8243; alignment=&#8221;center&#8221; css=&#8221;&#8221; image_hovers=&#8221;false&#8221;][\/vc_column][\/vc_row][vc_row gap=&#8221;3&#8243; css=&#8221;.vc_custom_1676489840177{margin-bottom: 30px !important;}&#8221;][vc_column][vc_column_text css=&#8221;&#8221;] From the Andes to Africa: cross-pollination between Impulso Verde and dozens of international organizations for sustainable beekeeping [\/vc_column_text][\/vc_column][\/vc_row][vc_row gap=&#8221;35&#8243; content_placement=&#8221;middle&#8221;][vc_column][vc_empty_space height=&#8221;5px&#8221;][vc_single_image image=&#8221;5654&#8243; img_size=&#8221;800&#215;500&#8243; alignment=&#8221;center&#8221; css=&#8221;&#8221;][vc_empty_space height=&#8221;35px&#8221;][vc_column_text css=&#8221;&#8221;]Jimma, Ethiopia&hellip;<\/p>\n<\/div>\n\t\n<a href=\"https:\/\/impulsoverde.org\/en\/from-the-andes-to-africa-cross-pollination-between-impulso-verde-and-dozens-of-international-organizations-for-sustainable-beekeeping\/\" class=\"post-details details-type-link\" aria-label=\"Read more about From the Andes to Africa: cross-pollination between Impulso Verde and dozens of international organizations for sustainable beekeeping\">More information<i class=\"dt-icon-the7-arrow-03\" aria-hidden=\"true\"><\/i><\/a>\n\n<\/div><\/article><article class=\"post project-even hidden post-5637 type-post status-publish format-standard has-post-thumbnail hentry category-news-en category-news category-58 category-57 description-off\" data-name=\"Restoring the high Andean forests: an urgent commitment to water and biodiversity preservation, along with communities\" data-date=\"2025-05-14T12:35:06-05:00\">\n\n<div class=\"post-thumbnail-wrap\">\n\t<div class=\"post-thumbnail\">\n\n\t\t\n\t\t\n\t\t<a href=\"https:\/\/impulsoverde.org\/en\/restoring-the-high-andean-forests-an-urgent-commitment-to-water-and-biodiversity-preservation-along-with-communities\/\" class=\"post-thumbnail-rollover layzr-bg layzr-bg\" ><img decoding=\"async\" class=\"blog-thumb-lazy-load preload-me lazy-load aspect\" src=\"data:image\/svg+xml,%3Csvg%20xmlns%3D&#39;http%3A%2F%2Fwww.w3.org%2F2000%2Fsvg&#39;%20viewBox%3D&#39;0%200%20750%20500&#39;%2F%3E\" data-src=\"https:\/\/impulsoverde.org\/wp-content\/uploads\/2025\/05\/1-750x500.png\" data-srcset=\"https:\/\/impulsoverde.org\/wp-content\/uploads\/2025\/05\/1-750x500.png 750w, https:\/\/impulsoverde.org\/wp-content\/uploads\/2025\/05\/1-749x499.png 749w\" loading=\"eager\" style=\"--ratio: 750 \/ 500\" sizes=\"(max-width: 750px) 100vw, 750px\" alt=\"\" title=\"1\" width=\"750\" height=\"500\"  \/><span class=\"gallery-zoom-ico icomoon-the7-font-the7-plus-12\"><span><\/span><\/span><\/a>\n\t<\/div>\n<\/div>\n\n\n<div class=\"post-entry-content\">\n\n\t<h3 class=\"entry-title\">\n\t\t<a href=\"https:\/\/impulsoverde.org\/en\/restoring-the-high-andean-forests-an-urgent-commitment-to-water-and-biodiversity-preservation-along-with-communities\/\" title=\"Restoring the high Andean forests: an urgent commitment to water and biodiversity preservation, along with communities\" rel=\"bookmark\">Restoring the high Andean forests: an urgent commitment to water and biodiversity preservation, along with communities<\/a>\n\t<\/h3>\n\n\t<div class=\"entry-meta\"><span class=\"category-link\"><a href=\"https:\/\/impulsoverde.org\/en\/category\/news-en\/\" >News<\/a>, <a href=\"https:\/\/impulsoverde.org\/en\/category\/news\/\" >News<\/a><\/span><\/div>\n\t<div class=\"entry-excerpt\"><p>[vc_row gap=&#8221;35&#8243; bg_type=&#8221;bg_color&#8221; bg_override=&#8221;ex-full&#8221; bg_color_value=&#8221;#056e04&#8243;][vc_column][vc_empty_space height=&#8221;15px&#8221;][\/vc_column][\/vc_row][vc_row el_class=&#8221;top-omble&#8221;][vc_column][vc_single_image image=&#8221;1132&#8243; img_size=&#8221;600&#215;600&#8243; alignment=&#8221;center&#8221; css=&#8221;&#8221; image_hovers=&#8221;false&#8221;][\/vc_column][\/vc_row][vc_row gap=&#8221;3&#8243; css=&#8221;.vc_custom_1676489840177{margin-bottom: 30px !important;}&#8221;][vc_column][vc_column_text css=&#8221;&#8221;] Restoring the high Andean forests: an urgent commitment to water and biodiversity preservation, along with communities\u00a0 [\/vc_column_text][\/vc_column][\/vc_row][vc_row gap=&#8221;35&#8243; content_placement=&#8221;middle&#8221;][vc_column][vc_empty_space height=&#8221;5px&#8221;][vc_single_image image=&#8221;5577&#8243; img_size=&#8221;800&#215;500&#8243; alignment=&#8221;center&#8221; css=&#8221;&#8221;][vc_empty_space height=&#8221;35px&#8221;][vc_column_text css=&#8221;&#8221;]Nari\u00f1o, May 06,&hellip;<\/p>\n<\/div>\n\t\n<a href=\"https:\/\/impulsoverde.org\/en\/restoring-the-high-andean-forests-an-urgent-commitment-to-water-and-biodiversity-preservation-along-with-communities\/\" class=\"post-details details-type-link\" aria-label=\"Read more about Restoring the high Andean forests: an urgent commitment to water and biodiversity preservation, along with communities\">More information<i class=\"dt-icon-the7-arrow-03\" aria-hidden=\"true\"><\/i><\/a>\n\n<\/div><\/article><article class=\"post project-odd hidden post-5269 type-post status-publish format-standard has-post-thumbnail hentry category-news category-news-en category-57 category-58 description-off\" data-name=\"My friends the trees: an awareness initiative on the importance of forests\" data-date=\"2025-01-23T15:26:19-05:00\">\n\n<div class=\"post-thumbnail-wrap\">\n\t<div class=\"post-thumbnail\">\n\n\t\t\n\t\t\n\t\t<a href=\"https:\/\/impulsoverde.org\/en\/my-friends-the-trees-an-awareness-initiative-on-the-importance-of-forests\/\" class=\"post-thumbnail-rollover layzr-bg layzr-bg\" ><img decoding=\"async\" class=\"blog-thumb-lazy-load preload-me lazy-load aspect\" src=\"data:image\/svg+xml,%3Csvg%20xmlns%3D&#39;http%3A%2F%2Fwww.w3.org%2F2000%2Fsvg&#39;%20viewBox%3D&#39;0%200%20990%20660&#39;%2F%3E\" data-src=\"https:\/\/impulsoverde.org\/wp-content\/uploads\/2025\/01\/1-1-990x660.jpg\" data-srcset=\"https:\/\/impulsoverde.org\/wp-content\/uploads\/2025\/01\/1-1-990x660.jpg 990w, https:\/\/impulsoverde.org\/wp-content\/uploads\/2025\/01\/1-1-1072x715.jpg 1072w\" loading=\"eager\" style=\"--ratio: 990 \/ 660\" sizes=\"(max-width: 990px) 100vw, 990px\" alt=\"\" title=\"1\" width=\"990\" height=\"660\"  \/><span class=\"gallery-zoom-ico icomoon-the7-font-the7-plus-12\"><span><\/span><\/span><\/a>\n\t<\/div>\n<\/div>\n\n\n<div class=\"post-entry-content\">\n\n\t<h3 class=\"entry-title\">\n\t\t<a href=\"https:\/\/impulsoverde.org\/en\/my-friends-the-trees-an-awareness-initiative-on-the-importance-of-forests\/\" title=\"My friends the trees: an awareness initiative on the importance of forests\" rel=\"bookmark\">My friends the trees: an awareness initiative on the importance of forests<\/a>\n\t<\/h3>\n\n\t<div class=\"entry-meta\"><span class=\"category-link\"><a href=\"https:\/\/impulsoverde.org\/en\/category\/news\/\" >News<\/a>, <a href=\"https:\/\/impulsoverde.org\/en\/category\/news-en\/\" >News<\/a><\/span><\/div>\n\t<div class=\"entry-excerpt\"><p>[vc_row gap=&#8221;35&#8243; bg_type=&#8221;bg_color&#8221; bg_override=&#8221;ex-full&#8221; bg_color_value=&#8221;#056e04&#8243;][vc_column][vc_empty_space height=&#8221;15px&#8221;][\/vc_column][\/vc_row][vc_row el_class=&#8221;top-omble&#8221;][vc_column][vc_single_image image=&#8221;1132&#8243; img_size=&#8221;large&#8221; alignment=&#8221;center&#8221; image_hovers=&#8221;false&#8221;][\/vc_column][\/vc_row][vc_row gap=&#8221;3&#8243; css=&#8221;.vc_custom_1676489840177{margin-bottom: 30px !important;}&#8221;][vc_column][vc_column_text css=&#8221;&#8221;] My friends the trees: an awareness initiative on the importance of forests\u00a0 [\/vc_column_text][\/vc_column][\/vc_row][vc_row gap=&#8221;35&#8243; content_placement=&#8221;middle&#8221;][vc_column][vc_empty_space height=&#8221;5px&#8221;][vc_single_image image=&#8221;5059&#8243; img_size=&#8221;600&#215;450&#8243; alignment=&#8221;center&#8221; css=&#8221;&#8221;][vc_empty_space height=&#8221;30px&#8221;][vc_row_inner][vc_column_inner][vc_column_text css=&#8221;&#8221;] Santiago de Cali, 23th January of 2025&hellip;<\/p>\n<\/div>\n\t\n<a href=\"https:\/\/impulsoverde.org\/en\/my-friends-the-trees-an-awareness-initiative-on-the-importance-of-forests\/\" class=\"post-details details-type-link\" aria-label=\"Read more about My friends the trees: an awareness initiative on the importance of forests\">More information<i class=\"dt-icon-the7-arrow-03\" aria-hidden=\"true\"><\/i><\/a>\n\n<\/div><\/article><article class=\"post project-even hidden post-4699 type-post status-publish format-standard has-post-thumbnail hentry category-news-en category-news category-58 category-57 description-off\" data-name=\"Singing plants\" data-date=\"2025-01-17T09:34:47-05:00\">\n\n<div class=\"post-thumbnail-wrap\">\n\t<div class=\"post-thumbnail\">\n\n\t\t\n\t\t\n\t\t<a href=\"https:\/\/impulsoverde.org\/en\/singing-plants\/\" class=\"post-thumbnail-rollover layzr-bg layzr-bg\" ><img decoding=\"async\" class=\"blog-thumb-lazy-load preload-me lazy-load aspect\" src=\"data:image\/svg+xml,%3Csvg%20xmlns%3D&#39;http%3A%2F%2Fwww.w3.org%2F2000%2Fsvg&#39;%20viewBox%3D&#39;0%200%20990%20660&#39;%2F%3E\" data-src=\"https:\/\/impulsoverde.org\/wp-content\/uploads\/2025\/01\/IMG_20241217_124348_946-1-scaled-990x660.jpg\" data-srcset=\"https:\/\/impulsoverde.org\/wp-content\/uploads\/2025\/01\/IMG_20241217_124348_946-1-scaled-990x660.jpg 990w, https:\/\/impulsoverde.org\/wp-content\/uploads\/2025\/01\/IMG_20241217_124348_946-1-scaled-1683x1122.jpg 1683w\" loading=\"eager\" style=\"--ratio: 990 \/ 660\" sizes=\"(max-width: 990px) 100vw, 990px\" alt=\"\" title=\"0-0x0-0-0#\" width=\"990\" height=\"660\"  \/><span class=\"gallery-zoom-ico icomoon-the7-font-the7-plus-12\"><span><\/span><\/span><\/a>\n\t<\/div>\n<\/div>\n\n\n<div class=\"post-entry-content\">\n\n\t<h3 class=\"entry-title\">\n\t\t<a href=\"https:\/\/impulsoverde.org\/en\/singing-plants\/\" title=\"Singing plants\" rel=\"bookmark\">Singing plants<\/a>\n\t<\/h3>\n\n\t<div class=\"entry-meta\"><span class=\"category-link\"><a href=\"https:\/\/impulsoverde.org\/en\/category\/news-en\/\" >News<\/a>, <a href=\"https:\/\/impulsoverde.org\/en\/category\/news\/\" >News<\/a><\/span><\/div>\n\t<div class=\"entry-excerpt\"><p>[vc_row gap=&#8221;35&#8243; bg_type=&#8221;bg_color&#8221; bg_override=&#8221;ex-full&#8221; bg_color_value=&#8221;#056e04&#8243;][vc_column][vc_empty_space height=&#8221;15px&#8221;][\/vc_column][\/vc_row][vc_row el_class=&#8221;top-omble&#8221;][vc_column][vc_single_image image=&#8221;1132&#8243; img_size=&#8221;600&#215;600&#8243; alignment=&#8221;center&#8221; css=&#8221;&#8221; image_hovers=&#8221;false&#8221;][\/vc_column][\/vc_row][vc_row gap=&#8221;3&#8243; css=&#8221;.vc_custom_1676489840177{margin-bottom: 30px !important;}&#8221;][vc_column][vc_column_text css=&#8221;&#8221;] Singing plants [\/vc_column_text][\/vc_column][\/vc_row][vc_row gap=&#8221;35&#8243; content_placement=&#8221;middle&#8221;][vc_column][vc_empty_space height=&#8221;5px&#8221;][vc_single_image image=&#8221;4631&#8243; img_size=&#8221;600&#215;400&#8243; alignment=&#8221;center&#8221; css=&#8221;&#8221;][vc_empty_space height=&#8221;35px&#8221;][vc_column_text css=&#8221;&#8221;] Santiago de Cali, 17 January 2025 Plants, as living beings, can transmit electrical frequencies that in&hellip;<\/p>\n<\/div>\n\t\n<a href=\"https:\/\/impulsoverde.org\/en\/singing-plants\/\" class=\"post-details details-type-link\" aria-label=\"Read more about Singing plants\">More information<i class=\"dt-icon-the7-arrow-03\" aria-hidden=\"true\"><\/i><\/a>\n\n<\/div><\/article><article class=\"post project-odd hidden post-4299 type-post status-publish format-standard has-post-thumbnail hentry category-news-en category-news category-58 category-57 description-off\" data-name=\"Great Results for Impulso Verde at COP 16\" data-date=\"2024-11-01T17:49:40-05:00\">\n\n<div class=\"post-thumbnail-wrap\">\n\t<div class=\"post-thumbnail\">\n\n\t\t\n\t\t\n\t\t<a href=\"https:\/\/impulsoverde.org\/en\/grandes-resultados-para-impulso-verde-en-la-cop-16\/\" class=\"post-thumbnail-rollover layzr-bg layzr-bg\" ><img decoding=\"async\" class=\"blog-thumb-lazy-load preload-me lazy-load aspect\" src=\"data:image\/svg+xml,%3Csvg%20xmlns%3D&#39;http%3A%2F%2Fwww.w3.org%2F2000%2Fsvg&#39;%20viewBox%3D&#39;0%200%20990%20660&#39;%2F%3E\" data-src=\"https:\/\/impulsoverde.org\/wp-content\/uploads\/2024\/11\/PHOTO-2024-10-22-16-22-38-990x660.jpg\" data-srcset=\"https:\/\/impulsoverde.org\/wp-content\/uploads\/2024\/11\/PHOTO-2024-10-22-16-22-38-990x660.jpg 990w, https:\/\/impulsoverde.org\/wp-content\/uploads\/2024\/11\/PHOTO-2024-10-22-16-22-38-1599x1066.jpg 1599w\" loading=\"eager\" style=\"--ratio: 990 \/ 660\" sizes=\"(max-width: 990px) 100vw, 990px\" alt=\"\" title=\"PHOTO-2024-10-22-16-22-38\" width=\"990\" height=\"660\"  \/><span class=\"gallery-zoom-ico icomoon-the7-font-the7-plus-12\"><span><\/span><\/span><\/a>\n\t<\/div>\n<\/div>\n\n\n<div class=\"post-entry-content\">\n\n\t<h3 class=\"entry-title\">\n\t\t<a href=\"https:\/\/impulsoverde.org\/en\/grandes-resultados-para-impulso-verde-en-la-cop-16\/\" title=\"Great Results for Impulso Verde at COP 16\" rel=\"bookmark\">Great Results for Impulso Verde at COP 16<\/a>\n\t<\/h3>\n\n\t<div class=\"entry-meta\"><span class=\"category-link\"><a href=\"https:\/\/impulsoverde.org\/en\/category\/news-en\/\" >News<\/a>, <a href=\"https:\/\/impulsoverde.org\/en\/category\/news\/\" >News<\/a><\/span><\/div>\n\t<div class=\"entry-excerpt\"><p>[vc_row gap=&#8221;35&#8243; bg_type=&#8221;bg_color&#8221; bg_override=&#8221;ex-full&#8221; bg_color_value=&#8221;#056e04&#8243;][vc_column][vc_empty_space height=&#8221;15px&#8221;][\/vc_column][\/vc_row][vc_row el_class=&#8221;top-omble&#8221;][vc_column][vc_single_image image=&#8221;1132&#8243; img_size=&#8221;large&#8221; alignment=&#8221;center&#8221; image_hovers=&#8221;false&#8221;][\/vc_column][\/vc_row][vc_row gap=&#8221;3&#8243; css=&#8221;.vc_custom_1676489840177{margin-bottom: 30px !important;}&#8221;][vc_column][vc_column_text css=&#8221;&#8221;] Great Results for Impulso Verde at COP 16 [\/vc_column_text][\/vc_column][\/vc_row][vc_row gap=&#8221;35&#8243; content_placement=&#8221;middle&#8221;][vc_column][vc_empty_space height=&#8221;5px&#8221;][vc_single_image image=&#8221;4309&#8243; img_size=&#8221;800&#215;664&#8243; alignment=&#8221;center&#8221; css=&#8221;&#8221;][vc_column_text css=&#8221;&#8221;] Photo: Fundation Impulso Verde [\/vc_column_text][vc_empty_space height=&#8221;30px&#8221;][vc_row_inner][vc_column_inner width=&#8221;1\/2&#8243;][vc_column_text css=&#8221;&#8221;] Santiago de Cali, november&hellip;<\/p>\n<\/div>\n\t\n<a href=\"https:\/\/impulsoverde.org\/en\/grandes-resultados-para-impulso-verde-en-la-cop-16\/\" class=\"post-details details-type-link\" aria-label=\"Read more about Great Results for Impulso Verde at COP 16\">More information<i class=\"dt-icon-the7-arrow-03\" aria-hidden=\"true\"><\/i><\/a>\n\n<\/div><\/article><article class=\"post project-even hidden post-4234 type-post status-publish format-standard has-post-thumbnail hentry category-news category-57 description-off\" data-name=\"Custodians of biodiversity: an urgent call to protect the green heart of Colombia\" data-date=\"2024-10-10T15:22:19-05:00\">\n\n<div class=\"post-thumbnail-wrap\">\n\t<div class=\"post-thumbnail\">\n\n\t\t\n\t\t\n\t\t<a href=\"https:\/\/impulsoverde.org\/en\/custodians-of-biodiversity\/\" class=\"post-thumbnail-rollover layzr-bg layzr-bg\" ><img decoding=\"async\" class=\"blog-thumb-lazy-load preload-me lazy-load aspect\" src=\"data:image\/svg+xml,%3Csvg%20xmlns%3D&#39;http%3A%2F%2Fwww.w3.org%2F2000%2Fsvg&#39;%20viewBox%3D&#39;0%200%20990%20660&#39;%2F%3E\" data-src=\"https:\/\/impulsoverde.org\/wp-content\/uploads\/2024\/10\/Iguaza-careta-dendrocygna-viudata-2-1-scaled-990x660.jpg\" data-srcset=\"https:\/\/impulsoverde.org\/wp-content\/uploads\/2024\/10\/Iguaza-careta-dendrocygna-viudata-2-1-scaled-990x660.jpg 990w, https:\/\/impulsoverde.org\/wp-content\/uploads\/2024\/10\/Iguaza-careta-dendrocygna-viudata-2-1-scaled-1683x1122.jpg 1683w\" loading=\"eager\" style=\"--ratio: 990 \/ 660\" sizes=\"(max-width: 990px) 100vw, 990px\" alt=\"\" title=\"Iguaza careta (dendrocygna viudata) (2)\" width=\"990\" height=\"660\"  \/><span class=\"gallery-zoom-ico icomoon-the7-font-the7-plus-12\"><span><\/span><\/span><\/a>\n\t<\/div>\n<\/div>\n\n\n<div class=\"post-entry-content\">\n\n\t<h3 class=\"entry-title\">\n\t\t<a href=\"https:\/\/impulsoverde.org\/en\/custodians-of-biodiversity\/\" title=\"Custodians of biodiversity: an urgent call to protect the green heart of Colombia\" rel=\"bookmark\">Custodians of biodiversity: an urgent call to protect the green heart of Colombia<\/a>\n\t<\/h3>\n\n\t<div class=\"entry-meta\"><span class=\"category-link\"><a href=\"https:\/\/impulsoverde.org\/en\/category\/news\/\" >News<\/a><\/span><\/div>\n\t<div class=\"entry-excerpt\"><p>[vc_row gap=&#8221;35&#8243; bg_type=&#8221;bg_color&#8221; bg_override=&#8221;ex-full&#8221; bg_color_value=&#8221;#056e04&#8243;][vc_column][vc_empty_space height=&#8221;15px&#8221;][\/vc_column][\/vc_row][vc_row el_class=&#8221;top-omble&#8221;][vc_column][vc_single_image image=&#8221;1132&#8243; img_size=&#8221;large&#8221; alignment=&#8221;center&#8221; image_hovers=&#8221;false&#8221;][\/vc_column][\/vc_row][vc_row gap=&#8221;3&#8243; css=&#8221;.vc_custom_1676489840177{margin-bottom: 30px !important;}&#8221;][vc_column][vc_column_text css=&#8221;&#8221;] Custodians of biodiversity: an urgent call to protect the green heart of colombia [\/vc_column_text][\/vc_column][\/vc_row][vc_row gap=&#8221;35&#8243; content_placement=&#8221;middle&#8221;][vc_column width=&#8221;1\/2&#8243;][\/vc_column][vc_column width=&#8221;1\/2&#8243;][vc_single_image image=&#8221;4249&#8243; img_size=&#8221;large&#8221; alignment=&#8221;center&#8221; css=&#8221;&#8221;][vc_column_text css=&#8221;&#8221;] Photo: Asociaci\u00f3n Calidris \/ White-faced whistling&hellip;<\/p>\n<\/div>\n\t\n<a href=\"https:\/\/impulsoverde.org\/en\/custodians-of-biodiversity\/\" class=\"post-details details-type-link\" aria-label=\"Read more about Custodians of biodiversity: an urgent call to protect the green heart of Colombia\">More information<i class=\"dt-icon-the7-arrow-03\" aria-hidden=\"true\"><\/i><\/a>\n\n<\/div><\/article><article class=\"post project-odd hidden post-3962 type-post status-publish format-standard has-post-thumbnail hentry category-news category-57 description-off\" data-name=\"A Green Impulse* during the global event of COP16\" data-date=\"2024-08-27T14:18:01-05:00\">\n\n<div class=\"post-thumbnail-wrap\">\n\t<div class=\"post-thumbnail\">\n\n\t\t\n\t\t\n\t\t<a href=\"https:\/\/impulsoverde.org\/en\/a-green-impulse-during-the-global-event-of-cop16\/\" class=\"post-thumbnail-rollover layzr-bg layzr-bg\" ><img decoding=\"async\" class=\"blog-thumb-lazy-load preload-me lazy-load aspect\" src=\"data:image\/svg+xml,%3Csvg%20xmlns%3D&#39;http%3A%2F%2Fwww.w3.org%2F2000%2Fsvg&#39;%20viewBox%3D&#39;0%200%20573%20382&#39;%2F%3E\" data-src=\"https:\/\/impulsoverde.org\/wp-content\/uploads\/2024\/08\/Imagen-de-WhatsApp-2024-08-06-a-las-12.16.53_687b2eb7-573x382.jpg\" data-srcset=\"https:\/\/impulsoverde.org\/wp-content\/uploads\/2024\/08\/Imagen-de-WhatsApp-2024-08-06-a-las-12.16.53_687b2eb7-573x382.jpg 573w\" loading=\"eager\" style=\"--ratio: 573 \/ 382\" sizes=\"(max-width: 573px) 100vw, 573px\" alt=\"\" title=\"Imagen de WhatsApp 2024-08-06 a las 12.16.53_687b2eb7\" width=\"573\" height=\"382\"  \/><span class=\"gallery-zoom-ico icomoon-the7-font-the7-plus-12\"><span><\/span><\/span><\/a>\n\t<\/div>\n<\/div>\n\n\n<div class=\"post-entry-content\">\n\n\t<h3 class=\"entry-title\">\n\t\t<a href=\"https:\/\/impulsoverde.org\/en\/a-green-impulse-during-the-global-event-of-cop16\/\" title=\"A Green Impulse* during the global event of COP16\" rel=\"bookmark\">A Green Impulse* during the global event of COP16<\/a>\n\t<\/h3>\n\n\t<div class=\"entry-meta\"><span class=\"category-link\"><a href=\"https:\/\/impulsoverde.org\/en\/category\/news\/\" >News<\/a><\/span><\/div>\n\t<div class=\"entry-excerpt\"><p>[vc_row gap=&#8221;35&#8243; bg_type=&#8221;bg_color&#8221; bg_override=&#8221;ex-full&#8221; bg_color_value=&#8221;#056e04&#8243;][vc_column][vc_empty_space height=&#8221;15px&#8221;][\/vc_column][\/vc_row][vc_row el_class=&#8221;top-omble&#8221;][vc_column][vc_single_image image=&#8221;1132&#8243; img_size=&#8221;large&#8221; alignment=&#8221;center&#8221; image_hovers=&#8221;false&#8221;][\/vc_column][\/vc_row][vc_row gap=&#8221;3&#8243; css=&#8221;.vc_custom_1676489840177{margin-bottom: 30px !important;}&#8221;][vc_column][vc_column_text css=&#8221;&#8221;] A Green Impulse* during the global event of COP16 [\/vc_column_text][\/vc_column][\/vc_row][vc_row gap=&#8221;35&#8243; content_placement=&#8221;middle&#8221;][vc_column width=&#8221;1\/2&#8243;][\/vc_column][vc_column width=&#8221;1\/2&#8243;][vc_single_image image=&#8221;3974&#8243; img_size=&#8221;large&#8221; alignment=&#8221;center&#8221; css=&#8221;&#8221;][vc_empty_space height=&#8221;15px&#8221;][vc_column_text css=&#8221;&#8221;] Impulso Verde Foundation will be a key player in&hellip;<\/p>\n<\/div>\n\t\n<a href=\"https:\/\/impulsoverde.org\/en\/a-green-impulse-during-the-global-event-of-cop16\/\" class=\"post-details details-type-link\" aria-label=\"Read more about A Green Impulse* during the global event of COP16\">More information<i class=\"dt-icon-the7-arrow-03\" aria-hidden=\"true\"><\/i><\/a>\n\n<\/div><\/article><article class=\"post project-even hidden post-3864 type-post status-publish format-standard has-post-thumbnail hentry category-news category-57 description-off\" data-name=\"Impulso Verde: A strategic ally for the communities and territory in Nari\u00f1o and Valle del Cauca\" data-date=\"2024-07-16T18:15:52-05:00\">\n\n<div class=\"post-thumbnail-wrap\">\n\t<div class=\"post-thumbnail\">\n\n\t\t\n\t\t\n\t\t<a href=\"https:\/\/impulsoverde.org\/en\/a-strategic-ally-for-the-communities-and-territory-in-narino-and-valle-del-cauca\/\" class=\"post-thumbnail-rollover layzr-bg layzr-bg\" ><img decoding=\"async\" class=\"blog-thumb-lazy-load preload-me lazy-load aspect\" src=\"data:image\/svg+xml,%3Csvg%20xmlns%3D&#39;http%3A%2F%2Fwww.w3.org%2F2000%2Fsvg&#39;%20viewBox%3D&#39;0%200%20990%20660&#39;%2F%3E\" data-src=\"https:\/\/impulsoverde.org\/wp-content\/uploads\/2024\/07\/Boletin-Negocios-Verdes-Impulso-Verde-Narino-2024-21-990x660.jpeg\" data-srcset=\"https:\/\/impulsoverde.org\/wp-content\/uploads\/2024\/07\/Boletin-Negocios-Verdes-Impulso-Verde-Narino-2024-21-990x660.jpeg 990w, https:\/\/impulsoverde.org\/wp-content\/uploads\/2024\/07\/Boletin-Negocios-Verdes-Impulso-Verde-Narino-2024-21.jpeg 1279w\" loading=\"eager\" style=\"--ratio: 990 \/ 660\" sizes=\"(max-width: 990px) 100vw, 990px\" alt=\"\" title=\"Boletin Negocios Verdes Impulso Verde Nari\u00f1o 2024 (21)\" width=\"990\" height=\"660\"  \/><span class=\"gallery-zoom-ico icomoon-the7-font-the7-plus-12\"><span><\/span><\/span><\/a>\n\t<\/div>\n<\/div>\n\n\n<div class=\"post-entry-content\">\n\n\t<h3 class=\"entry-title\">\n\t\t<a href=\"https:\/\/impulsoverde.org\/en\/a-strategic-ally-for-the-communities-and-territory-in-narino-and-valle-del-cauca\/\" title=\"Impulso Verde: A strategic ally for the communities and territory in Nari\u00f1o and Valle del Cauca\" rel=\"bookmark\">Impulso Verde: A strategic ally for the communities and territory in Nari\u00f1o and Valle del Cauca<\/a>\n\t<\/h3>\n\n\t<div class=\"entry-meta\"><span class=\"category-link\"><a href=\"https:\/\/impulsoverde.org\/en\/category\/news\/\" >News<\/a><\/span><\/div>\n\t<div class=\"entry-excerpt\"><p>[vc_row gap=&#8221;35&#8243; bg_type=&#8221;bg_color&#8221; bg_override=&#8221;ex-full&#8221; bg_color_value=&#8221;#056e04&#8243;][vc_column][vc_empty_space height=&#8221;15px&#8221;][\/vc_column][\/vc_row][vc_row el_class=&#8221;top-omble&#8221;][vc_column][vc_single_image image=&#8221;1132&#8243; img_size=&#8221;large&#8221; alignment=&#8221;center&#8221; image_hovers=&#8221;false&#8221;][\/vc_column][\/vc_row][vc_row gap=&#8221;3&#8243; css=&#8221;.vc_custom_1676489840177{margin-bottom: 30px !important;}&#8221;][vc_column][vc_column_text css=&#8221;&#8221;] Impulso Verde: A strategic ally for the communities and territory in Nari\u00f1o and Valle del Cauca [\/vc_column_text][\/vc_column][\/vc_row][vc_row gap=&#8221;35&#8243; content_placement=&#8221;middle&#8221;][vc_column width=&#8221;1\/2&#8243;][vc_single_image image=&#8221;3931&#8243; img_size=&#8221;large&#8221; alignment=&#8221;center&#8221; css=&#8221;&#8221;][vc_empty_space height=&#8221;15px&#8221;][vc_column_text css=&#8221;&#8221;] Asociaci\u00f3n Ind\u00edgena de&hellip;<\/p>\n<\/div>\n\t\n<a href=\"https:\/\/impulsoverde.org\/en\/a-strategic-ally-for-the-communities-and-territory-in-narino-and-valle-del-cauca\/\" class=\"post-details details-type-link\" aria-label=\"Read more about Impulso Verde: A strategic ally for the communities and territory in Nari\u00f1o and Valle del Cauca\">More information<i class=\"dt-icon-the7-arrow-03\" aria-hidden=\"true\"><\/i><\/a>\n\n<\/div><\/article><article class=\"post project-odd hidden post-3789 type-post status-publish format-standard has-post-thumbnail hentry category-news category-57 description-off\" data-name=\"Nari\u00f1o united to plant trees and leave a green legacy for the planet!\" data-date=\"2024-06-25T18:18:09-05:00\">\n\n<div class=\"post-thumbnail-wrap\">\n\t<div class=\"post-thumbnail\">\n\n\t\t\n\t\t\n\t\t<a href=\"https:\/\/impulsoverde.org\/en\/narino-united-to-plant-trees-and-leave-a-green-legacy-for-the-planet\/\" class=\"post-thumbnail-rollover layzr-bg layzr-bg\" ><img decoding=\"async\" class=\"blog-thumb-lazy-load preload-me lazy-load aspect\" src=\"data:image\/svg+xml,%3Csvg%20xmlns%3D&#39;http%3A%2F%2Fwww.w3.org%2F2000%2Fsvg&#39;%20viewBox%3D&#39;0%200%20990%20660&#39;%2F%3E\" data-src=\"https:\/\/impulsoverde.org\/wp-content\/uploads\/2024\/06\/Reforestacion_en_colombia_narino2024-06-22-at-12.00.16-scaled-990x660.jpeg\" data-srcset=\"https:\/\/impulsoverde.org\/wp-content\/uploads\/2024\/06\/Reforestacion_en_colombia_narino2024-06-22-at-12.00.16-scaled-990x660.jpeg 990w, https:\/\/impulsoverde.org\/wp-content\/uploads\/2024\/06\/Reforestacion_en_colombia_narino2024-06-22-at-12.00.16-scaled-1683x1122.jpeg 1683w\" loading=\"eager\" style=\"--ratio: 990 \/ 660\" sizes=\"(max-width: 990px) 100vw, 990px\" alt=\"Plantation-Impulso- Verde\" title=\"Reforestation_in_colombia_nari\u00f1o2024-06-22 at 12.00.16\" width=\"990\" height=\"660\"  \/><span class=\"gallery-zoom-ico icomoon-the7-font-the7-plus-12\"><span><\/span><\/span><\/a>\n\t<\/div>\n<\/div>\n\n\n<div class=\"post-entry-content\">\n\n\t<h3 class=\"entry-title\">\n\t\t<a href=\"https:\/\/impulsoverde.org\/en\/narino-united-to-plant-trees-and-leave-a-green-legacy-for-the-planet\/\" title=\"Nari\u00f1o united to plant trees and leave a green legacy for the planet!\" rel=\"bookmark\">Nari\u00f1o united to plant trees and leave a green legacy for the planet!<\/a>\n\t<\/h3>\n\n\t<div class=\"entry-meta\"><span class=\"category-link\"><a href=\"https:\/\/impulsoverde.org\/en\/category\/news\/\" >News<\/a><\/span><\/div>\n\t<div class=\"entry-excerpt\"><p>[vc_row gap=&#8221;35&#8243; bg_type=&#8221;bg_color&#8221; bg_override=&#8221;ex-full&#8221; bg_color_value=&#8221;#056e04&#8243;][vc_column][vc_empty_space height=&#8221;15px&#8221;][\/vc_column][\/vc_row][vc_row][vc_column][vc_single_image image=&#8221;1132&#8243; img_size=&#8221;large&#8221; alignment=&#8221;center&#8221; image_hovers=&#8221;false&#8221; el_class=&#8221;top-omble&#8221;][vc_column_text css=&#8221;&#8221;] Nari\u00f1o united to plant trees and leave a green legacy for the planet! [\/vc_column_text][vc_empty_space height=&#8221;30px&#8221;][\/vc_column][\/vc_row][vc_row gap=&#8221;35&#8243; content_placement=&#8221;middle&#8221;][vc_column width=&#8221;1\/2&#8243;][vc_empty_space height=&#8221;60px&#8221;][vc_single_image image=&#8221;3802&#8243; img_size=&#8221;large&#8221; alignment=&#8221;center&#8221; css=&#8221;&#8221;][vc_column_text css=&#8221;&#8221;]Fourth \u201cSembrat\u00f3n\u201d, Carlosama municipality, Macas village with the Asociaci\u00f3n Ind\u00edgena&hellip;<\/p>\n<\/div>\n\t\n<a href=\"https:\/\/impulsoverde.org\/en\/narino-united-to-plant-trees-and-leave-a-green-legacy-for-the-planet\/\" class=\"post-details details-type-link\" aria-label=\"Read more about Nari\u00f1o united to plant trees and leave a green legacy for the planet!\">More information<i class=\"dt-icon-the7-arrow-03\" aria-hidden=\"true\"><\/i><\/a>\n\n<\/div><\/article><article class=\"post project-even hidden post-2683 type-post status-publish format-standard has-post-thumbnail hentry category-news category-57 description-off\" data-name=\"Ecosystems of the P\u00e1ramo and the Andean forests\" data-date=\"2022-11-29T06:35:23-05:00\">\n\n<div class=\"post-thumbnail-wrap\">\n\t<div class=\"post-thumbnail\">\n\n\t\t\n\t\t\n\t\t<a href=\"https:\/\/impulsoverde.org\/en\/paramo-and-andean-forest-ecosystems\/\" class=\"post-thumbnail-rollover layzr-bg layzr-bg\" ><img decoding=\"async\" class=\"blog-thumb-lazy-load preload-me lazy-load aspect\" src=\"data:image\/svg+xml,%3Csvg%20xmlns%3D&#39;http%3A%2F%2Fwww.w3.org%2F2000%2Fsvg&#39;%20viewBox%3D&#39;0%200%20990%20660&#39;%2F%3E\" data-src=\"https:\/\/impulsoverde.org\/wp-content\/uploads\/2023\/02\/paramos-cordillera-990x660.jpg\" data-srcset=\"https:\/\/impulsoverde.org\/wp-content\/uploads\/2023\/02\/paramos-cordillera-990x660.jpg 990w, https:\/\/impulsoverde.org\/wp-content\/uploads\/2023\/02\/paramos-cordillera-1683x1122.jpg 1683w\" loading=\"eager\" style=\"--ratio: 990 \/ 660\" sizes=\"(max-width: 990px) 100vw, 990px\" alt=\"\" title=\"paramos-cordillera\" width=\"990\" height=\"660\"  \/><span class=\"gallery-zoom-ico icomoon-the7-font-the7-plus-12\"><span><\/span><\/span><\/a>\n\t<\/div>\n<\/div>\n\n\n<div class=\"post-entry-content\">\n\n\t<h3 class=\"entry-title\">\n\t\t<a href=\"https:\/\/impulsoverde.org\/en\/paramo-and-andean-forest-ecosystems\/\" title=\"Ecosystems of the P\u00e1ramo and the Andean forests\" rel=\"bookmark\">Ecosystems of the P\u00e1ramo and the Andean forests<\/a>\n\t<\/h3>\n\n\t<div class=\"entry-meta\"><span class=\"category-link\"><a href=\"https:\/\/impulsoverde.org\/en\/category\/news\/\" >News<\/a><\/span><\/div>\n\t<div class=\"entry-excerpt\"><p>[vc_row gap=&#8221;35&#8243; bg_type=&#8221;bg_color&#8221; bg_override=&#8221;ex-full&#8221; bg_color_value=&#8221;#056e04&#8243;][vc_column][vc_empty_space height=&#8221;15px&#8221;][\/vc_column][\/vc_row][vc_row][vc_column][vc_single_image image=&#8221;1132&#8243; img_size=&#8221;large&#8221; alignment=&#8221;center&#8221; image_hovers=&#8221;false&#8221; el_class=&#8221;top-omble&#8221;][vc_column_text] Ecosystems of the P\u00e1ramo and the Andean forests [\/vc_column_text][vc_empty_space height=&#8221;30px&#8221;][\/vc_column][\/vc_row][vc_row gap=&#8221;35&#8243; content_placement=&#8221;middle&#8221;][vc_column width=&#8221;1\/3&#8243;][vc_empty_space height=&#8221;70px&#8221;][vc_single_image image=&#8221;1608&#8243; img_size=&#8221;large&#8221; alignment=&#8221;center&#8221;][\/vc_column][vc_column width=&#8221;2\/3&#8243;][vc_column_text] The wasteland &nbsp; The p\u00e1ramo is a high mountain ecosystem located in the Andes of South&hellip;<\/p>\n<\/div>\n\t\n<a href=\"https:\/\/impulsoverde.org\/en\/paramo-and-andean-forest-ecosystems\/\" class=\"post-details details-type-link\" aria-label=\"Read more about Ecosystems of the P\u00e1ramo and the Andean forests\">More information<i class=\"dt-icon-the7-arrow-03\" aria-hidden=\"true\"><\/i><\/a>\n\n<\/div><\/article><article class=\"post project-odd hidden post-2687 type-post status-publish format-standard has-post-thumbnail hentry category-news-en category-news category-58 category-57 description-off\" data-name=\"Reforestation exchange in the Amazon\" data-date=\"2022-08-11T06:28:55-05:00\">\n\n<div class=\"post-thumbnail-wrap\">\n\t<div class=\"post-thumbnail\">\n\n\t\t\n\t\t\n\t\t<a href=\"https:\/\/impulsoverde.org\/en\/intercambio-de-reforestacion-en-el-amazonas\/\" class=\"post-thumbnail-rollover layzr-bg layzr-bg\" ><img decoding=\"async\" class=\"blog-thumb-lazy-load preload-me lazy-load aspect\" src=\"data:image\/svg+xml,%3Csvg%20xmlns%3D&#39;http%3A%2F%2Fwww.w3.org%2F2000%2Fsvg&#39;%20viewBox%3D&#39;0%200%20990%20660&#39;%2F%3E\" data-src=\"https:\/\/impulsoverde.org\/wp-content\/uploads\/2023\/02\/Intercambio-Amazonas-Rio-Amazonas-1024x682-1-990x660.jpg\" data-srcset=\"https:\/\/impulsoverde.org\/wp-content\/uploads\/2023\/02\/Intercambio-Amazonas-Rio-Amazonas-1024x682-1-990x660.jpg 990w, https:\/\/impulsoverde.org\/wp-content\/uploads\/2023\/02\/Intercambio-Amazonas-Rio-Amazonas-1024x682-1-1022x682.jpg 1022w\" loading=\"eager\" style=\"--ratio: 990 \/ 660\" sizes=\"(max-width: 990px) 100vw, 990px\" alt=\"\" title=\"Exchange-Amazonas-Rio-Amazonas-1024&#215;682\" width=\"990\" height=\"660\"  \/><span class=\"gallery-zoom-ico icomoon-the7-font-the7-plus-12\"><span><\/span><\/span><\/a>\n\t<\/div>\n<\/div>\n\n\n<div class=\"post-entry-content\">\n\n\t<h3 class=\"entry-title\">\n\t\t<a href=\"https:\/\/impulsoverde.org\/en\/intercambio-de-reforestacion-en-el-amazonas\/\" title=\"Reforestation exchange in the Amazon\" rel=\"bookmark\">Reforestation exchange in the Amazon<\/a>\n\t<\/h3>\n\n\t<div class=\"entry-meta\"><span class=\"category-link\"><a href=\"https:\/\/impulsoverde.org\/en\/category\/news-en\/\" >News<\/a>, <a href=\"https:\/\/impulsoverde.org\/en\/category\/news\/\" >News<\/a><\/span><\/div>\n\t<div class=\"entry-excerpt\"><p>[vc_row gap=&#8221;35&#8243; bg_type=&#8221;bg_color&#8221; bg_override=&#8221;ex-full&#8221; bg_color_value=&#8221;#056e04&#8243;][vc_column][vc_empty_space height=&#8221;15px&#8221;][\/vc_column][\/vc_row][vc_row el_class=&#8221;top-omble&#8221;][vc_column][vc_single_image image=&#8221;1132&#8243; img_size=&#8221;large&#8221; alignment=&#8221;center&#8221; image_hovers=&#8221;false&#8221;][\/vc_column][\/vc_row][vc_row gap=&#8221;3&#8243; css=&#8221;.vc_custom_1676489840177{margin-bottom: 30px !important;}&#8221;][vc_column][vc_column_text] When dialogues meet: exchange in the Amazon on reforestation [\/vc_column_text][\/vc_column][\/vc_row][vc_row gap=&#8221;35&#8243; content_placement=&#8221;middle&#8221;][vc_column width=&#8221;3\/4&#8243;][vc_single_image image=&#8221;1658&#8243; img_size=&#8221;large&#8221; alignment=&#8221;center&#8221;][vc_empty_space height=&#8221;15px&#8221;][vc_column_text] Photographs: Juan Carlos Valencia M. [\/vc_column_text][vc_empty_space height=&#8221;20px&#8221;][\/vc_column][vc_column width=&#8221;1\/4&#8243;][vc_column_text] Last July, three French-Colombian NGOs&hellip;<\/p>\n<\/div>\n\t\n<a href=\"https:\/\/impulsoverde.org\/en\/intercambio-de-reforestacion-en-el-amazonas\/\" class=\"post-details details-type-link\" aria-label=\"Read more about Reforestation exchange in the Amazon\">More information<i class=\"dt-icon-the7-arrow-03\" aria-hidden=\"true\"><\/i><\/a>\n\n<\/div><\/article><article class=\"post project-even hidden post-2736 type-post status-publish format-standard has-post-thumbnail hentry category-news-en category-58 description-off\" data-name=\"Organization of a silvopastoral system presentation seminar\" data-date=\"2021-04-08T06:23:52-05:00\">\n\n<div class=\"post-thumbnail-wrap\">\n\t<div class=\"post-thumbnail\">\n\n\t\t\n\t\t\n\t\t<a href=\"https:\/\/impulsoverde.org\/en\/organizacion-de-un-seminario-de-presentacion-de-sistemas-silvopastorales\/\" class=\"post-thumbnail-rollover layzr-bg layzr-bg\" ><img decoding=\"async\" class=\"blog-thumb-lazy-load preload-me lazy-load aspect\" src=\"data:image\/svg+xml,%3Csvg%20xmlns%3D&#39;http%3A%2F%2Fwww.w3.org%2F2000%2Fsvg&#39;%20viewBox%3D&#39;0%200%20990%20660&#39;%2F%3E\" data-src=\"https:\/\/impulsoverde.org\/wp-content\/uploads\/2023\/02\/reunion-990x660.png\" data-srcset=\"https:\/\/impulsoverde.org\/wp-content\/uploads\/2023\/02\/reunion-990x660.png 990w, https:\/\/impulsoverde.org\/wp-content\/uploads\/2023\/02\/reunion-1200x800.png 1200w\" loading=\"eager\" style=\"--ratio: 990 \/ 660\" sizes=\"(max-width: 990px) 100vw, 990px\" alt=\"\" title=\"meeting\" width=\"990\" height=\"660\"  \/><span class=\"gallery-zoom-ico icomoon-the7-font-the7-plus-12\"><span><\/span><\/span><\/a>\n\t<\/div>\n<\/div>\n\n\n<div class=\"post-entry-content\">\n\n\t<h3 class=\"entry-title\">\n\t\t<a href=\"https:\/\/impulsoverde.org\/en\/organizacion-de-un-seminario-de-presentacion-de-sistemas-silvopastorales\/\" title=\"Organization of a silvopastoral system presentation seminar\" rel=\"bookmark\">Organization of a silvopastoral system presentation seminar<\/a>\n\t<\/h3>\n\n\t<div class=\"entry-meta\"><span class=\"category-link\"><a href=\"https:\/\/impulsoverde.org\/en\/category\/news-en\/\" >News<\/a><\/span><\/div>\n\t<div class=\"entry-excerpt\"><p>[vc_row gap=&#8221;35&#8243; bg_type=&#8221;bg_color&#8221; bg_override=&#8221;ex-full&#8221; bg_color_value=&#8221;#056e04&#8243;][vc_column][vc_empty_space height=&#8221;15px&#8221;][\/vc_column][\/vc_row][vc_row el_class=&#8221;top-omble&#8221;][vc_column][vc_single_image image=&#8221;1132&#8243; img_size=&#8221;large&#8221; alignment=&#8221;center&#8221; image_hovers=&#8221;false&#8221; el_class=&#8221;top-omble&#8221;][vc_column_text] Organization of a seminar to present the silvopastoral system in Pupiales. [\/vc_column_text][vc_empty_space height=&#8221;20px&#8221;][\/vc_column][\/vc_row][vc_row][vc_column width=&#8221;1\/3&#8243;][vc_single_image image=&#8221;1640&#8243; img_size=&#8221;medium&#8221;][vc_empty_space][vc_single_image image=&#8221;1642&#8243; img_size=&#8221;medium&#8221;][vc_empty_space][vc_single_image image=&#8221;1644&#8243; img_size=&#8221;medium&#8221;][vc_empty_space][vc_single_image image=&#8221;1646&#8243; img_size=&#8221;medium&#8221;][\/vc_column][vc_column width=&#8221;2\/3&#8243;][vc_column_text] On March 25, the Fundaci\u00f3n Impulso Verde Kuaspe organized a&hellip;<\/p>\n<\/div>\n\t\n<a href=\"https:\/\/impulsoverde.org\/en\/organizacion-de-un-seminario-de-presentacion-de-sistemas-silvopastorales\/\" class=\"post-details details-type-link\" aria-label=\"Read more about Organization of a silvopastoral system presentation seminar\">More information<i class=\"dt-icon-the7-arrow-03\" aria-hidden=\"true\"><\/i><\/a>\n\n<\/div><\/article><article class=\"post project-odd hidden post-2732 type-post status-publish format-standard has-post-thumbnail hentry category-news category-57 description-off\" data-name=\"Minga de Impulso Verde y la Red de Viveros &#8211; Reforesting the p\u00e1ramo of Cumbal Minga de Impulso Verde and the Network of Nurseries &#8211; Reforesting the p\u00e1ramo of Cumbal\" data-date=\"2020-10-28T06:15:49-05:00\">\n\n<div class=\"post-thumbnail-wrap\">\n\t<div class=\"post-thumbnail\">\n\n\t\t\n\t\t\n\t\t<a href=\"https:\/\/impulsoverde.org\/en\/minga-de-impulso-verde-y-la-red-de-viveros-reforesting-the-paramo-of-cumbal-minga-de-impulso-verde-and-the-network-of-nurseries-reforesting-the-paramo-of-cumbal\/\" class=\"post-thumbnail-rollover layzr-bg layzr-bg\" ><img decoding=\"async\" class=\"blog-thumb-lazy-load preload-me lazy-load aspect\" src=\"data:image\/svg+xml,%3Csvg%20xmlns%3D&#39;http%3A%2F%2Fwww.w3.org%2F2000%2Fsvg&#39;%20viewBox%3D&#39;0%200%20990%20660&#39;%2F%3E\" data-src=\"https:\/\/impulsoverde.org\/wp-content\/uploads\/2023\/02\/laguna_frailejones_impulso_verde-990x660.jpg\" data-srcset=\"https:\/\/impulsoverde.org\/wp-content\/uploads\/2023\/02\/laguna_frailejones_impulso_verde-990x660.jpg 990w, https:\/\/impulsoverde.org\/wp-content\/uploads\/2023\/02\/laguna_frailejones_impulso_verde-1683x1122.jpg 1683w\" loading=\"eager\" style=\"--ratio: 990 \/ 660\" sizes=\"(max-width: 990px) 100vw, 990px\" alt=\"\" title=\"DCIM105GOPROGOPR6183.JPG\" width=\"990\" height=\"660\"  \/><span class=\"gallery-zoom-ico icomoon-the7-font-the7-plus-12\"><span><\/span><\/span><\/a>\n\t<\/div>\n<\/div>\n\n\n<div class=\"post-entry-content\">\n\n\t<h3 class=\"entry-title\">\n\t\t<a href=\"https:\/\/impulsoverde.org\/en\/minga-de-impulso-verde-y-la-red-de-viveros-reforesting-the-paramo-of-cumbal-minga-de-impulso-verde-and-the-network-of-nurseries-reforesting-the-paramo-of-cumbal\/\" title=\"Minga de Impulso Verde y la Red de Viveros &#8211; Reforesting the p\u00e1ramo of Cumbal Minga de Impulso Verde and the Network of Nurseries &#8211; Reforesting the p\u00e1ramo of Cumbal\" rel=\"bookmark\">Minga de Impulso Verde y la Red de Viveros &#8211; Reforesting the p\u00e1ramo of Cumbal Minga de Impulso Verde and the Network of Nurseries &#8211; Reforesting the p\u00e1ramo of Cumbal<\/a>\n\t<\/h3>\n\n\t<div class=\"entry-meta\"><span class=\"category-link\"><a href=\"https:\/\/impulsoverde.org\/en\/category\/news\/\" >News<\/a><\/span><\/div>\n\t<div class=\"entry-excerpt\"><p>[vc_row gap=&#8221;35&#8243; bg_type=&#8221;bg_color&#8221; bg_override=&#8221;ex-full&#8221; bg_color_value=&#8221;#056e04&#8243;][vc_column][vc_empty_space height=&#8221;15px&#8221;][\/vc_column][\/vc_row][vc_row][vc_column][vc_single_image image=&#8221;1132&#8243; img_size=&#8221;large&#8221; alignment=&#8221;center&#8221; image_hovers=&#8221;false&#8221; el_class=&#8221;top-omble&#8221;][vc_column_text] Minga de Impulso Verde and the Network of Nurseries &#8211; Reforesting the p\u00e1ramo of Cumbal [\/vc_column_text][vc_empty_space height=&#8221;30px&#8221;][\/vc_column][\/vc_row][vc_row gap=&#8221;35&#8243; content_placement=&#8221;middle&#8221;][vc_column width=&#8221;1\/2&#8243;][vc_single_image image=&#8221;1636&#8243; img_size=&#8221;large&#8221; alignment=&#8221;center&#8221;][vc_empty_space height=&#8221;20px&#8221;][\/vc_column][vc_column width=&#8221;1\/2&#8243;][vc_column_text] On Sunday, October 18, the agroecological association Puma-Maki, from&hellip;<\/p>\n<\/div>\n\t\n<a href=\"https:\/\/impulsoverde.org\/en\/minga-de-impulso-verde-y-la-red-de-viveros-reforesting-the-paramo-of-cumbal-minga-de-impulso-verde-and-the-network-of-nurseries-reforesting-the-paramo-of-cumbal\/\" class=\"post-details details-type-link\" aria-label=\"Read more about Minga de Impulso Verde y la Red de Viveros &#8211; Reforesting the p\u00e1ramo of Cumbal Minga de Impulso Verde and the Network of Nurseries &#8211; Reforesting the p\u00e1ramo of Cumbal\">More information<i class=\"dt-icon-the7-arrow-03\" aria-hidden=\"true\"><\/i><\/a>\n\n<\/div><\/article><article class=\"post project-even hidden post-2726 type-post status-publish format-standard has-post-thumbnail hentry category-news category-57 description-off\" data-name=\"Vegetable oil training for Impulso Verde Nursery Network\" data-date=\"2020-10-21T06:12:33-05:00\">\n\n<div class=\"post-thumbnail-wrap\">\n\t<div class=\"post-thumbnail\">\n\n\t\t\n\t\t\n\t\t<a href=\"https:\/\/impulsoverde.org\/en\/formacion-sobre-aceite-vegetal-para-la-red-de-viveros-green-impulse\/\" class=\"post-thumbnail-rollover layzr-bg layzr-bg\" ><img decoding=\"async\" class=\"blog-thumb-lazy-load preload-me lazy-load aspect\" src=\"data:image\/svg+xml,%3Csvg%20xmlns%3D&#39;http%3A%2F%2Fwww.w3.org%2F2000%2Fsvg&#39;%20viewBox%3D&#39;0%200%20990%20660&#39;%2F%3E\" data-src=\"https:\/\/impulsoverde.org\/wp-content\/uploads\/2023\/02\/Aceites_vegetales_mani_ajonjoli-1-scaled-1-990x660.jpg\" data-srcset=\"https:\/\/impulsoverde.org\/wp-content\/uploads\/2023\/02\/Aceites_vegetales_mani_ajonjoli-1-scaled-1-990x660.jpg 990w, https:\/\/impulsoverde.org\/wp-content\/uploads\/2023\/02\/Aceites_vegetales_mani_ajonjoli-1-scaled-1-1683x1122.jpg 1683w\" loading=\"eager\" style=\"--ratio: 990 \/ 660\" sizes=\"(max-width: 990px) 100vw, 990px\" alt=\"\" title=\"Aceites_vegetales_mani\u0301_ajonjoli\u0301-1-scaled\" width=\"990\" height=\"660\"  \/><span class=\"gallery-zoom-ico icomoon-the7-font-the7-plus-12\"><span><\/span><\/span><\/a>\n\t<\/div>\n<\/div>\n\n\n<div class=\"post-entry-content\">\n\n\t<h3 class=\"entry-title\">\n\t\t<a href=\"https:\/\/impulsoverde.org\/en\/formacion-sobre-aceite-vegetal-para-la-red-de-viveros-green-impulse\/\" title=\"Vegetable oil training for Impulso Verde Nursery Network\" rel=\"bookmark\">Vegetable oil training for Impulso Verde Nursery Network<\/a>\n\t<\/h3>\n\n\t<div class=\"entry-meta\"><span class=\"category-link\"><a href=\"https:\/\/impulsoverde.org\/en\/category\/news\/\" >News<\/a><\/span><\/div>\n\t<div class=\"entry-excerpt\"><p>[vc_row gap=&#8221;35&#8243; bg_type=&#8221;bg_color&#8221; bg_override=&#8221;ex-full&#8221; bg_color_value=&#8221;#056e04&#8243;][vc_column][vc_empty_space height=&#8221;15px&#8221;][\/vc_column][\/vc_row][vc_row][vc_column][vc_single_image image=&#8221;1132&#8243; img_size=&#8221;large&#8221; alignment=&#8221;center&#8221; image_hovers=&#8221;false&#8221; el_class=&#8221;top-omble&#8221;][vc_column_text] Vegetable oil training for the Green Impulse Nursery Network [\/vc_column_text][vc_empty_space height=&#8221;30px&#8221;][\/vc_column][\/vc_row][vc_row gap=&#8221;35&#8243; content_placement=&#8221;middle&#8221;][vc_column width=&#8221;1\/3&#8243;][vc_empty_space height=&#8221;20px&#8221;][vc_single_image image=&#8221;1588&#8243; img_size=&#8221;large&#8221; alignment=&#8221;center&#8221;][vc_empty_space height=&#8221;20px&#8221;][\/vc_column][vc_column width=&#8221;2\/3&#8243;][vc_column_text] El equipo Impulso Verde por fin tuvo la oportunidad de visitar la Red de&hellip;<\/p>\n<\/div>\n\t\n<a href=\"https:\/\/impulsoverde.org\/en\/formacion-sobre-aceite-vegetal-para-la-red-de-viveros-green-impulse\/\" class=\"post-details details-type-link\" aria-label=\"Read more about Vegetable oil training for Impulso Verde Nursery Network\">More information<i class=\"dt-icon-the7-arrow-03\" aria-hidden=\"true\"><\/i><\/a>\n\n<\/div><\/article><article class=\"post project-odd hidden post-2721 type-post status-publish format-standard has-post-thumbnail hentry category-news category-57 description-off\" data-name=\"Installation of an irrigation system in the Manantial de Vida agroecological association.\" data-date=\"2020-07-31T06:08:02-05:00\">\n\n<div class=\"post-thumbnail-wrap\">\n\t<div class=\"post-thumbnail\">\n\n\t\t\n\t\t\n\t\t<a href=\"https:\/\/impulsoverde.org\/en\/installation-of-an-irrigation-system-in-the-manantial-de-vida-agroecological-association\/\" class=\"post-thumbnail-rollover layzr-bg layzr-bg\" ><img decoding=\"async\" class=\"blog-thumb-lazy-load preload-me lazy-load aspect\" src=\"data:image\/svg+xml,%3Csvg%20xmlns%3D&#39;http%3A%2F%2Fwww.w3.org%2F2000%2Fsvg&#39;%20viewBox%3D&#39;0%200%20990%20660&#39;%2F%3E\" data-src=\"https:\/\/impulsoverde.org\/wp-content\/uploads\/2023\/02\/Luisa_instalacion_sistema_de_riego_impulso_verde-1-990x660.jpeg\" data-srcset=\"https:\/\/impulsoverde.org\/wp-content\/uploads\/2023\/02\/Luisa_instalacion_sistema_de_riego_impulso_verde-1-990x660.jpeg 990w, https:\/\/impulsoverde.org\/wp-content\/uploads\/2023\/02\/Luisa_instalacion_sistema_de_riego_impulso_verde-1-1200x800.jpeg 1200w\" loading=\"eager\" style=\"--ratio: 990 \/ 660\" sizes=\"(max-width: 990px) 100vw, 990px\" alt=\"\" title=\"All-focus\" width=\"990\" height=\"660\"  \/><span class=\"gallery-zoom-ico icomoon-the7-font-the7-plus-12\"><span><\/span><\/span><\/a>\n\t<\/div>\n<\/div>\n\n\n<div class=\"post-entry-content\">\n\n\t<h3 class=\"entry-title\">\n\t\t<a href=\"https:\/\/impulsoverde.org\/en\/installation-of-an-irrigation-system-in-the-manantial-de-vida-agroecological-association\/\" title=\"Installation of an irrigation system in the Manantial de Vida agroecological association.\" rel=\"bookmark\">Installation of an irrigation system in the Manantial de Vida agroecological association.<\/a>\n\t<\/h3>\n\n\t<div class=\"entry-meta\"><span class=\"category-link\"><a href=\"https:\/\/impulsoverde.org\/en\/category\/news\/\" >News<\/a><\/span><\/div>\n\t<div class=\"entry-excerpt\"><p>[vc_row gap=&#8221;35&#8243; bg_type=&#8221;bg_color&#8221; bg_override=&#8221;ex-full&#8221; bg_color_value=&#8221;#056e04&#8243;][vc_column][vc_empty_space height=&#8221;15px&#8221;][\/vc_column][\/vc_row][vc_row][vc_column][vc_single_image image=&#8221;1132&#8243; img_size=&#8221;large&#8221; alignment=&#8221;center&#8221; image_hovers=&#8221;false&#8221; el_class=&#8221;top-omble&#8221;][vc_column_text] Installation of an irrigation system in the Manantial de Vida agroecological association. [\/vc_column_text][vc_empty_space height=&#8221;30px&#8221;][\/vc_column][\/vc_row][vc_row gap=&#8221;35&#8243; content_placement=&#8221;middle&#8221;][vc_column width=&#8221;1\/3&#8243;][vc_single_image image=&#8221;1578&#8243; img_size=&#8221;large&#8221; alignment=&#8221;center&#8221;][vc_empty_space height=&#8221;20px&#8221;][\/vc_column][vc_column width=&#8221;2\/3&#8243;][vc_column_text] The Manantial de Vida agroecological association in the municipality of Potos\u00ed is&hellip;<\/p>\n<\/div>\n\t\n<a href=\"https:\/\/impulsoverde.org\/en\/installation-of-an-irrigation-system-in-the-manantial-de-vida-agroecological-association\/\" class=\"post-details details-type-link\" aria-label=\"Read more about Installation of an irrigation system in the Manantial de Vida agroecological association.\">More information<i class=\"dt-icon-the7-arrow-03\" aria-hidden=\"true\"><\/i><\/a>\n\n<\/div><\/article><article class=\"post project-even hidden post-2717 type-post status-publish format-standard has-post-thumbnail hentry category-resources category-59 description-off\" data-name=\"World Honeybee Day &#8211; May 20th\" data-date=\"2020-05-20T06:04:37-05:00\">\n\n<div class=\"post-thumbnail-wrap\">\n\t<div class=\"post-thumbnail\">\n\n\t\t\n\t\t\n\t\t<a href=\"https:\/\/impulsoverde.org\/en\/world-honeybee-day-may-20th\/\" class=\"post-thumbnail-rollover layzr-bg layzr-bg\" ><img decoding=\"async\" class=\"blog-thumb-lazy-load preload-me lazy-load aspect\" src=\"data:image\/svg+xml,%3Csvg%20xmlns%3D&#39;http%3A%2F%2Fwww.w3.org%2F2000%2Fsvg&#39;%20viewBox%3D&#39;0%200%20990%20660&#39;%2F%3E\" data-src=\"https:\/\/impulsoverde.org\/wp-content\/uploads\/2023\/02\/abejas-990x660.jpg\" data-srcset=\"https:\/\/impulsoverde.org\/wp-content\/uploads\/2023\/02\/abejas-990x660.jpg 990w, https:\/\/impulsoverde.org\/wp-content\/uploads\/2023\/02\/abejas-1683x1122.jpg 1683w\" loading=\"eager\" style=\"--ratio: 990 \/ 660\" sizes=\"(max-width: 990px) 100vw, 990px\" alt=\"\" title=\"bees\" width=\"990\" height=\"660\"  \/><span class=\"gallery-zoom-ico icomoon-the7-font-the7-plus-12\"><span><\/span><\/span><\/a>\n\t<\/div>\n<\/div>\n\n\n<div class=\"post-entry-content\">\n\n\t<h3 class=\"entry-title\">\n\t\t<a href=\"https:\/\/impulsoverde.org\/en\/world-honeybee-day-may-20th\/\" title=\"World Honeybee Day &#8211; May 20th\" rel=\"bookmark\">World Honeybee Day &#8211; May 20th<\/a>\n\t<\/h3>\n\n\t<div class=\"entry-meta\"><span class=\"category-link\"><a href=\"https:\/\/impulsoverde.org\/en\/category\/resources\/\" >Resources<\/a><\/span><\/div>\n\t<div class=\"entry-excerpt\"><p>[vc_row gap=&#8221;35&#8243; bg_type=&#8221;bg_color&#8221; bg_override=&#8221;ex-full&#8221; bg_color_value=&#8221;#056e04&#8243;][vc_column][vc_empty_space height=&#8221;15px&#8221;][\/vc_column][\/vc_row][vc_row][vc_column][vc_single_image image=&#8221;1132&#8243; img_size=&#8221;large&#8221; alignment=&#8221;center&#8221; image_hovers=&#8221;false&#8221; el_class=&#8221;top-omble&#8221;][vc_column_text] World Honeybee Day &#8211; May 20th [\/vc_column_text][vc_empty_space height=&#8221;30px&#8221;][\/vc_column][\/vc_row][vc_row gap=&#8221;35&#8243; content_placement=&#8221;middle&#8221;][vc_column width=&#8221;1\/3&#8243;][vc_single_image image=&#8221;1564&#8243; img_size=&#8221;large&#8221; alignment=&#8221;center&#8221;][vc_empty_space height=&#8221;20px&#8221;][\/vc_column][vc_column width=&#8221;2\/3&#8243;][vc_column_text] May 20 was declared World Bee Day by the United Nations in 2018, reaffirming the commitment to the&hellip;<\/p>\n<\/div>\n\t\n<a href=\"https:\/\/impulsoverde.org\/en\/world-honeybee-day-may-20th\/\" class=\"post-details details-type-link\" aria-label=\"Read more about World Honeybee Day &#8211; May 20th\">More information<i class=\"dt-icon-the7-arrow-03\" aria-hidden=\"true\"><\/i><\/a>\n\n<\/div><\/article><article class=\"post project-odd hidden post-2712 type-post status-publish format-standard has-post-thumbnail hentry category-news category-57 description-off\" data-name=\"Participaci\u00f3n en el concurso de los Premios Latinoam\u00e9rica Verde\" data-date=\"2020-05-15T06:00:47-05:00\">\n\n<div class=\"post-thumbnail-wrap\">\n\t<div class=\"post-thumbnail\">\n\n\t\t\n\t\t\n\t\t<a href=\"https:\/\/impulsoverde.org\/en\/participacion-en-el-concurso-de-los-premios-latinoamerica-verde\/\" class=\"post-thumbnail-rollover layzr-bg layzr-bg\" ><img decoding=\"async\" class=\"blog-thumb-lazy-load preload-me lazy-load aspect\" src=\"data:image\/svg+xml,%3Csvg%20xmlns%3D&#39;http%3A%2F%2Fwww.w3.org%2F2000%2Fsvg&#39;%20viewBox%3D&#39;0%200%20990%20660&#39;%2F%3E\" data-src=\"https:\/\/impulsoverde.org\/wp-content\/uploads\/2023\/02\/latinoamerica-verde-990x660.jpg\" data-srcset=\"https:\/\/impulsoverde.org\/wp-content\/uploads\/2023\/02\/latinoamerica-verde-990x660.jpg 990w, https:\/\/impulsoverde.org\/wp-content\/uploads\/2023\/02\/latinoamerica-verde.jpg 1400w\" loading=\"eager\" style=\"--ratio: 990 \/ 660\" sizes=\"(max-width: 990px) 100vw, 990px\" alt=\"\" title=\"latinoamerica-verde\" width=\"990\" height=\"660\"  \/><span class=\"gallery-zoom-ico icomoon-the7-font-the7-plus-12\"><span><\/span><\/span><\/a>\n\t<\/div>\n<\/div>\n\n\n<div class=\"post-entry-content\">\n\n\t<h3 class=\"entry-title\">\n\t\t<a href=\"https:\/\/impulsoverde.org\/en\/participacion-en-el-concurso-de-los-premios-latinoamerica-verde\/\" title=\"Participaci\u00f3n en el concurso de los Premios Latinoam\u00e9rica Verde\" rel=\"bookmark\">Participaci\u00f3n en el concurso de los Premios Latinoam\u00e9rica Verde<\/a>\n\t<\/h3>\n\n\t<div class=\"entry-meta\"><span class=\"category-link\"><a href=\"https:\/\/impulsoverde.org\/en\/category\/news\/\" >News<\/a><\/span><\/div>\n\t<div class=\"entry-excerpt\"><p>[vc_row gap=&#8221;35&#8243; bg_type=&#8221;bg_color&#8221; bg_override=&#8221;ex-full&#8221; bg_color_value=&#8221;#056e04&#8243;][vc_column][vc_empty_space height=&#8221;15px&#8221;][\/vc_column][\/vc_row][vc_row][vc_column][vc_single_image image=&#8221;1132&#8243; img_size=&#8221;large&#8221; alignment=&#8221;center&#8221; image_hovers=&#8221;false&#8221; el_class=&#8221;top-omble&#8221;][vc_column_text] Participation in the Latin America Green Awards competition [\/vc_column_text][vc_empty_space height=&#8221;30px&#8221;][\/vc_column][\/vc_row][vc_row gap=&#8221;35&#8243; content_placement=&#8221;middle&#8221;][vc_column width=&#8221;1\/4&#8243;][vc_single_image image=&#8221;1552&#8243; img_size=&#8221;large&#8221; alignment=&#8221;center&#8221; onclick=&#8221;link_image&#8221;][vc_empty_space height=&#8221;20px&#8221;][\/vc_column][vc_column width=&#8221;1\/2&#8243;][vc_column_text] Impulso Verde Colombia participated in the 2020 edition of the Latin America Green Awards. The&hellip;<\/p>\n<\/div>\n\t\n<a href=\"https:\/\/impulsoverde.org\/en\/participacion-en-el-concurso-de-los-premios-latinoamerica-verde\/\" class=\"post-details details-type-link\" aria-label=\"Read more about Participaci\u00f3n en el concurso de los Premios Latinoam\u00e9rica Verde\">More information<i class=\"dt-icon-the7-arrow-03\" aria-hidden=\"true\"><\/i><\/a>\n\n<\/div><\/article><article class=\"post project-even hidden post-2708 type-post status-publish format-standard has-post-thumbnail hentry category-resources category-59 description-off\" data-name=\"Luisa Delgado es miembro del equipo de la Fundaci\u00f3n Impulso Verde Colombia\" data-date=\"2020-05-05T05:58:04-05:00\">\n\n<div class=\"post-thumbnail-wrap\">\n\t<div class=\"post-thumbnail\">\n\n\t\t\n\t\t\n\t\t<a href=\"https:\/\/impulsoverde.org\/en\/luisa-delgado-es-miembro-del-equipo-de-la-fundacion-impulso-verde-colombia\/\" class=\"post-thumbnail-rollover layzr-bg layzr-bg\" ><img decoding=\"async\" class=\"blog-thumb-lazy-load preload-me lazy-load aspect\" src=\"data:image\/svg+xml,%3Csvg%20xmlns%3D&#39;http%3A%2F%2Fwww.w3.org%2F2000%2Fsvg&#39;%20viewBox%3D&#39;0%200%20767%20511&#39;%2F%3E\" data-src=\"https:\/\/impulsoverde.org\/wp-content\/uploads\/2023\/02\/luisa_delgado_impluso_verde-767x1024-1-767x511.jpg\" data-srcset=\"https:\/\/impulsoverde.org\/wp-content\/uploads\/2023\/02\/luisa_delgado_impluso_verde-767x1024-1-767x511.jpg 767w\" loading=\"eager\" style=\"--ratio: 767 \/ 511\" sizes=\"(max-width: 767px) 100vw, 767px\" alt=\"\" title=\"luisa_delgado_impluso_verde-767&#215;1024\" width=\"767\" height=\"511\"  \/><span class=\"gallery-zoom-ico icomoon-the7-font-the7-plus-12\"><span><\/span><\/span><\/a>\n\t<\/div>\n<\/div>\n\n\n<div class=\"post-entry-content\">\n\n\t<h3 class=\"entry-title\">\n\t\t<a href=\"https:\/\/impulsoverde.org\/en\/luisa-delgado-es-miembro-del-equipo-de-la-fundacion-impulso-verde-colombia\/\" title=\"Luisa Delgado es miembro del equipo de la Fundaci\u00f3n Impulso Verde Colombia\" rel=\"bookmark\">Luisa Delgado es miembro del equipo de la Fundaci\u00f3n Impulso Verde Colombia<\/a>\n\t<\/h3>\n\n\t<div class=\"entry-meta\"><span class=\"category-link\"><a href=\"https:\/\/impulsoverde.org\/en\/category\/resources\/\" >Resources<\/a><\/span><\/div>\n\t<div class=\"entry-excerpt\"><p>[vc_row gap=&#8221;35&#8243; bg_type=&#8221;bg_color&#8221; bg_override=&#8221;ex-full&#8221; bg_color_value=&#8221;#056e04&#8243;][vc_column][vc_empty_space height=&#8221;15px&#8221;][\/vc_column][\/vc_row][vc_row][vc_column][vc_single_image image=&#8221;1132&#8243; img_size=&#8221;full&#8221; alignment=&#8221;center&#8221; image_hovers=&#8221;false&#8221; el_class=&#8221;top-omble&#8221;][vc_column_text] Luisa Delgado est membre de la la Fondation Impulso Verde Colombia [\/vc_column_text][vc_empty_space height=&#8221;30px&#8221;][\/vc_column][\/vc_row][vc_row gap=&#8221;35&#8243; content_placement=&#8221;middle&#8221;][vc_column width=&#8221;2\/3&#8243;][vc_column_text] Depuis f\u00e9vrier 2020, Luisa Fernanda Delgado Narv\u00e1ez fait partie de l&#8217;\u00e9quipe de la Fundaci\u00f3n Impulso Verde Colombia. Luisa&hellip;<\/p>\n<\/div>\n\t\n<a href=\"https:\/\/impulsoverde.org\/en\/luisa-delgado-es-miembro-del-equipo-de-la-fundacion-impulso-verde-colombia\/\" class=\"post-details details-type-link\" aria-label=\"Read more about Luisa Delgado es miembro del equipo de la Fundaci\u00f3n Impulso Verde Colombia\">More information<i class=\"dt-icon-the7-arrow-03\" aria-hidden=\"true\"><\/i><\/a>\n\n<\/div><\/article><article class=\"post project-odd hidden post-2705 type-post status-publish format-standard has-post-thumbnail hentry category-resources category-59 description-off\" data-name=\"A new association joins the nursery network: the &#8220;Asociaci\u00f3n ind\u00edgena de la Mujer Emprendedora&#8221;.\" data-date=\"2020-02-12T05:55:24-05:00\">\n\n<div class=\"post-thumbnail-wrap\">\n\t<div class=\"post-thumbnail\">\n\n\t\t\n\t\t\n\t\t<a href=\"https:\/\/impulsoverde.org\/en\/a-new-association-joins-the-nursery-network-the-asociacion-indigena-de-la-mujer-emprendedora\/\" class=\"post-thumbnail-rollover layzr-bg layzr-bg\" ><img decoding=\"async\" class=\"blog-thumb-lazy-load preload-me lazy-load aspect\" src=\"data:image\/svg+xml,%3Csvg%20xmlns%3D&#39;http%3A%2F%2Fwww.w3.org%2F2000%2Fsvg&#39;%20viewBox%3D&#39;0%200%20780%20520&#39;%2F%3E\" data-src=\"https:\/\/impulsoverde.org\/wp-content\/uploads\/2023\/02\/mujer_emprendedora-07-780x520.jpg\" data-srcset=\"https:\/\/impulsoverde.org\/wp-content\/uploads\/2023\/02\/mujer_emprendedora-07-780x520.jpg 780w\" loading=\"eager\" style=\"--ratio: 780 \/ 520\" sizes=\"(max-width: 780px) 100vw, 780px\" alt=\"\" title=\"woman_entrepreneur-07\" width=\"780\" height=\"520\"  \/><span class=\"gallery-zoom-ico icomoon-the7-font-the7-plus-12\"><span><\/span><\/span><\/a>\n\t<\/div>\n<\/div>\n\n\n<div class=\"post-entry-content\">\n\n\t<h3 class=\"entry-title\">\n\t\t<a href=\"https:\/\/impulsoverde.org\/en\/a-new-association-joins-the-nursery-network-the-asociacion-indigena-de-la-mujer-emprendedora\/\" title=\"A new association joins the nursery network: the &#8220;Asociaci\u00f3n ind\u00edgena de la Mujer Emprendedora&#8221;.\" rel=\"bookmark\">A new association joins the nursery network: the &#8220;Asociaci\u00f3n ind\u00edgena de la Mujer Emprendedora&#8221;.<\/a>\n\t<\/h3>\n\n\t<div class=\"entry-meta\"><span class=\"category-link\"><a href=\"https:\/\/impulsoverde.org\/en\/category\/resources\/\" >Resources<\/a><\/span><\/div>\n\t<div class=\"entry-excerpt\"><p>[vc_row gap=&#8221;35&#8243; bg_type=&#8221;bg_color&#8221; bg_override=&#8221;ex-full&#8221; bg_color_value=&#8221;#056e04&#8243;][vc_column][vc_empty_space height=&#8221;15px&#8221;][\/vc_column][\/vc_row][vc_row][vc_column][vc_single_image image=&#8221;1132&#8243; img_size=&#8221;large&#8221; alignment=&#8221;center&#8221; image_hovers=&#8221;false&#8221; el_class=&#8221;top-omble&#8221;][vc_column_text] A new association joins the nursery network: La &#8220;Asociaci\u00f3n Ind\u00edgena de Mujeres Empresarias&#8221; [\/vc_column_text][vc_empty_space height=&#8221;30px&#8221;][\/vc_column][\/vc_row][vc_row gap=&#8221;35&#8243; content_placement=&#8221;middle&#8221;][vc_column width=&#8221;1\/2&#8243;][vc_empty_space height=&#8221;20&#8243;][\/vc_column][vc_column width=&#8221;1\/2&#8243;][vc_column_text] As of February 2020, a new association belongs to Impulso Verde&#8217;s &#8220;Green Nursery Network&#8221;.&hellip;<\/p>\n<\/div>\n\t\n<a href=\"https:\/\/impulsoverde.org\/en\/a-new-association-joins-the-nursery-network-the-asociacion-indigena-de-la-mujer-emprendedora\/\" class=\"post-details details-type-link\" aria-label=\"Read more about A new association joins the nursery network: the &#8220;Asociaci\u00f3n ind\u00edgena de la Mujer Emprendedora&#8221;.\">More information<i class=\"dt-icon-the7-arrow-03\" aria-hidden=\"true\"><\/i><\/a>\n\n<\/div><\/article><article class=\"post project-even hidden post-2701 type-post status-publish format-standard has-post-thumbnail hentry category-news category-57 description-off\" data-name=\"Instalaci\u00f3n de colmenas comunitarias en los Andes\" data-date=\"2019-12-06T05:52:10-05:00\">\n\n<div class=\"post-thumbnail-wrap\">\n\t<div class=\"post-thumbnail\">\n\n\t\t\n\t\t\n\t\t<a href=\"https:\/\/impulsoverde.org\/en\/instalacion-de-colmenas-comunitarias-en-los-andes\/\" class=\"post-thumbnail-rollover layzr-bg layzr-bg\" ><img decoding=\"async\" class=\"blog-thumb-lazy-load preload-me lazy-load aspect\" src=\"data:image\/svg+xml,%3Csvg%20xmlns%3D&#39;http%3A%2F%2Fwww.w3.org%2F2000%2Fsvg&#39;%20viewBox%3D&#39;0%200%20990%20660&#39;%2F%3E\" data-src=\"https:\/\/impulsoverde.org\/wp-content\/uploads\/2023\/02\/colmenas_comunitarias_los_andes-03-990x660.jpg\" data-srcset=\"https:\/\/impulsoverde.org\/wp-content\/uploads\/2023\/02\/colmenas_comunitarias_los_andes-03-990x660.jpg 990w, https:\/\/impulsoverde.org\/wp-content\/uploads\/2023\/02\/colmenas_comunitarias_los_andes-03-1200x800.jpg 1200w\" loading=\"eager\" style=\"--ratio: 990 \/ 660\" sizes=\"(max-width: 990px) 100vw, 990px\" alt=\"\" title=\"Community beehives the andes &#8211; 03\" width=\"990\" height=\"660\"  \/><span class=\"gallery-zoom-ico icomoon-the7-font-the7-plus-12\"><span><\/span><\/span><\/a>\n\t<\/div>\n<\/div>\n\n\n<div class=\"post-entry-content\">\n\n\t<h3 class=\"entry-title\">\n\t\t<a href=\"https:\/\/impulsoverde.org\/en\/instalacion-de-colmenas-comunitarias-en-los-andes\/\" title=\"Instalaci\u00f3n de colmenas comunitarias en los Andes\" rel=\"bookmark\">Instalaci\u00f3n de colmenas comunitarias en los Andes<\/a>\n\t<\/h3>\n\n\t<div class=\"entry-meta\"><span class=\"category-link\"><a href=\"https:\/\/impulsoverde.org\/en\/category\/news\/\" >News<\/a><\/span><\/div>\n\t<div class=\"entry-excerpt\"><p>[vc_row gap=&#8221;35&#8243; bg_type=&#8221;bg_color&#8221; bg_override=&#8221;ex-full&#8221; bg_color_value=&#8221;#056e04&#8243;][vc_column][vc_empty_space height=&#8221;15px&#8221;][\/vc_column][\/vc_row][vc_row][vc_column][vc_single_image image=&#8221;1132&#8243; img_size=&#8221;large&#8221; alignment=&#8221;center&#8221; el_class=&#8221;top-omble&#8221;][vc_column_text] Installation of community beehives in the Andes [\/vc_column_text][vc_empty_space height=&#8221;30px&#8221;][\/vc_column][\/vc_row][vc_row gap=&#8221;35&#8243; content_placement=&#8221;middle&#8221;][vc_column width=&#8221;1\/3&#8243;][vc_single_image image=&#8221;1526&#8243; img_size=&#8221;medium&#8221; alignment=&#8221;center&#8221; onclick=&#8221;link_image&#8221;][vc_empty_space height=&#8221;20px&#8221;][\/vc_column][vc_column width=&#8221;2\/3&#8243;][vc_column_text] El proyecto de apicultura comenz\u00f3 en octubre de 2019 con las 4 asociaciones comunitarias de Aldana, Cumbal,&hellip;<\/p>\n<\/div>\n\t\n<a href=\"https:\/\/impulsoverde.org\/en\/instalacion-de-colmenas-comunitarias-en-los-andes\/\" class=\"post-details details-type-link\" aria-label=\"Read more about Instalaci\u00f3n de colmenas comunitarias en los Andes\">More information<i class=\"dt-icon-the7-arrow-03\" aria-hidden=\"true\"><\/i><\/a>\n\n<\/div><\/article><article class=\"post project-odd hidden post-2697 type-post status-publish format-standard has-post-thumbnail hentry category-resources category-59 description-off\" data-name=\"Visit of the French Development Agency (AFD)\" data-date=\"2019-11-30T05:48:32-05:00\">\n\n<div class=\"post-thumbnail-wrap\">\n\t<div class=\"post-thumbnail\">\n\n\t\t\n\t\t\n\t\t<a href=\"https:\/\/impulsoverde.org\/en\/visit-of-the-french-development-agency-afd\/\" class=\"post-thumbnail-rollover layzr-bg layzr-bg\" ><img decoding=\"async\" class=\"blog-thumb-lazy-load preload-me lazy-load aspect\" src=\"data:image\/svg+xml,%3Csvg%20xmlns%3D&#39;http%3A%2F%2Fwww.w3.org%2F2000%2Fsvg&#39;%20viewBox%3D&#39;0%200%20990%20660&#39;%2F%3E\" data-src=\"https:\/\/impulsoverde.org\/wp-content\/uploads\/2023\/02\/visita_agencia_francesa_desarrollo_04-990x660.jpg\" data-srcset=\"https:\/\/impulsoverde.org\/wp-content\/uploads\/2023\/02\/visita_agencia_francesa_desarrollo_04-990x660.jpg 990w, https:\/\/impulsoverde.org\/wp-content\/uploads\/2023\/02\/visita_agencia_francesa_desarrollo_04-1200x800.jpg 1200w\" loading=\"eager\" style=\"--ratio: 990 \/ 660\" sizes=\"(max-width: 990px) 100vw, 990px\" alt=\"\" title=\"visit_french_development_agency_04\" width=\"990\" height=\"660\"  \/><span class=\"gallery-zoom-ico icomoon-the7-font-the7-plus-12\"><span><\/span><\/span><\/a>\n\t<\/div>\n<\/div>\n\n\n<div class=\"post-entry-content\">\n\n\t<h3 class=\"entry-title\">\n\t\t<a href=\"https:\/\/impulsoverde.org\/en\/visit-of-the-french-development-agency-afd\/\" title=\"Visit of the French Development Agency (AFD)\" rel=\"bookmark\">Visit of the French Development Agency (AFD)<\/a>\n\t<\/h3>\n\n\t<div class=\"entry-meta\"><span class=\"category-link\"><a href=\"https:\/\/impulsoverde.org\/en\/category\/resources\/\" >Resources<\/a><\/span><\/div>\n\t<div class=\"entry-excerpt\"><p>[vc_row gap=&#8221;35&#8243; bg_type=&#8221;bg_color&#8221; bg_override=&#8221;ex-full&#8221; bg_color_value=&#8221;#056e04&#8243;][vc_column][vc_empty_space height=&#8221;15px&#8221;][\/vc_column][\/vc_row][vc_row][vc_column][vc_single_image image=&#8221;1132&#8243; img_size=&#8221;large&#8221; alignment=&#8221;center&#8221; image_hovers=&#8221;false&#8221; el_class=&#8221;top-omble&#8221;][vc_column_text] Visit of the French Development Agency (AFD) [\/vc_column_text][vc_empty_space height=&#8221;30px&#8221;][\/vc_column][\/vc_row][vc_row gap=&#8221;35&#8243; content_placement=&#8221;middle&#8221;][vc_column width=&#8221;1\/2&#8243;][vc_column_text] At the end of 2018, the three French associations, Up2green Reforestation, Envol Vert and Forestever, decided to organize themselves into a consortium&hellip;<\/p>\n<\/div>\n\t\n<a href=\"https:\/\/impulsoverde.org\/en\/visit-of-the-french-development-agency-afd\/\" class=\"post-details details-type-link\" aria-label=\"Read more about Visit of the French Development Agency (AFD)\">More information<i class=\"dt-icon-the7-arrow-03\" aria-hidden=\"true\"><\/i><\/a>\n\n<\/div><\/article><article class=\"post project-even hidden post-2692 type-post status-publish format-standard has-post-thumbnail hentry category-resources category-59 description-off\" data-name=\"Agreement with Universidad Nacional Abierta y a Distancia (UNAD)\" data-date=\"2019-10-16T05:42:20-05:00\">\n\n<div class=\"post-thumbnail-wrap\">\n\t<div class=\"post-thumbnail\">\n\n\t\t\n\t\t\n\t\t<a href=\"https:\/\/impulsoverde.org\/en\/agreement-with-universidad-nacional-abierta-y-a-distancia-unad\/\" class=\"post-thumbnail-rollover layzr-bg layzr-bg\" ><img decoding=\"async\" class=\"blog-thumb-lazy-load preload-me lazy-load aspect\" src=\"data:image\/svg+xml,%3Csvg%20xmlns%3D&#39;http%3A%2F%2Fwww.w3.org%2F2000%2Fsvg&#39;%20viewBox%3D&#39;0%200%20990%20660&#39;%2F%3E\" data-src=\"https:\/\/impulsoverde.org\/wp-content\/uploads\/2023\/02\/groupe_unad_impulso_verde-990x660.jpg\" data-srcset=\"https:\/\/impulsoverde.org\/wp-content\/uploads\/2023\/02\/groupe_unad_impulso_verde-990x660.jpg 990w, https:\/\/impulsoverde.org\/wp-content\/uploads\/2023\/02\/groupe_unad_impulso_verde-1024x682.jpg 1024w\" loading=\"eager\" style=\"--ratio: 990 \/ 660\" sizes=\"(max-width: 990px) 100vw, 990px\" alt=\"\" title=\"groupe_unad_impulso_verde\" width=\"990\" height=\"660\"  \/><span class=\"gallery-zoom-ico icomoon-the7-font-the7-plus-12\"><span><\/span><\/span><\/a>\n\t<\/div>\n<\/div>\n\n\n<div class=\"post-entry-content\">\n\n\t<h3 class=\"entry-title\">\n\t\t<a href=\"https:\/\/impulsoverde.org\/en\/agreement-with-universidad-nacional-abierta-y-a-distancia-unad\/\" title=\"Agreement with Universidad Nacional Abierta y a Distancia (UNAD)\" rel=\"bookmark\">Agreement with Universidad Nacional Abierta y a Distancia (UNAD)<\/a>\n\t<\/h3>\n\n\t<div class=\"entry-meta\"><span class=\"category-link\"><a href=\"https:\/\/impulsoverde.org\/en\/category\/resources\/\" >Resources<\/a><\/span><\/div>\n\t<div class=\"entry-excerpt\"><p>[vc_row gap=&#8221;35&#8243; bg_type=&#8221;bg_color&#8221; bg_override=&#8221;ex-full&#8221; bg_color_value=&#8221;#056e04&#8243;][vc_column][vc_empty_space height=&#8221;15px&#8221;][\/vc_column][\/vc_row][vc_row][vc_column][vc_single_image image=&#8221;1132&#8243; img_size=&#8221;large&#8221; alignment=&#8221;center&#8221; image_hovers=&#8221;false&#8221; el_class=&#8221;top-omble&#8221;][vc_column_text] Agreement with Universidad Nacional Abierta y a Distancia (UNAD) [\/vc_column_text][vc_empty_space height=&#8221;30px&#8221;][\/vc_column][\/vc_row][vc_row gap=&#8221;35&#8243; content_placement=&#8221;top&#8221;][vc_column][vc_column_text] La Fundaci\u00f3n Impulso Verde Colombia y la Universidad Nacional Abierta y a Distancia (UNAD) firmaron un convenio de cooperaci\u00f3n interinstitucional para&hellip;<\/p>\n<\/div>\n\t\n<a href=\"https:\/\/impulsoverde.org\/en\/agreement-with-universidad-nacional-abierta-y-a-distancia-unad\/\" class=\"post-details details-type-link\" aria-label=\"Read more about Agreement with Universidad Nacional Abierta y a Distancia (UNAD)\">More information<i class=\"dt-icon-the7-arrow-03\" aria-hidden=\"true\"><\/i><\/a>\n\n<\/div><\/article><div class=\"paginator paginator-more-button\">\n\t\t\t\t<a class=\"button-load-more \" href=\"javascript:void(0);\" data-dt-page=\"1\" ><span class=\"stick\"><\/span><span class=\"stick\"><\/span><span class=\"stick\"><\/span><span class=\"button-caption\">Load more<\/span><\/a>\n\t\t\t<\/div><\/div>[\/vc_column][vc_column width=&#8221;1\/3&#8243;][vc_widget_sidebar sidebar_id=&#8221;sidebar_1&#8243;][\/vc_column][\/vc_row]<\/p>\n<\/div>","protected":false},"excerpt":{"rendered":"<p>[vc_row bg_type=&#8221;bg_color&#8221; bg_override=&#8221;ex-full&#8221; bg_color_value=&#8221;#056e04&#8243; el_class=&#8221;lien-piste&#8221;][vc_column][\/vc_column][\/vc_row][vc_row el_class=&#8221;top-omble&#8221;][vc_column][vc_single_image image=&#8221;1132&#8243; img_size=&#8221;large&#8221; alignment=&#8221;center&#8221; image_hovers=&#8221;false&#8221;][\/vc_column][\/vc_row][vc_row content_placement=&#8221;top&#8221; el_class=&#8221;noticia&#8221;][vc_column width=&#8221;2\/3&#8243;][\/vc_column][vc_column width=&#8221;1\/3&#8243;][vc_widget_sidebar sidebar_id=&#8221;sidebar_1&#8243;][\/vc_column][\/vc_row]<\/p>\n","protected":false},"author":1,"featured_media":1296,"parent":0,"menu_order":0,"comment_status":"closed","ping_status":"closed","template":"","meta":{"footnotes":""},"class_list":["post-2637","page","type-page","status-publish","has-post-thumbnail","hentry","description-off"],"yoast_head":"<!-- This site is optimized with the Yoast SEO plugin v27.5 - https:\/\/yoast.com\/product\/yoast-seo-wordpress\/ -->\n<title>News - Impulso Verde<\/title>\n<meta name=\"robots\" content=\"index, follow, max-snippet:-1, max-image-preview:large, max-video-preview:-1\" \/>\n<link rel=\"canonical\" href=\"https:\/\/impulsoverde.org\/en\/news\/\" \/>\n<meta property=\"og:locale\" content=\"en_US\" \/>\n<meta property=\"og:type\" content=\"article\" \/>\n<meta property=\"og:title\" content=\"News - Impulso Verde\" \/>\n<meta property=\"og:description\" content=\"[vc_row bg_type=&#8221;bg_color&#8221; bg_override=&#8221;ex-full&#8221; bg_color_value=&#8221;#056e04&#8243; el_class=&#8221;lien-piste&#8221;][vc_column][\/vc_column][\/vc_row][vc_row el_class=&#8221;top-omble&#8221;][vc_column][vc_single_image image=&#8221;1132&#8243; img_size=&#8221;large&#8221; alignment=&#8221;center&#8221; image_hovers=&#8221;false&#8221;][\/vc_column][\/vc_row][vc_row content_placement=&#8221;top&#8221; el_class=&#8221;noticia&#8221;][vc_column width=&#8221;2\/3&#8243;][\/vc_column][vc_column width=&#8221;1\/3&#8243;][vc_widget_sidebar sidebar_id=&#8221;sidebar_1&#8243;][\/vc_column][\/vc_row]\" \/>\n<meta property=\"og:url\" content=\"https:\/\/impulsoverde.org\/en\/news\/\" \/>\n<meta property=\"og:site_name\" content=\"Impulso Verde\" \/>\n<meta property=\"article:publisher\" content=\"https:\/\/www.facebook.com\/fundacionimpulsoverde\/\" \/>\n<meta property=\"article:modified_time\" content=\"2023-02-20T13:53:14+00:00\" \/>\n<meta property=\"og:image\" content=\"https:\/\/impulsoverde.org\/wp-content\/uploads\/2023\/02\/noticias_impulso-verde-2023.jpg\" \/>\n\t<meta property=\"og:image:width\" content=\"1920\" \/>\n\t<meta property=\"og:image:height\" content=\"800\" \/>\n\t<meta property=\"og:image:type\" content=\"image\/jpeg\" \/>\n<meta name=\"twitter:card\" content=\"summary_large_image\" \/>\n<meta name=\"twitter:label1\" content=\"Est. reading time\" \/>\n\t<meta name=\"twitter:data1\" content=\"1 minute\" \/>\n<script type=\"application\/ld+json\" class=\"yoast-schema-graph\">{\"@context\":\"https:\\\/\\\/schema.org\",\"@graph\":[{\"@type\":\"WebPage\",\"@id\":\"https:\\\/\\\/impulsoverde.org\\\/en\\\/news\\\/\",\"url\":\"https:\\\/\\\/impulsoverde.org\\\/en\\\/news\\\/\",\"name\":\"News - Impulso Verde\",\"isPartOf\":{\"@id\":\"https:\\\/\\\/impulsoverde.org\\\/en\\\/#website\"},\"primaryImageOfPage\":{\"@id\":\"https:\\\/\\\/impulsoverde.org\\\/en\\\/news\\\/#primaryimage\"},\"image\":{\"@id\":\"https:\\\/\\\/impulsoverde.org\\\/en\\\/news\\\/#primaryimage\"},\"thumbnailUrl\":\"https:\\\/\\\/impulsoverde.org\\\/wp-content\\\/uploads\\\/2023\\\/02\\\/noticias_impulso-verde-2023.jpg\",\"datePublished\":\"2023-02-10T18:06:22+00:00\",\"dateModified\":\"2023-02-20T13:53:14+00:00\",\"breadcrumb\":{\"@id\":\"https:\\\/\\\/impulsoverde.org\\\/en\\\/news\\\/#breadcrumb\"},\"inLanguage\":\"en-US\",\"potentialAction\":[{\"@type\":\"ReadAction\",\"target\":[\"https:\\\/\\\/impulsoverde.org\\\/en\\\/news\\\/\"]}]},{\"@type\":\"ImageObject\",\"inLanguage\":\"en-US\",\"@id\":\"https:\\\/\\\/impulsoverde.org\\\/en\\\/news\\\/#primaryimage\",\"url\":\"https:\\\/\\\/impulsoverde.org\\\/wp-content\\\/uploads\\\/2023\\\/02\\\/noticias_impulso-verde-2023.jpg\",\"contentUrl\":\"https:\\\/\\\/impulsoverde.org\\\/wp-content\\\/uploads\\\/2023\\\/02\\\/noticias_impulso-verde-2023.jpg\",\"width\":1920,\"height\":800},{\"@type\":\"BreadcrumbList\",\"@id\":\"https:\\\/\\\/impulsoverde.org\\\/en\\\/news\\\/#breadcrumb\",\"itemListElement\":[{\"@type\":\"ListItem\",\"position\":1,\"name\":\"Inicio\",\"item\":\"https:\\\/\\\/impulsoverde.org\\\/en\\\/\"},{\"@type\":\"ListItem\",\"position\":2,\"name\":\"News\"}]},{\"@type\":\"WebSite\",\"@id\":\"https:\\\/\\\/impulsoverde.org\\\/en\\\/#website\",\"url\":\"https:\\\/\\\/impulsoverde.org\\\/en\\\/\",\"name\":\"Impulso Verde\",\"description\":\"Impulso Verde\",\"publisher\":{\"@id\":\"https:\\\/\\\/impulsoverde.org\\\/en\\\/#organization\"},\"potentialAction\":[{\"@type\":\"SearchAction\",\"target\":{\"@type\":\"EntryPoint\",\"urlTemplate\":\"https:\\\/\\\/impulsoverde.org\\\/en\\\/?s={search_term_string}\"},\"query-input\":{\"@type\":\"PropertyValueSpecification\",\"valueRequired\":true,\"valueName\":\"search_term_string\"}}],\"inLanguage\":\"en-US\"},{\"@type\":\"Organization\",\"@id\":\"https:\\\/\\\/impulsoverde.org\\\/en\\\/#organization\",\"name\":\"Impulso Verde\",\"url\":\"https:\\\/\\\/impulsoverde.org\\\/en\\\/\",\"logo\":{\"@type\":\"ImageObject\",\"inLanguage\":\"en-US\",\"@id\":\"https:\\\/\\\/impulsoverde.org\\\/en\\\/#\\\/schema\\\/logo\\\/image\\\/\",\"url\":\"https:\\\/\\\/impulsoverde.org\\\/wp-content\\\/uploads\\\/2023\\\/02\\\/logo_impulso_verde_r-2023.png\",\"contentUrl\":\"https:\\\/\\\/impulsoverde.org\\\/wp-content\\\/uploads\\\/2023\\\/02\\\/logo_impulso_verde_r-2023.png\",\"width\":300,\"height\":346,\"caption\":\"Impulso Verde\"},\"image\":{\"@id\":\"https:\\\/\\\/impulsoverde.org\\\/en\\\/#\\\/schema\\\/logo\\\/image\\\/\"},\"sameAs\":[\"https:\\\/\\\/www.facebook.com\\\/fundacionimpulsoverde\\\/\",\"https:\\\/\\\/www.instagram.com\\\/fundacionimpulsoverde\\\/\",\"https:\\\/\\\/www.youtube.com\\\/channel\\\/UCwE9ZP8PS7IbxVncgZgjl1w\\\/featured\"]}]}<\/script>\n<!-- \/ Yoast SEO plugin. -->","yoast_head_json":{"title":"News - Impulso Verde","robots":{"index":"index","follow":"follow","max-snippet":"max-snippet:-1","max-image-preview":"max-image-preview:large","max-video-preview":"max-video-preview:-1"},"canonical":"https:\/\/impulsoverde.org\/en\/news\/","og_locale":"en_US","og_type":"article","og_title":"News - Impulso Verde","og_description":"[vc_row bg_type=&#8221;bg_color&#8221; bg_override=&#8221;ex-full&#8221; bg_color_value=&#8221;#056e04&#8243; el_class=&#8221;lien-piste&#8221;][vc_column][\/vc_column][\/vc_row][vc_row el_class=&#8221;top-omble&#8221;][vc_column][vc_single_image image=&#8221;1132&#8243; img_size=&#8221;large&#8221; alignment=&#8221;center&#8221; image_hovers=&#8221;false&#8221;][\/vc_column][\/vc_row][vc_row content_placement=&#8221;top&#8221; el_class=&#8221;noticia&#8221;][vc_column width=&#8221;2\/3&#8243;][\/vc_column][vc_column width=&#8221;1\/3&#8243;][vc_widget_sidebar sidebar_id=&#8221;sidebar_1&#8243;][\/vc_column][\/vc_row]","og_url":"https:\/\/impulsoverde.org\/en\/news\/","og_site_name":"Impulso Verde","article_publisher":"https:\/\/www.facebook.com\/fundacionimpulsoverde\/","article_modified_time":"2023-02-20T13:53:14+00:00","og_image":[{"width":1920,"height":800,"url":"https:\/\/impulsoverde.org\/wp-content\/uploads\/2023\/02\/noticias_impulso-verde-2023.jpg","type":"image\/jpeg"}],"twitter_card":"summary_large_image","twitter_misc":{"Est. reading time":"1 minute"},"schema":{"@context":"https:\/\/schema.org","@graph":[{"@type":"WebPage","@id":"https:\/\/impulsoverde.org\/en\/news\/","url":"https:\/\/impulsoverde.org\/en\/news\/","name":"News - Impulso Verde","isPartOf":{"@id":"https:\/\/impulsoverde.org\/en\/#website"},"primaryImageOfPage":{"@id":"https:\/\/impulsoverde.org\/en\/news\/#primaryimage"},"image":{"@id":"https:\/\/impulsoverde.org\/en\/news\/#primaryimage"},"thumbnailUrl":"https:\/\/impulsoverde.org\/wp-content\/uploads\/2023\/02\/noticias_impulso-verde-2023.jpg","datePublished":"2023-02-10T18:06:22+00:00","dateModified":"2023-02-20T13:53:14+00:00","breadcrumb":{"@id":"https:\/\/impulsoverde.org\/en\/news\/#breadcrumb"},"inLanguage":"en-US","potentialAction":[{"@type":"ReadAction","target":["https:\/\/impulsoverde.org\/en\/news\/"]}]},{"@type":"ImageObject","inLanguage":"en-US","@id":"https:\/\/impulsoverde.org\/en\/news\/#primaryimage","url":"https:\/\/impulsoverde.org\/wp-content\/uploads\/2023\/02\/noticias_impulso-verde-2023.jpg","contentUrl":"https:\/\/impulsoverde.org\/wp-content\/uploads\/2023\/02\/noticias_impulso-verde-2023.jpg","width":1920,"height":800},{"@type":"BreadcrumbList","@id":"https:\/\/impulsoverde.org\/en\/news\/#breadcrumb","itemListElement":[{"@type":"ListItem","position":1,"name":"Inicio","item":"https:\/\/impulsoverde.org\/en\/"},{"@type":"ListItem","position":2,"name":"News"}]},{"@type":"WebSite","@id":"https:\/\/impulsoverde.org\/en\/#website","url":"https:\/\/impulsoverde.org\/en\/","name":"Impulso Verde","description":"Impulso Verde","publisher":{"@id":"https:\/\/impulsoverde.org\/en\/#organization"},"potentialAction":[{"@type":"SearchAction","target":{"@type":"EntryPoint","urlTemplate":"https:\/\/impulsoverde.org\/en\/?s={search_term_string}"},"query-input":{"@type":"PropertyValueSpecification","valueRequired":true,"valueName":"search_term_string"}}],"inLanguage":"en-US"},{"@type":"Organization","@id":"https:\/\/impulsoverde.org\/en\/#organization","name":"Impulso Verde","url":"https:\/\/impulsoverde.org\/en\/","logo":{"@type":"ImageObject","inLanguage":"en-US","@id":"https:\/\/impulsoverde.org\/en\/#\/schema\/logo\/image\/","url":"https:\/\/impulsoverde.org\/wp-content\/uploads\/2023\/02\/logo_impulso_verde_r-2023.png","contentUrl":"https:\/\/impulsoverde.org\/wp-content\/uploads\/2023\/02\/logo_impulso_verde_r-2023.png","width":300,"height":346,"caption":"Impulso Verde"},"image":{"@id":"https:\/\/impulsoverde.org\/en\/#\/schema\/logo\/image\/"},"sameAs":["https:\/\/www.facebook.com\/fundacionimpulsoverde\/","https:\/\/www.instagram.com\/fundacionimpulsoverde\/","https:\/\/www.youtube.com\/channel\/UCwE9ZP8PS7IbxVncgZgjl1w\/featured"]}]}},"_links":{"self":[{"href":"https:\/\/impulsoverde.org\/en\/wp-json\/wp\/v2\/pages\/2637","targetHints":{"allow":["GET"]}}],"collection":[{"href":"https:\/\/impulsoverde.org\/en\/wp-json\/wp\/v2\/pages"}],"about":[{"href":"https:\/\/impulsoverde.org\/en\/wp-json\/wp\/v2\/types\/page"}],"author":[{"embeddable":true,"href":"https:\/\/impulsoverde.org\/en\/wp-json\/wp\/v2\/users\/1"}],"replies":[{"embeddable":true,"href":"https:\/\/impulsoverde.org\/en\/wp-json\/wp\/v2\/comments?post=2637"}],"version-history":[{"count":3,"href":"https:\/\/impulsoverde.org\/en\/wp-json\/wp\/v2\/pages\/2637\/revisions"}],"predecessor-version":[{"id":2884,"href":"https:\/\/impulsoverde.org\/en\/wp-json\/wp\/v2\/pages\/2637\/revisions\/2884"}],"wp:featuredmedia":[{"embeddable":true,"href":"https:\/\/impulsoverde.org\/en\/wp-json\/wp\/v2\/media\/1296"}],"wp:attachment":[{"href":"https:\/\/impulsoverde.org\/en\/wp-json\/wp\/v2\/media?parent=2637"}],"curies":[{"name":"wp","href":"https:\/\/api.w.org\/{rel}","templated":true}]}}