{"id":2091,"date":"2020-07-28T05:15:48","date_gmt":"2020-07-28T10:15:48","guid":{"rendered":"https:\/\/impulsoverde.org\/dt_team\/luisa-delgado-narvaez\/"},"modified":"2023-07-10T14:56:15","modified_gmt":"2023-07-10T19:56:15","slug":"luisa-delgado-narvaez","status":"publish","type":"dt_team","link":"https:\/\/impulsoverde.org\/fr\/dt_team\/luisa-delgado-narvaez\/","title":{"rendered":"Luisa Delgado Narv\u00e1ez"},"content":{"rendered":"<div class=\"wpb-content-wrapper\"><p>[vc_row bg_type=\u00a0\u00bbbg_color\u00a0\u00bb bg_override=\u00a0\u00bbex-full\u00a0\u00bb bg_color_value=\u00a0\u00bb#056e04&Prime;][vc_column][vc_empty_space height=\u00a0\u00bb15px\u00a0\u00bb]<style type=\"text\/css\" data-type=\"the7_shortcodes-inline-css\">#default-btn-3963e2bf0ed624d4accb1507a254c359 {\n  font-size: 14px;\n  line-height: 16px;\n  padding: 4px 0px 4px 0px;\n}\n#default-btn-3963e2bf0ed624d4accb1507a254c359.ico-right-side > i {\n  margin-right: 0px;\n  margin-left: 8px;\n}\n#default-btn-3963e2bf0ed624d4accb1507a254c359:after {\n  height: 2px;\n  background: #ffffff !important;\n}\n#default-btn-3963e2bf0ed624d4accb1507a254c359 > i {\n  margin-right: 8px;\n  font-size: 14px;\n}\n#default-btn-3963e2bf0ed624d4accb1507a254c359:not(:hover),\n#default-btn-3963e2bf0ed624d4accb1507a254c359.link-hover-off:hover {\n  color: #ffffff;\n  background: none;\n}\n#default-btn-3963e2bf0ed624d4accb1507a254c359:not(:hover) *,\n#default-btn-3963e2bf0ed624d4accb1507a254c359.link-hover-off:hover * {\n  color: #ffffff;\n  background: none;\n}\n#default-btn-3963e2bf0ed624d4accb1507a254c359:not(.link-hover-off):hover {\n  color: #ffffff;\n  background: none;\n}\n#default-btn-3963e2bf0ed624d4accb1507a254c359:not(.link-hover-off):hover * {\n  color: #ffffff;\n  background: none;\n}\n#default-btn-3963e2bf0ed624d4accb1507a254c359.ico-right-side > i {\n  margin-right: 0px;\n  margin-left: 8px;\n}\n#default-btn-3963e2bf0ed624d4accb1507a254c359 > i {\n  margin-right: 8px;\n}\n<\/style><div class=\"btn-align-center\"><a href=\"https:\/\/impulsoverde.org\/fr\/la-fondation\/qui-sommes-nous\/\" class=\"default-btn-shortcode dt-btn-link upwards-line \" id=\"default-btn-3963e2bf0ed624d4accb1507a254c359\" title=\"Retour\"><i class=\"dt-icon-the7-misc-099\"><\/i><span>Retour<\/span><\/a><\/div>[vc_empty_space height=\u00a0\u00bb15px\u00a0\u00bb][\/vc_column][\/vc_row][vc_row gap=\u00a0\u00bb3&Prime; content_placement=\u00a0\u00bbtop\u00a0\u00bb][vc_column][vc_single_image image=\u00a0\u00bb1133&Prime; img_size=\u00a0\u00bblarge\u00a0\u00bb alignment=\u00a0\u00bbcenter\u00a0\u00bb image_hovers=\u00a0\u00bbfalse\u00a0\u00bb][vc_empty_space height=\u00a0\u00bb30px\u00a0\u00bb][vc_column_text]<\/p>\n<h2 style=\"text-align: center\"><span style=\"color: #056e04\">Luisa Delgado Narv\u00e1ez &#8211; Coordinatrice Reforestation et Apiculture<\/span><\/h2>\n<p>[\/vc_column_text][vc_empty_space height=\u00a0\u00bb30px\u00a0\u00bb][\/vc_column][\/vc_row][vc_row gap=\u00a0\u00bb35&Prime; content_placement=\u00a0\u00bbmiddle\u00a0\u00bb][vc_column width=\u00a0\u00bb2\/3&Prime;][vc_column_text]<\/p>\n<p style=\"text-align: justify\">Luisa est originaire de la r\u00e9gion de Nari\u00f1o en Colombie. Elle a travaill\u00e9 en tant qu\u2019assistante technique aupr\u00e8s de producteurs de pomme de terre et a \u00e9t\u00e9 responsable de l\u2019accompagnement des associations communautaires de la municipalit\u00e9 de Potosi sur les th\u00e8mes juridiques et organisationnels.<\/p>\n<p style=\"text-align: justify\">B\u00e9n\u00e9vole dans l\u2019une des associations du r\u00e9seau de p\u00e9pini\u00e8res communautaires pour travailler sur la conservation et la restauration des for\u00eats alto-andines, elle a int\u00e9gr\u00e9 l\u2019\u00e9quipe d\u2019Impulso Verde d\u00e9but 2020 afin coordonner les activit\u00e9s quotidiennes avec les communaut\u00e9s.<\/p>\n<p style=\"text-align: justify\">Luisa travaille sur le projet de valorisation et de transformation des produits naturels et sur le suivi des plantations et la g\u00e9olocalisation.<\/p>\n<p>[\/vc_column_text][\/vc_column][vc_column width=\u00a0\u00bb1\/3&Prime;][vc_single_image image=\u00a0\u00bb1495&Prime; img_size=\u00a0\u00bbmedium\u00a0\u00bb alignment=\u00a0\u00bbcenter\u00a0\u00bb image_hovers=\u00a0\u00bbfalse\u00a0\u00bb][\/vc_column][\/vc_row]<\/p>\n<\/div>","protected":false},"excerpt":{"rendered":"<p>Luisa a grandi dans la municipalit\u00e9 de Potos\u00ed dans le d\u00e9partement de Nari\u00f1o, en Colombie. Elle a pass\u00e9 son enfance dans une zone rurale et a appris \u00e0 effectuer diff\u00e9rentes t\u00e2ches agricoles telles que la traite des vaches et la culture (&#8230;)<\/p>\n<p><a href=\"https:\/\/impulsoverde.org\/fr\/dt_team\/luisa-delgado-narvaez\/\"><strong>En savoir plus<\/strong><\/a><\/p>\n","protected":false},"featured_media":5903,"comment_status":"closed","ping_status":"closed","template":"","dt_team_category":[34],"class_list":["post-2091","dt_team","type-dt_team","status-publish","has-post-thumbnail","hentry","dt_team_category-equipe-fr","dt_team_category-34","description-off"],"yoast_head":"<!-- This site is optimized with the Yoast SEO plugin v27.5 - https:\/\/yoast.com\/product\/yoast-seo-wordpress\/ -->\n<title>Luisa Delgado Narv\u00e1ez - Impulso Verde<\/title>\n<meta name=\"description\" content=\"Luisa est originaire de la r\u00e9gion de Nari\u00f1o. Elle a travaill\u00e9 en tant qu\u2019assistante technique aupr\u00e8s de producteurs de pomme de terre et a \u00e9t\u00e9 responsable de l\u2019accompagnement des associations communautaires de la municipalit\u00e9 de Potosi sur les th\u00e8mes juridiques et organisationnels.\" \/>\n<meta name=\"robots\" content=\"index, follow, max-snippet:-1, max-image-preview:large, max-video-preview:-1\" \/>\n<link rel=\"canonical\" href=\"https:\/\/impulsoverde.org\/fr\/dt_team\/luisa-delgado-narvaez\/\" \/>\n<meta property=\"og:locale\" content=\"fr_FR\" \/>\n<meta property=\"og:type\" content=\"article\" \/>\n<meta property=\"og:title\" content=\"Luisa Delgado Narv\u00e1ez - Impulso Verde\" \/>\n<meta property=\"og:description\" content=\"Luisa est originaire de la r\u00e9gion de Nari\u00f1o. Elle a travaill\u00e9 en tant qu\u2019assistante technique aupr\u00e8s de producteurs de pomme de terre et a \u00e9t\u00e9 responsable de l\u2019accompagnement des associations communautaires de la municipalit\u00e9 de Potosi sur les th\u00e8mes juridiques et organisationnels.\" \/>\n<meta property=\"og:url\" content=\"https:\/\/impulsoverde.org\/fr\/dt_team\/luisa-delgado-narvaez\/\" \/>\n<meta property=\"og:site_name\" content=\"Impulso Verde\" \/>\n<meta property=\"article:publisher\" content=\"https:\/\/www.facebook.com\/fundacionimpulsoverde\/\" \/>\n<meta property=\"article:modified_time\" content=\"2023-07-10T19:56:15+00:00\" \/>\n<meta property=\"og:image\" content=\"https:\/\/impulsoverde.org\/wp-content\/uploads\/2023\/02\/portrait_luisa-300x300-1.png\" \/>\n\t<meta property=\"og:image:width\" content=\"300\" \/>\n\t<meta property=\"og:image:height\" content=\"300\" \/>\n\t<meta property=\"og:image:type\" content=\"image\/png\" \/>\n<meta name=\"twitter:card\" content=\"summary_large_image\" \/>\n<meta name=\"twitter:label1\" content=\"Dur\u00e9e de lecture estim\u00e9e\" \/>\n\t<meta name=\"twitter:data1\" content=\"1 minute\" \/>\n<script type=\"application\/ld+json\" class=\"yoast-schema-graph\">{\"@context\":\"https:\\\/\\\/schema.org\",\"@graph\":[{\"@type\":\"WebPage\",\"@id\":\"https:\\\/\\\/impulsoverde.org\\\/fr\\\/dt_team\\\/luisa-delgado-narvaez\\\/\",\"url\":\"https:\\\/\\\/impulsoverde.org\\\/fr\\\/dt_team\\\/luisa-delgado-narvaez\\\/\",\"name\":\"Luisa Delgado Narv\u00e1ez - Impulso Verde\",\"isPartOf\":{\"@id\":\"https:\\\/\\\/impulsoverde.org\\\/fr\\\/#website\"},\"primaryImageOfPage\":{\"@id\":\"https:\\\/\\\/impulsoverde.org\\\/fr\\\/dt_team\\\/luisa-delgado-narvaez\\\/#primaryimage\"},\"image\":{\"@id\":\"https:\\\/\\\/impulsoverde.org\\\/fr\\\/dt_team\\\/luisa-delgado-narvaez\\\/#primaryimage\"},\"thumbnailUrl\":\"https:\\\/\\\/impulsoverde.org\\\/wp-content\\\/uploads\\\/2000\\\/04\\\/6-scaled.png\",\"datePublished\":\"2020-07-28T10:15:48+00:00\",\"dateModified\":\"2023-07-10T19:56:15+00:00\",\"description\":\"Luisa est originaire de la r\u00e9gion de Nari\u00f1o. Elle a travaill\u00e9 en tant qu\u2019assistante technique aupr\u00e8s de producteurs de pomme de terre et a \u00e9t\u00e9 responsable de l\u2019accompagnement des associations communautaires de la municipalit\u00e9 de Potosi sur les th\u00e8mes juridiques et organisationnels.\",\"breadcrumb\":{\"@id\":\"https:\\\/\\\/impulsoverde.org\\\/fr\\\/dt_team\\\/luisa-delgado-narvaez\\\/#breadcrumb\"},\"inLanguage\":\"fr-FR\",\"potentialAction\":[{\"@type\":\"ReadAction\",\"target\":[\"https:\\\/\\\/impulsoverde.org\\\/fr\\\/dt_team\\\/luisa-delgado-narvaez\\\/\"]}]},{\"@type\":\"ImageObject\",\"inLanguage\":\"fr-FR\",\"@id\":\"https:\\\/\\\/impulsoverde.org\\\/fr\\\/dt_team\\\/luisa-delgado-narvaez\\\/#primaryimage\",\"url\":\"https:\\\/\\\/impulsoverde.org\\\/wp-content\\\/uploads\\\/2000\\\/04\\\/6-scaled.png\",\"contentUrl\":\"https:\\\/\\\/impulsoverde.org\\\/wp-content\\\/uploads\\\/2000\\\/04\\\/6-scaled.png\",\"width\":2560,\"height\":2473},{\"@type\":\"BreadcrumbList\",\"@id\":\"https:\\\/\\\/impulsoverde.org\\\/fr\\\/dt_team\\\/luisa-delgado-narvaez\\\/#breadcrumb\",\"itemListElement\":[{\"@type\":\"ListItem\",\"position\":1,\"name\":\"Inicio\",\"item\":\"https:\\\/\\\/impulsoverde.org\\\/fr\\\/\"},{\"@type\":\"ListItem\",\"position\":2,\"name\":\"\u00c9quipe\",\"item\":\"https:\\\/\\\/impulsoverde.org\\\/fr\\\/dt_team\\\/\"},{\"@type\":\"ListItem\",\"position\":3,\"name\":\"Luisa Delgado Narv\u00e1ez\"}]},{\"@type\":\"WebSite\",\"@id\":\"https:\\\/\\\/impulsoverde.org\\\/fr\\\/#website\",\"url\":\"https:\\\/\\\/impulsoverde.org\\\/fr\\\/\",\"name\":\"Impulso Verde\",\"description\":\"Impulso Verde\",\"publisher\":{\"@id\":\"https:\\\/\\\/impulsoverde.org\\\/fr\\\/#organization\"},\"potentialAction\":[{\"@type\":\"SearchAction\",\"target\":{\"@type\":\"EntryPoint\",\"urlTemplate\":\"https:\\\/\\\/impulsoverde.org\\\/fr\\\/?s={search_term_string}\"},\"query-input\":{\"@type\":\"PropertyValueSpecification\",\"valueRequired\":true,\"valueName\":\"search_term_string\"}}],\"inLanguage\":\"fr-FR\"},{\"@type\":\"Organization\",\"@id\":\"https:\\\/\\\/impulsoverde.org\\\/fr\\\/#organization\",\"name\":\"Impulso Verde\",\"url\":\"https:\\\/\\\/impulsoverde.org\\\/fr\\\/\",\"logo\":{\"@type\":\"ImageObject\",\"inLanguage\":\"fr-FR\",\"@id\":\"https:\\\/\\\/impulsoverde.org\\\/fr\\\/#\\\/schema\\\/logo\\\/image\\\/\",\"url\":\"https:\\\/\\\/impulsoverde.org\\\/wp-content\\\/uploads\\\/2023\\\/02\\\/logo_impulso_verde_r-2023.png\",\"contentUrl\":\"https:\\\/\\\/impulsoverde.org\\\/wp-content\\\/uploads\\\/2023\\\/02\\\/logo_impulso_verde_r-2023.png\",\"width\":300,\"height\":346,\"caption\":\"Impulso Verde\"},\"image\":{\"@id\":\"https:\\\/\\\/impulsoverde.org\\\/fr\\\/#\\\/schema\\\/logo\\\/image\\\/\"},\"sameAs\":[\"https:\\\/\\\/www.facebook.com\\\/fundacionimpulsoverde\\\/\",\"https:\\\/\\\/www.instagram.com\\\/fundacionimpulsoverde\\\/\",\"https:\\\/\\\/www.youtube.com\\\/channel\\\/UCwE9ZP8PS7IbxVncgZgjl1w\\\/featured\"]}]}<\/script>\n<!-- \/ Yoast SEO plugin. -->","yoast_head_json":{"title":"Luisa Delgado Narv\u00e1ez - Impulso Verde","description":"Luisa est originaire de la r\u00e9gion de Nari\u00f1o. Elle a travaill\u00e9 en tant qu\u2019assistante technique aupr\u00e8s de producteurs de pomme de terre et a \u00e9t\u00e9 responsable de l\u2019accompagnement des associations communautaires de la municipalit\u00e9 de Potosi sur les th\u00e8mes juridiques et organisationnels.","robots":{"index":"index","follow":"follow","max-snippet":"max-snippet:-1","max-image-preview":"max-image-preview:large","max-video-preview":"max-video-preview:-1"},"canonical":"https:\/\/impulsoverde.org\/fr\/dt_team\/luisa-delgado-narvaez\/","og_locale":"fr_FR","og_type":"article","og_title":"Luisa Delgado Narv\u00e1ez - Impulso Verde","og_description":"Luisa est originaire de la r\u00e9gion de Nari\u00f1o. Elle a travaill\u00e9 en tant qu\u2019assistante technique aupr\u00e8s de producteurs de pomme de terre et a \u00e9t\u00e9 responsable de l\u2019accompagnement des associations communautaires de la municipalit\u00e9 de Potosi sur les th\u00e8mes juridiques et organisationnels.","og_url":"https:\/\/impulsoverde.org\/fr\/dt_team\/luisa-delgado-narvaez\/","og_site_name":"Impulso Verde","article_publisher":"https:\/\/www.facebook.com\/fundacionimpulsoverde\/","article_modified_time":"2023-07-10T19:56:15+00:00","og_image":[{"width":300,"height":300,"url":"https:\/\/impulsoverde.org\/wp-content\/uploads\/2023\/02\/portrait_luisa-300x300-1.png","type":"image\/png"}],"twitter_card":"summary_large_image","twitter_misc":{"Dur\u00e9e de lecture estim\u00e9e":"1 minute"},"schema":{"@context":"https:\/\/schema.org","@graph":[{"@type":"WebPage","@id":"https:\/\/impulsoverde.org\/fr\/dt_team\/luisa-delgado-narvaez\/","url":"https:\/\/impulsoverde.org\/fr\/dt_team\/luisa-delgado-narvaez\/","name":"Luisa Delgado Narv\u00e1ez - Impulso Verde","isPartOf":{"@id":"https:\/\/impulsoverde.org\/fr\/#website"},"primaryImageOfPage":{"@id":"https:\/\/impulsoverde.org\/fr\/dt_team\/luisa-delgado-narvaez\/#primaryimage"},"image":{"@id":"https:\/\/impulsoverde.org\/fr\/dt_team\/luisa-delgado-narvaez\/#primaryimage"},"thumbnailUrl":"https:\/\/impulsoverde.org\/wp-content\/uploads\/2000\/04\/6-scaled.png","datePublished":"2020-07-28T10:15:48+00:00","dateModified":"2023-07-10T19:56:15+00:00","description":"Luisa est originaire de la r\u00e9gion de Nari\u00f1o. Elle a travaill\u00e9 en tant qu\u2019assistante technique aupr\u00e8s de producteurs de pomme de terre et a \u00e9t\u00e9 responsable de l\u2019accompagnement des associations communautaires de la municipalit\u00e9 de Potosi sur les th\u00e8mes juridiques et organisationnels.","breadcrumb":{"@id":"https:\/\/impulsoverde.org\/fr\/dt_team\/luisa-delgado-narvaez\/#breadcrumb"},"inLanguage":"fr-FR","potentialAction":[{"@type":"ReadAction","target":["https:\/\/impulsoverde.org\/fr\/dt_team\/luisa-delgado-narvaez\/"]}]},{"@type":"ImageObject","inLanguage":"fr-FR","@id":"https:\/\/impulsoverde.org\/fr\/dt_team\/luisa-delgado-narvaez\/#primaryimage","url":"https:\/\/impulsoverde.org\/wp-content\/uploads\/2000\/04\/6-scaled.png","contentUrl":"https:\/\/impulsoverde.org\/wp-content\/uploads\/2000\/04\/6-scaled.png","width":2560,"height":2473},{"@type":"BreadcrumbList","@id":"https:\/\/impulsoverde.org\/fr\/dt_team\/luisa-delgado-narvaez\/#breadcrumb","itemListElement":[{"@type":"ListItem","position":1,"name":"Inicio","item":"https:\/\/impulsoverde.org\/fr\/"},{"@type":"ListItem","position":2,"name":"\u00c9quipe","item":"https:\/\/impulsoverde.org\/fr\/dt_team\/"},{"@type":"ListItem","position":3,"name":"Luisa Delgado Narv\u00e1ez"}]},{"@type":"WebSite","@id":"https:\/\/impulsoverde.org\/fr\/#website","url":"https:\/\/impulsoverde.org\/fr\/","name":"Impulso Verde","description":"Impulso Verde","publisher":{"@id":"https:\/\/impulsoverde.org\/fr\/#organization"},"potentialAction":[{"@type":"SearchAction","target":{"@type":"EntryPoint","urlTemplate":"https:\/\/impulsoverde.org\/fr\/?s={search_term_string}"},"query-input":{"@type":"PropertyValueSpecification","valueRequired":true,"valueName":"search_term_string"}}],"inLanguage":"fr-FR"},{"@type":"Organization","@id":"https:\/\/impulsoverde.org\/fr\/#organization","name":"Impulso Verde","url":"https:\/\/impulsoverde.org\/fr\/","logo":{"@type":"ImageObject","inLanguage":"fr-FR","@id":"https:\/\/impulsoverde.org\/fr\/#\/schema\/logo\/image\/","url":"https:\/\/impulsoverde.org\/wp-content\/uploads\/2023\/02\/logo_impulso_verde_r-2023.png","contentUrl":"https:\/\/impulsoverde.org\/wp-content\/uploads\/2023\/02\/logo_impulso_verde_r-2023.png","width":300,"height":346,"caption":"Impulso Verde"},"image":{"@id":"https:\/\/impulsoverde.org\/fr\/#\/schema\/logo\/image\/"},"sameAs":["https:\/\/www.facebook.com\/fundacionimpulsoverde\/","https:\/\/www.instagram.com\/fundacionimpulsoverde\/","https:\/\/www.youtube.com\/channel\/UCwE9ZP8PS7IbxVncgZgjl1w\/featured"]}]}},"_links":{"self":[{"href":"https:\/\/impulsoverde.org\/fr\/wp-json\/wp\/v2\/dt_team\/2091","targetHints":{"allow":["GET"]}}],"collection":[{"href":"https:\/\/impulsoverde.org\/fr\/wp-json\/wp\/v2\/dt_team"}],"about":[{"href":"https:\/\/impulsoverde.org\/fr\/wp-json\/wp\/v2\/types\/dt_team"}],"replies":[{"embeddable":true,"href":"https:\/\/impulsoverde.org\/fr\/wp-json\/wp\/v2\/comments?post=2091"}],"wp:featuredmedia":[{"embeddable":true,"href":"https:\/\/impulsoverde.org\/fr\/wp-json\/wp\/v2\/media\/5903"}],"wp:attachment":[{"href":"https:\/\/impulsoverde.org\/fr\/wp-json\/wp\/v2\/media?parent=2091"}],"wp:term":[{"taxonomy":"dt_team_category","embeddable":true,"href":"https:\/\/impulsoverde.org\/fr\/wp-json\/wp\/v2\/dt_team_category?post=2091"}],"curies":[{"name":"wp","href":"https:\/\/api.w.org\/{rel}","templated":true}]}}