{"id":2022,"date":"2023-02-10T14:17:03","date_gmt":"2023-02-10T19:17:03","guid":{"rendered":"https:\/\/impulsoverde.org\/sensibilisation\/conservation-des-abeilles-sans-dard\/"},"modified":"2023-04-24T16:14:33","modified_gmt":"2023-04-24T21:14:33","slug":"conservation-des-abeilles-sans-dard","status":"publish","type":"page","link":"https:\/\/impulsoverde.org\/fr\/sensibilisation-a-lenvironnement\/conservation-des-abeilles-sans-dard\/","title":{"rendered":"Conservation des abeilles sans dard"},"content":{"rendered":"<div class=\"wpb-content-wrapper\"><p>[vc_row bg_type=\u00a0\u00bbbg_color\u00a0\u00bb bg_override=\u00a0\u00bbex-full\u00a0\u00bb bg_color_value=\u00a0\u00bb#056e04&Prime; el_class=\u00a0\u00bblien-piste\u00a0\u00bb][vc_column]<style type=\"text\/css\" data-type=\"the7_shortcodes-inline-css\">.dt-breadcrumbs-id-6ca108f121cf2a3b184ecf737aea0f06 .breadcrumbs {\n  display: inline-block;\n  margin: 0;\n  padding: 2px 10px 2px 10px;\n  background: #056e04;\n  border: 0px solid ;\n  border-radius: 0px;\n}\n.dt-breadcrumbs-id-6ca108f121cf2a3b184ecf737aea0f06 .breadcrumbs * {\n  color: #ffffff;\n}\n<\/style><div class=\"dt-breadcrumbs-shortcode dt-breadcrumbs-id-6ca108f121cf2a3b184ecf737aea0f06 align-centre\"><div class=\"assistive-text\">Vous \u00eates ici :<\/div><ol class=\"breadcrumbs text-small\" itemscope itemtype=\"https:\/\/schema.org\/BreadcrumbList\"><li itemprop=\"itemListElement\" itemscope itemtype=\"https:\/\/schema.org\/ListItem\"><a itemprop=\"item\" href=\"https:\/\/impulsoverde.org\/fr\/\" title=\"Accueil\"><span itemprop=\"name\">Accueil<\/span><\/a><meta itemprop=\"position\" content=\"1\" \/><\/li><li class=\"current\" itemprop=\"itemListElement\" itemscope itemtype=\"https:\/\/schema.org\/ListItem\"><span itemprop=\"name\">Page<\/span><meta itemprop=\"position\" content=\"2\" \/><\/li><\/ol><\/div>[\/vc_column][\/vc_row][vc_row content_placement=\u00a0\u00bbtop\u00a0\u00bb el_class=\u00a0\u00bbtop-omble\u00a0\u00bb][vc_column][vc_single_image image=\u00a0\u00bb1133&Prime; img_size=\u00a0\u00bblarge\u00a0\u00bb alignment=\u00a0\u00bbcenter\u00a0\u00bb image_hovers=\u00a0\u00bbfalse\u00a0\u00bb][\/vc_column][\/vc_row][vc_row gap=\u00a0\u00bb35&Prime;][vc_column]<div id=\"ultimate-heading-438469f3f27e5cd0c\" class=\"uvc-heading ult-adjust-bottom-margin ultimate-heading-438469f3f27e5cd0c uvc-5120  uvc-heading-default-font-sizes\" data-hspacer=\"no_spacer\"  data-halign=\"center\" style=\"text-align:center\"><div class=\"uvc-heading-spacer no_spacer\" style=\"top\"><\/div><div class=\"uvc-sub-heading ult-responsive\"  data-ultimate-target='.uvc-heading.ultimate-heading-438469f3f27e5cd0c .uvc-sub-heading '  data-responsive-json-new='{\"font-size\":\"\",\"line-height\":\"\"}'  style=\"font-weight:normal;\"><\/p>\n<h2 style=\"text-align: center\"><span style=\"color: #008000\"><span class=\"TextRun SCXW38180498 BCX0\" lang=\"ES-CO\" xml:lang=\"ES-CO\" data-contrast=\"auto\"><span class=\"NormalTextRun SCXW38180498 BCX0\">Conservation des pollinisateurs et des abeilles sans dard<\/span><\/span><\/span><\/h2>\n<p><\/div><\/div>[\/vc_column][\/vc_row][vc_row gap=\u00a0\u00bb35&Prime;][vc_column width=\u00a0\u00bb1\/2&Prime;][vc_row_inner][vc_column_inner][vc_column_text css=\u00a0\u00bb.vc_custom_1682368230680{margin-bottom: 30px !important;}\u00a0\u00bb]<\/p>\n<p style=\"text-align: justify\">Chez Impulso Verde, nous contribuons \u00e0 sensibiliser le public \u00e0 la <strong>protection des pollinisateurs<\/strong> et \u00e0 l&rsquo;importance des<strong> plantes mellif\u00e8res<\/strong>.<\/p>\n<p style=\"text-align: justify\"><strong>L&rsquo;\u00e9levage des abeilles sans dard<\/strong>, \u00e9galement connue sous le nom de <strong>m\u00e9liponiculture<\/strong>, est une pratique connue depuis de nombreux si\u00e8cles par les Am\u00e9rindiens. Elle est <strong>durable<\/strong> et <strong>respectueuse de l&rsquo;environnement<\/strong>.<\/p>\n<p style=\"text-align: justify\">Les abeilles sans dard sont d&rsquo;importants <strong>pollinisateurs<\/strong> des <strong>plantes endog\u00e8nes<\/strong> et sont \u00e9lev\u00e9es pour la <strong>production de miel<\/strong>. Le miel est utilis\u00e9 dans la pharmacop\u00e9e des communaut\u00e9s indig\u00e8nes et paysannes, pour ses <strong>vertus th\u00e9rapeutiques<\/strong> reconnues pour soigner certaines maladies dermatologiques et ophtalmologiques.<\/p>\n<p style=\"text-align: justify\">Les plantes mellif\u00e8res sont essentielles au <strong>maintien de la biodiversit\u00e9<\/strong> et sont visit\u00e9es par les pollinisateurs, ce qui est vital pour la production de fruits, de l\u00e9gumes, de graines et de fleurs. Ces plantes contribuent aux \u00e9cosyst\u00e8mes en tant que plantes <strong>pionni\u00e8res<\/strong> et <strong>r\u00e9paratrices<\/strong>, renfor\u00e7ant la couche organique du sol.<\/p>\n<p style=\"text-align: justify\">La pr\u00e9servation et l&rsquo;\u00e9levage des abeilles sans dard sont d&rsquo;une importance vitale pour l&rsquo;\u00e9cosyst\u00e8me. Cependant, la m\u00e9connaissance des abeilles, l&rsquo;utilisation de pesticides, la d\u00e9forestation ou les monocultures provoquent la <strong>disparition progressive des pollinisateurs<\/strong> en g\u00e9n\u00e9ral et des abeilles en particulier.<\/p>\n<p>[\/vc_column_text][vc_column_text]<\/p>\n<p style=\"text-align: justify\">Pour contribuer \u00e0 la conservation des pollinisateurs, Impulse Verde r\u00e9alise :<\/p>\n<p>[\/vc_column_text]<div class=\"standard-arrow\"><ul>\n<li style=\"text-align: justify\"><strong>des formations <\/strong>aux techniques d\u2019\u00e9levage<\/li>\n<li style=\"text-align: justify\"><strong>la livraison de mat\u00e9riel<\/strong> et d\u2019intrants<\/li>\n<li style=\"text-align: justify\"><strong>des visites <\/strong>bimensuelles<\/li>\n<li style=\"text-align: justify\"><strong>des \u00e9changes de semences<\/strong> et de plants d\u2019esp\u00e8ces v\u00e9g\u00e9tales pour fournir une <strong>source de nourriture<\/strong> aux abeilles en fonction du calendrier floral<\/li>\n<\/ul>\n<\/div>[\/vc_column_inner][\/vc_row_inner][\/vc_column][vc_column width=\u00a0\u00bb1\/2&Prime;][vc_single_image image=\u00a0\u00bb3562&Prime; img_size=\u00a0\u00bblarge\u00a0\u00bb alignment=\u00a0\u00bbcenter\u00a0\u00bb][\/vc_column][\/vc_row]<\/p>\n<\/div>","protected":false},"excerpt":{"rendered":"<p>[vc_row bg_type=\u00a0\u00bbbg_color\u00a0\u00bb bg_override=\u00a0\u00bbex-full\u00a0\u00bb bg_color_value=\u00a0\u00bb#056e04&Prime; el_class=\u00a0\u00bblien-piste\u00a0\u00bb][vc_column][\/vc_column][\/vc_row][vc_row content_placement=\u00a0\u00bbtop\u00a0\u00bb el_class=\u00a0\u00bbtop-omble\u00a0\u00bb][vc_column][vc_single_image image=\u00a0\u00bb1133&Prime; img_size=\u00a0\u00bblarge\u00a0\u00bb alignment=\u00a0\u00bbcenter\u00a0\u00bb image_hovers=\u00a0\u00bbfalse\u00a0\u00bb][\/vc_column][\/vc_row][vc_row gap=\u00a0\u00bb35&Prime;][vc_column][\/vc_column][\/vc_row][vc_row gap=\u00a0\u00bb35&Prime;][vc_column width=\u00a0\u00bb1\/2&Prime;][vc_row_inner][vc_column_inner][vc_column_text css=\u00a0\u00bb.vc_custom_1682368230680{margin-bottom: 30px !important;}\u00a0\u00bb] Chez Impulso Verde, nous contribuons \u00e0 sensibiliser le public \u00e0 la protection des pollinisateurs et \u00e0 l&rsquo;importance des plantes mellif\u00e8res. L&rsquo;\u00e9levage des abeilles sans dard, \u00e9galement connue sous le nom de m\u00e9liponiculture, est une pratique connue depuis de&hellip;<\/p>\n","protected":false},"author":1,"featured_media":1415,"parent":2018,"menu_order":0,"comment_status":"closed","ping_status":"closed","template":"","meta":{"footnotes":""},"class_list":["post-2022","page","type-page","status-publish","has-post-thumbnail","hentry","description-off"],"yoast_head":"<!-- This site is optimized with the Yoast SEO plugin v27.5 - https:\/\/yoast.com\/product\/yoast-seo-wordpress\/ -->\n<title>Conservation des abeilles sans dard - Impulso Verde<\/title>\n<meta name=\"description\" content=\"La m\u00e9liponiculture, ou plus connue sous le nom d&#039;abeille sans dard, est une pratique connue depuis plusieurs si\u00e8cles par les Am\u00e9rindiens.\" \/>\n<meta name=\"robots\" content=\"index, follow, max-snippet:-1, max-image-preview:large, max-video-preview:-1\" \/>\n<link rel=\"canonical\" href=\"https:\/\/impulsoverde.org\/fr\/sensibilisation-a-lenvironnement\/conservation-des-abeilles-sans-dard\/\" \/>\n<meta property=\"og:locale\" content=\"fr_FR\" \/>\n<meta property=\"og:type\" content=\"article\" \/>\n<meta property=\"og:title\" content=\"Conservation des abeilles sans dard - Impulso Verde\" \/>\n<meta property=\"og:description\" content=\"La m\u00e9liponiculture, ou plus connue sous le nom d&#039;abeille sans dard, est une pratique connue depuis plusieurs si\u00e8cles par les Am\u00e9rindiens.\" \/>\n<meta property=\"og:url\" content=\"https:\/\/impulsoverde.org\/fr\/sensibilisation-a-lenvironnement\/conservation-des-abeilles-sans-dard\/\" \/>\n<meta property=\"og:site_name\" content=\"Impulso Verde\" \/>\n<meta property=\"article:publisher\" content=\"https:\/\/www.facebook.com\/fundacionimpulsoverde\/\" \/>\n<meta property=\"article:modified_time\" content=\"2023-04-24T21:14:33+00:00\" \/>\n<meta property=\"og:image\" content=\"https:\/\/impulsoverde.org\/wp-content\/uploads\/2023\/02\/Parque-Nacional-Natural-Farallones-Cali-scaled-1.jpg\" \/>\n\t<meta property=\"og:image:width\" content=\"1920\" \/>\n\t<meta property=\"og:image:height\" content=\"800\" \/>\n\t<meta property=\"og:image:type\" content=\"image\/jpeg\" \/>\n<meta name=\"twitter:card\" content=\"summary_large_image\" \/>\n<meta name=\"twitter:label1\" content=\"Dur\u00e9e de lecture estim\u00e9e\" \/>\n\t<meta name=\"twitter:data1\" content=\"2 minutes\" \/>\n<script type=\"application\/ld+json\" class=\"yoast-schema-graph\">{\"@context\":\"https:\\\/\\\/schema.org\",\"@graph\":[{\"@type\":\"WebPage\",\"@id\":\"https:\\\/\\\/impulsoverde.org\\\/fr\\\/sensibilisation-a-lenvironnement\\\/conservation-des-abeilles-sans-dard\\\/\",\"url\":\"https:\\\/\\\/impulsoverde.org\\\/fr\\\/sensibilisation-a-lenvironnement\\\/conservation-des-abeilles-sans-dard\\\/\",\"name\":\"Conservation des abeilles sans dard - Impulso Verde\",\"isPartOf\":{\"@id\":\"https:\\\/\\\/impulsoverde.org\\\/fr\\\/#website\"},\"primaryImageOfPage\":{\"@id\":\"https:\\\/\\\/impulsoverde.org\\\/fr\\\/sensibilisation-a-lenvironnement\\\/conservation-des-abeilles-sans-dard\\\/#primaryimage\"},\"image\":{\"@id\":\"https:\\\/\\\/impulsoverde.org\\\/fr\\\/sensibilisation-a-lenvironnement\\\/conservation-des-abeilles-sans-dard\\\/#primaryimage\"},\"thumbnailUrl\":\"https:\\\/\\\/impulsoverde.org\\\/wp-content\\\/uploads\\\/2023\\\/02\\\/Parque-Nacional-Natural-Farallones-Cali-scaled-1.jpg\",\"datePublished\":\"2023-02-10T19:17:03+00:00\",\"dateModified\":\"2023-04-24T21:14:33+00:00\",\"description\":\"La m\u00e9liponiculture, ou plus connue sous le nom d'abeille sans dard, est une pratique connue depuis plusieurs si\u00e8cles par les Am\u00e9rindiens.\",\"breadcrumb\":{\"@id\":\"https:\\\/\\\/impulsoverde.org\\\/fr\\\/sensibilisation-a-lenvironnement\\\/conservation-des-abeilles-sans-dard\\\/#breadcrumb\"},\"inLanguage\":\"fr-FR\",\"potentialAction\":[{\"@type\":\"ReadAction\",\"target\":[\"https:\\\/\\\/impulsoverde.org\\\/fr\\\/sensibilisation-a-lenvironnement\\\/conservation-des-abeilles-sans-dard\\\/\"]}]},{\"@type\":\"ImageObject\",\"inLanguage\":\"fr-FR\",\"@id\":\"https:\\\/\\\/impulsoverde.org\\\/fr\\\/sensibilisation-a-lenvironnement\\\/conservation-des-abeilles-sans-dard\\\/#primaryimage\",\"url\":\"https:\\\/\\\/impulsoverde.org\\\/wp-content\\\/uploads\\\/2023\\\/02\\\/Parque-Nacional-Natural-Farallones-Cali-scaled-1.jpg\",\"contentUrl\":\"https:\\\/\\\/impulsoverde.org\\\/wp-content\\\/uploads\\\/2023\\\/02\\\/Parque-Nacional-Natural-Farallones-Cali-scaled-1.jpg\",\"width\":1920,\"height\":800},{\"@type\":\"BreadcrumbList\",\"@id\":\"https:\\\/\\\/impulsoverde.org\\\/fr\\\/sensibilisation-a-lenvironnement\\\/conservation-des-abeilles-sans-dard\\\/#breadcrumb\",\"itemListElement\":[{\"@type\":\"ListItem\",\"position\":1,\"name\":\"Inicio\",\"item\":\"https:\\\/\\\/impulsoverde.org\\\/fr\\\/\"},{\"@type\":\"ListItem\",\"position\":2,\"name\":\"Sensibilisation \u00e0 l\u2019environnement\",\"item\":\"https:\\\/\\\/impulsoverde.org\\\/fr\\\/sensibilisation-a-lenvironnement\\\/\"},{\"@type\":\"ListItem\",\"position\":3,\"name\":\"Conservation des abeilles sans dard\"}]},{\"@type\":\"WebSite\",\"@id\":\"https:\\\/\\\/impulsoverde.org\\\/fr\\\/#website\",\"url\":\"https:\\\/\\\/impulsoverde.org\\\/fr\\\/\",\"name\":\"Impulso Verde\",\"description\":\"Impulso Verde\",\"publisher\":{\"@id\":\"https:\\\/\\\/impulsoverde.org\\\/fr\\\/#organization\"},\"potentialAction\":[{\"@type\":\"SearchAction\",\"target\":{\"@type\":\"EntryPoint\",\"urlTemplate\":\"https:\\\/\\\/impulsoverde.org\\\/fr\\\/?s={search_term_string}\"},\"query-input\":{\"@type\":\"PropertyValueSpecification\",\"valueRequired\":true,\"valueName\":\"search_term_string\"}}],\"inLanguage\":\"fr-FR\"},{\"@type\":\"Organization\",\"@id\":\"https:\\\/\\\/impulsoverde.org\\\/fr\\\/#organization\",\"name\":\"Impulso Verde\",\"url\":\"https:\\\/\\\/impulsoverde.org\\\/fr\\\/\",\"logo\":{\"@type\":\"ImageObject\",\"inLanguage\":\"fr-FR\",\"@id\":\"https:\\\/\\\/impulsoverde.org\\\/fr\\\/#\\\/schema\\\/logo\\\/image\\\/\",\"url\":\"https:\\\/\\\/impulsoverde.org\\\/wp-content\\\/uploads\\\/2023\\\/02\\\/logo_impulso_verde_r-2023.png\",\"contentUrl\":\"https:\\\/\\\/impulsoverde.org\\\/wp-content\\\/uploads\\\/2023\\\/02\\\/logo_impulso_verde_r-2023.png\",\"width\":300,\"height\":346,\"caption\":\"Impulso Verde\"},\"image\":{\"@id\":\"https:\\\/\\\/impulsoverde.org\\\/fr\\\/#\\\/schema\\\/logo\\\/image\\\/\"},\"sameAs\":[\"https:\\\/\\\/www.facebook.com\\\/fundacionimpulsoverde\\\/\",\"https:\\\/\\\/www.instagram.com\\\/fundacionimpulsoverde\\\/\",\"https:\\\/\\\/www.youtube.com\\\/channel\\\/UCwE9ZP8PS7IbxVncgZgjl1w\\\/featured\"]}]}<\/script>\n<!-- \/ Yoast SEO plugin. -->","yoast_head_json":{"title":"Conservation des abeilles sans dard - Impulso Verde","description":"La m\u00e9liponiculture, ou plus connue sous le nom d'abeille sans dard, est une pratique connue depuis plusieurs si\u00e8cles par les Am\u00e9rindiens.","robots":{"index":"index","follow":"follow","max-snippet":"max-snippet:-1","max-image-preview":"max-image-preview:large","max-video-preview":"max-video-preview:-1"},"canonical":"https:\/\/impulsoverde.org\/fr\/sensibilisation-a-lenvironnement\/conservation-des-abeilles-sans-dard\/","og_locale":"fr_FR","og_type":"article","og_title":"Conservation des abeilles sans dard - Impulso Verde","og_description":"La m\u00e9liponiculture, ou plus connue sous le nom d'abeille sans dard, est une pratique connue depuis plusieurs si\u00e8cles par les Am\u00e9rindiens.","og_url":"https:\/\/impulsoverde.org\/fr\/sensibilisation-a-lenvironnement\/conservation-des-abeilles-sans-dard\/","og_site_name":"Impulso Verde","article_publisher":"https:\/\/www.facebook.com\/fundacionimpulsoverde\/","article_modified_time":"2023-04-24T21:14:33+00:00","og_image":[{"width":1920,"height":800,"url":"https:\/\/impulsoverde.org\/wp-content\/uploads\/2023\/02\/Parque-Nacional-Natural-Farallones-Cali-scaled-1.jpg","type":"image\/jpeg"}],"twitter_card":"summary_large_image","twitter_misc":{"Dur\u00e9e de lecture estim\u00e9e":"2 minutes"},"schema":{"@context":"https:\/\/schema.org","@graph":[{"@type":"WebPage","@id":"https:\/\/impulsoverde.org\/fr\/sensibilisation-a-lenvironnement\/conservation-des-abeilles-sans-dard\/","url":"https:\/\/impulsoverde.org\/fr\/sensibilisation-a-lenvironnement\/conservation-des-abeilles-sans-dard\/","name":"Conservation des abeilles sans dard - Impulso Verde","isPartOf":{"@id":"https:\/\/impulsoverde.org\/fr\/#website"},"primaryImageOfPage":{"@id":"https:\/\/impulsoverde.org\/fr\/sensibilisation-a-lenvironnement\/conservation-des-abeilles-sans-dard\/#primaryimage"},"image":{"@id":"https:\/\/impulsoverde.org\/fr\/sensibilisation-a-lenvironnement\/conservation-des-abeilles-sans-dard\/#primaryimage"},"thumbnailUrl":"https:\/\/impulsoverde.org\/wp-content\/uploads\/2023\/02\/Parque-Nacional-Natural-Farallones-Cali-scaled-1.jpg","datePublished":"2023-02-10T19:17:03+00:00","dateModified":"2023-04-24T21:14:33+00:00","description":"La m\u00e9liponiculture, ou plus connue sous le nom d'abeille sans dard, est une pratique connue depuis plusieurs si\u00e8cles par les Am\u00e9rindiens.","breadcrumb":{"@id":"https:\/\/impulsoverde.org\/fr\/sensibilisation-a-lenvironnement\/conservation-des-abeilles-sans-dard\/#breadcrumb"},"inLanguage":"fr-FR","potentialAction":[{"@type":"ReadAction","target":["https:\/\/impulsoverde.org\/fr\/sensibilisation-a-lenvironnement\/conservation-des-abeilles-sans-dard\/"]}]},{"@type":"ImageObject","inLanguage":"fr-FR","@id":"https:\/\/impulsoverde.org\/fr\/sensibilisation-a-lenvironnement\/conservation-des-abeilles-sans-dard\/#primaryimage","url":"https:\/\/impulsoverde.org\/wp-content\/uploads\/2023\/02\/Parque-Nacional-Natural-Farallones-Cali-scaled-1.jpg","contentUrl":"https:\/\/impulsoverde.org\/wp-content\/uploads\/2023\/02\/Parque-Nacional-Natural-Farallones-Cali-scaled-1.jpg","width":1920,"height":800},{"@type":"BreadcrumbList","@id":"https:\/\/impulsoverde.org\/fr\/sensibilisation-a-lenvironnement\/conservation-des-abeilles-sans-dard\/#breadcrumb","itemListElement":[{"@type":"ListItem","position":1,"name":"Inicio","item":"https:\/\/impulsoverde.org\/fr\/"},{"@type":"ListItem","position":2,"name":"Sensibilisation \u00e0 l\u2019environnement","item":"https:\/\/impulsoverde.org\/fr\/sensibilisation-a-lenvironnement\/"},{"@type":"ListItem","position":3,"name":"Conservation des abeilles sans dard"}]},{"@type":"WebSite","@id":"https:\/\/impulsoverde.org\/fr\/#website","url":"https:\/\/impulsoverde.org\/fr\/","name":"Impulso Verde","description":"Impulso Verde","publisher":{"@id":"https:\/\/impulsoverde.org\/fr\/#organization"},"potentialAction":[{"@type":"SearchAction","target":{"@type":"EntryPoint","urlTemplate":"https:\/\/impulsoverde.org\/fr\/?s={search_term_string}"},"query-input":{"@type":"PropertyValueSpecification","valueRequired":true,"valueName":"search_term_string"}}],"inLanguage":"fr-FR"},{"@type":"Organization","@id":"https:\/\/impulsoverde.org\/fr\/#organization","name":"Impulso Verde","url":"https:\/\/impulsoverde.org\/fr\/","logo":{"@type":"ImageObject","inLanguage":"fr-FR","@id":"https:\/\/impulsoverde.org\/fr\/#\/schema\/logo\/image\/","url":"https:\/\/impulsoverde.org\/wp-content\/uploads\/2023\/02\/logo_impulso_verde_r-2023.png","contentUrl":"https:\/\/impulsoverde.org\/wp-content\/uploads\/2023\/02\/logo_impulso_verde_r-2023.png","width":300,"height":346,"caption":"Impulso Verde"},"image":{"@id":"https:\/\/impulsoverde.org\/fr\/#\/schema\/logo\/image\/"},"sameAs":["https:\/\/www.facebook.com\/fundacionimpulsoverde\/","https:\/\/www.instagram.com\/fundacionimpulsoverde\/","https:\/\/www.youtube.com\/channel\/UCwE9ZP8PS7IbxVncgZgjl1w\/featured"]}]}},"_links":{"self":[{"href":"https:\/\/impulsoverde.org\/fr\/wp-json\/wp\/v2\/pages\/2022","targetHints":{"allow":["GET"]}}],"collection":[{"href":"https:\/\/impulsoverde.org\/fr\/wp-json\/wp\/v2\/pages"}],"about":[{"href":"https:\/\/impulsoverde.org\/fr\/wp-json\/wp\/v2\/types\/page"}],"author":[{"embeddable":true,"href":"https:\/\/impulsoverde.org\/fr\/wp-json\/wp\/v2\/users\/1"}],"replies":[{"embeddable":true,"href":"https:\/\/impulsoverde.org\/fr\/wp-json\/wp\/v2\/comments?post=2022"}],"version-history":[{"count":16,"href":"https:\/\/impulsoverde.org\/fr\/wp-json\/wp\/v2\/pages\/2022\/revisions"}],"predecessor-version":[{"id":3565,"href":"https:\/\/impulsoverde.org\/fr\/wp-json\/wp\/v2\/pages\/2022\/revisions\/3565"}],"up":[{"embeddable":true,"href":"https:\/\/impulsoverde.org\/fr\/wp-json\/wp\/v2\/pages\/2018"}],"wp:featuredmedia":[{"embeddable":true,"href":"https:\/\/impulsoverde.org\/fr\/wp-json\/wp\/v2\/media\/1415"}],"wp:attachment":[{"href":"https:\/\/impulsoverde.org\/fr\/wp-json\/wp\/v2\/media?parent=2022"}],"curies":[{"name":"wp","href":"https:\/\/api.w.org\/{rel}","templated":true}]}}